{"id":519,"date":"2022-01-27T14:01:48","date_gmt":"2022-01-27T13:01:48","guid":{"rendered":"https:\/\/www.samt.fr\/?page_id=519"},"modified":"2022-01-27T18:57:07","modified_gmt":"2022-01-27T17:57:07","slug":"actualites","status":"publish","type":"page","link":"https:\/\/www.samt.fr\/en\/actualites\/","title":{"rendered":"News"},"content":{"rendered":"<div class=\"vc_row wpb_row vc_row-fluid\"><div class=\"wpb_column vc_column_container vc_col-sm-12\"><div class=\"vc_column-inner\"><div class=\"wpb_wrapper\"><h1 style=\"text-align: left\" class=\"vc_custom_heading\" >News<\/h1>\n<div class=\"vc_grid-container-wrapper vc_clearfix vc_grid-animation-fadeIn\">\n\t<div class=\"vc_grid-container vc_clearfix wpb_content_element vc_basic_grid\" data-initial-loading-animation=\"fadeIn\" data-vc-grid-settings=\"{&quot;page_id&quot;:519,&quot;style&quot;:&quot;all&quot;,&quot;action&quot;:&quot;vc_get_vc_grid_data&quot;,&quot;shortcode_id&quot;:&quot;1643306220909-77664cb16d833980abb9d1f0a280dac9-8&quot;,&quot;tag&quot;:&quot;vc_basic_grid&quot;}\" data-vc-request=\"https:\/\/www.samt.fr\/wp-admin\/admin-ajax.php\" data-vc-post-id=\"519\" data-vc-public-nonce=\"2925f1fd8a\">\n\t\t<style data-type=\"vc_shortcodes-custom-css\">.vc_custom_1643288572048{background-color: #ffffff !important;}<\/style><div class=\"vc_grid vc_row vc_grid-gutter-30px vc_pageable-wrapper vc_hook_hover\" data-vc-pageable-content=\"true\"><div class=\"vc_pageable-slide-wrapper vc_clearfix\" data-vc-grid-content=\"true\"><div class=\"vc_grid-item vc_clearfix vc_col-sm-3 vc_grid-item-zone-c-bottom\"><div class=\"vc_grid-item-mini vc_clearfix\"><div class=\"vc_gitem-animated-block\" ><div class=\"vc_gitem-zone vc_gitem-zone-a vc_custom_1643288572048 vc-gitem-zone-height-mode-auto vc-gitem-zone-height-mode-auto-1-1 vc_gitem-is-link\" style=\"background-image: url('https:\/\/www.samt.fr\/wp-content\/uploads\/2026\/03\/samt_delta_junction_hs2_mars_2026_une.jpg') !important;\"><a href=\"https:\/\/www.samt.fr\/en\/chantier-delta-junction-hs2-birmingham-royaume-uni\/\" title=\"Project: Delta Junction \u2013 HS2 Birmingham, United Kingdom\" class=\"vc_gitem-link vc-zone-link\"><\/a><img decoding=\"async\" src=\"https:\/\/www.samt.fr\/wp-content\/uploads\/2026\/03\/samt_delta_junction_hs2_mars_2026_une.jpg\" class=\"vc_gitem-zone-img\" alt=\"\"><div class=\"vc_gitem-zone-mini\"><\/div><\/div><\/div><div class=\"vc_gitem-zone vc_gitem-zone-c\"><div class=\"vc_gitem-zone-mini\"><div class=\"vc_gitem_row vc_row vc_gitem-row-position-top\"><div class=\"vc_col-sm-12 vc_gitem-col vc_gitem-col-align-\"><div class=\"vc_empty_space\"   style=\"height: 10px\"><span class=\"vc_empty_space_inner\"><\/span><\/div><div class=\"vc_custom_heading vc_gitem-post-data vc_gitem-post-data-source-post_title\" ><h4 style=\"text-align: left\" >Project: Delta Junction \u2013 HS2 Birmingham, United Kingdom<\/h4><\/div><div class=\"vc_custom_heading vc_gitem-post-data vc_gitem-post-data-source-post_date\" ><div style=\"font-size: 10px;color: #757575;line-height: 20px;text-align: left\" >6 March 2026<\/div><\/div><div class=\"vc_custom_heading vc_gitem-post-data vc_gitem-post-data-source-post_excerpt\" ><p style=\"text-align: left\" >The last of the 2,744 segments for the Delta Junction viaducts has just been assembled [...]<\/p><\/div><div class=\"vc_btn3-container vc_btn3-left\"><a class=\"vc_general vc_btn3 vc_btn3-size-md vc_btn3-shape-square vc_btn3-style-flat vc_btn3-color-default\" a href=\"https:\/\/www.samt.fr\/en\/chantier-delta-junction-hs2-birmingham-royaume-uni\/\" title=\"Read more\">Read more<\/a><\/div><\/div><\/div><\/div><\/div><\/div><div class=\"vc_clearfix\"><\/div><\/div><div class=\"vc_grid-item vc_clearfix vc_col-sm-3 vc_grid-item-zone-c-bottom\"><div class=\"vc_grid-item-mini vc_clearfix\"><div class=\"vc_gitem-animated-block\" ><div class=\"vc_gitem-zone vc_gitem-zone-a vc_custom_1643288572048 vc-gitem-zone-height-mode-auto vc-gitem-zone-height-mode-auto-1-1 vc_gitem-is-link\" style=\"background-image: url('https:\/\/www.samt.fr\/wp-content\/uploads\/2026\/01\/samt_smr_lisea_marcheprime_janvier_2026_une.jpg') !important;\"><a href=\"https:\/\/www.samt.fr\/en\/chantier-smr-lisea-a-33-marcheprime-france\/\" title=\"Construction site: SMR Lis\u00e9a in 33 Marcheprime, France\" class=\"vc_gitem-link vc-zone-link\"><\/a><img decoding=\"async\" src=\"https:\/\/www.samt.fr\/wp-content\/uploads\/2026\/01\/samt_smr_lisea_marcheprime_janvier_2026_une.jpg\" class=\"vc_gitem-zone-img\" alt=\"\"><div class=\"vc_gitem-zone-mini\"><\/div><\/div><\/div><div class=\"vc_gitem-zone vc_gitem-zone-c\"><div class=\"vc_gitem-zone-mini\"><div class=\"vc_gitem_row vc_row vc_gitem-row-position-top\"><div class=\"vc_col-sm-12 vc_gitem-col vc_gitem-col-align-\"><div class=\"vc_empty_space\"   style=\"height: 10px\"><span class=\"vc_empty_space_inner\"><\/span><\/div><div class=\"vc_custom_heading vc_gitem-post-data vc_gitem-post-data-source-post_title\" ><h4 style=\"text-align: left\" >Construction site: SMR Lis\u00e9a in 33 Marcheprime, France<\/h4><\/div><div class=\"vc_custom_heading vc_gitem-post-data vc_gitem-post-data-source-post_date\" ><div style=\"font-size: 10px;color: #757575;line-height: 20px;text-align: left\" >27 January 2026<\/div><\/div><div class=\"vc_custom_heading vc_gitem-post-data vc_gitem-post-data-source-post_excerpt\" ><p style=\"text-align: left\" >A major railway maintenance hub is taking shape in Marcheprime to support the high-speed trains operating [...]<\/p><\/div><div class=\"vc_btn3-container vc_btn3-left\"><a class=\"vc_general vc_btn3 vc_btn3-size-md vc_btn3-shape-square vc_btn3-style-flat vc_btn3-color-default\" a href=\"https:\/\/www.samt.fr\/en\/chantier-smr-lisea-a-33-marcheprime-france\/\" title=\"Read more\">Read more<\/a><\/div><\/div><\/div><\/div><\/div><\/div><div class=\"vc_clearfix\"><\/div><\/div><div class=\"vc_grid-item vc_clearfix vc_col-sm-3 vc_grid-item-zone-c-bottom\"><div class=\"vc_grid-item-mini vc_clearfix\"><div class=\"vc_gitem-animated-block\" ><div class=\"vc_gitem-zone vc_gitem-zone-a vc_custom_1643288572048 vc-gitem-zone-height-mode-auto vc-gitem-zone-height-mode-auto-1-1 vc_gitem-is-link\" style=\"background-image: url('https:\/\/www.samt.fr\/wp-content\/uploads\/2026\/01\/visuel_carte_de_voeux_2026_une.jpg') !important;\"><a href=\"https:\/\/www.samt.fr\/en\/meilleurs-voeux-pour-2026\/\" title=\"Best wishes for 2026\" class=\"vc_gitem-link vc-zone-link\"><\/a><img decoding=\"async\" src=\"https:\/\/www.samt.fr\/wp-content\/uploads\/2026\/01\/visuel_carte_de_voeux_2026_une.jpg\" class=\"vc_gitem-zone-img\" alt=\"\"><div class=\"vc_gitem-zone-mini\"><\/div><\/div><\/div><div class=\"vc_gitem-zone vc_gitem-zone-c\"><div class=\"vc_gitem-zone-mini\"><div class=\"vc_gitem_row vc_row vc_gitem-row-position-top\"><div class=\"vc_col-sm-12 vc_gitem-col vc_gitem-col-align-\"><div class=\"vc_empty_space\"   style=\"height: 10px\"><span class=\"vc_empty_space_inner\"><\/span><\/div><div class=\"vc_custom_heading vc_gitem-post-data vc_gitem-post-data-source-post_title\" ><h4 style=\"text-align: left\" >Best wishes for 2026<\/h4><\/div><div class=\"vc_custom_heading vc_gitem-post-data vc_gitem-post-data-source-post_date\" ><div style=\"font-size: 10px;color: #757575;line-height: 20px;text-align: left\" >9 January 2026<\/div><\/div><div class=\"vc_custom_heading vc_gitem-post-data vc_gitem-post-data-source-post_excerpt\" ><p style=\"text-align: left\" >\u201cHands, those magicians of the real.\u201d Christian Bobin\nIn 2026, more than ever, let\u2019s trust [...]<\/p><\/div><div class=\"vc_btn3-container vc_btn3-left\"><a class=\"vc_general vc_btn3 vc_btn3-size-md vc_btn3-shape-square vc_btn3-style-flat vc_btn3-color-default\" a href=\"https:\/\/www.samt.fr\/en\/meilleurs-voeux-pour-2026\/\" title=\"Read more\">Read more<\/a><\/div><\/div><\/div><\/div><\/div><\/div><div class=\"vc_clearfix\"><\/div><\/div><div class=\"vc_grid-item vc_clearfix vc_col-sm-3 vc_grid-item-zone-c-bottom\"><div class=\"vc_grid-item-mini vc_clearfix\"><div class=\"vc_gitem-animated-block\" ><div class=\"vc_gitem-zone vc_gitem-zone-a vc_custom_1643288572048 vc-gitem-zone-height-mode-auto vc-gitem-zone-height-mode-auto-1-1 vc_gitem-is-link\" style=\"background-image: url('https:\/\/www.samt.fr\/wp-content\/uploads\/2025\/11\/samt_pont_du_larivot_novembre_2025_une.jpg') !important;\"><a href=\"https:\/\/www.samt.fr\/en\/chantier-nouveau-pont-du-larivot-a-cayenne-guyane-france-7\/\" title=\"Construction site: new Larivot bridge in Cayenne, French Guiana, France\" class=\"vc_gitem-link vc-zone-link\"><\/a><img decoding=\"async\" src=\"https:\/\/www.samt.fr\/wp-content\/uploads\/2025\/11\/samt_pont_du_larivot_novembre_2025_une.jpg\" class=\"vc_gitem-zone-img\" alt=\"\"><div class=\"vc_gitem-zone-mini\"><\/div><\/div><\/div><div class=\"vc_gitem-zone vc_gitem-zone-c\"><div class=\"vc_gitem-zone-mini\"><div class=\"vc_gitem_row vc_row vc_gitem-row-position-top\"><div class=\"vc_col-sm-12 vc_gitem-col vc_gitem-col-align-\"><div class=\"vc_empty_space\"   style=\"height: 10px\"><span class=\"vc_empty_space_inner\"><\/span><\/div><div class=\"vc_custom_heading vc_gitem-post-data vc_gitem-post-data-source-post_title\" ><h4 style=\"text-align: left\" >Construction site: new Larivot bridge in Cayenne, French Guiana, France<\/h4><\/div><div class=\"vc_custom_heading vc_gitem-post-data vc_gitem-post-data-source-post_date\" ><div style=\"font-size: 10px;color: #757575;line-height: 20px;text-align: left\" >12 November 2025<\/div><\/div><div class=\"vc_custom_heading vc_gitem-post-data vc_gitem-post-data-source-post_excerpt\" ><p style=\"text-align: left\" >After several months of slowdown due to technical issues, pile workshops are gradually [...]<\/p><\/div><div class=\"vc_btn3-container vc_btn3-left\"><a class=\"vc_general vc_btn3 vc_btn3-size-md vc_btn3-shape-square vc_btn3-style-flat vc_btn3-color-default\" a href=\"https:\/\/www.samt.fr\/en\/chantier-nouveau-pont-du-larivot-a-cayenne-guyane-france-7\/\" title=\"Read more\">Read more<\/a><\/div><\/div><\/div><\/div><\/div><\/div><div class=\"vc_clearfix\"><\/div><\/div><div class=\"vc_grid-item vc_clearfix vc_col-sm-3 vc_grid-item-zone-c-bottom\"><div class=\"vc_grid-item-mini vc_clearfix\"><div class=\"vc_gitem-animated-block\" ><div class=\"vc_gitem-zone vc_gitem-zone-a vc_custom_1643288572048 vc-gitem-zone-height-mode-auto vc-gitem-zone-height-mode-auto-1-1 vc_gitem-is-link\" style=\"background-image: url('https:\/\/www.samt.fr\/wp-content\/uploads\/2025\/11\/samt_inox_1.jpg') !important;\"><a href=\"https:\/\/www.samt.fr\/en\/samt-innove-avec-les-armatures-en-inox\/\" title=\"SAMT innovates with stainless steel reinforcement bars\" class=\"vc_gitem-link vc-zone-link\"><\/a><img decoding=\"async\" src=\"https:\/\/www.samt.fr\/wp-content\/uploads\/2025\/11\/samt_inox_1.jpg\" class=\"vc_gitem-zone-img\" alt=\"\"><div class=\"vc_gitem-zone-mini\"><\/div><\/div><\/div><div class=\"vc_gitem-zone vc_gitem-zone-c\"><div class=\"vc_gitem-zone-mini\"><div class=\"vc_gitem_row vc_row vc_gitem-row-position-top\"><div class=\"vc_col-sm-12 vc_gitem-col vc_gitem-col-align-\"><div class=\"vc_empty_space\"   style=\"height: 10px\"><span class=\"vc_empty_space_inner\"><\/span><\/div><div class=\"vc_custom_heading vc_gitem-post-data vc_gitem-post-data-source-post_title\" ><h4 style=\"text-align: left\" >SAMT innovates with stainless steel reinforcement bars<\/h4><\/div><div class=\"vc_custom_heading vc_gitem-post-data vc_gitem-post-data-source-post_date\" ><div style=\"font-size: 10px;color: #757575;line-height: 20px;text-align: left\" >4 November 2025<\/div><\/div><div class=\"vc_custom_heading vc_gitem-post-data vc_gitem-post-data-source-post_excerpt\" ><p style=\"text-align: left\" >Building on its expertise in reinforcement, SAMT is expanding its know-how [...]<\/p><\/div><div class=\"vc_btn3-container vc_btn3-left\"><a class=\"vc_general vc_btn3 vc_btn3-size-md vc_btn3-shape-square vc_btn3-style-flat vc_btn3-color-default\" a href=\"https:\/\/www.samt.fr\/en\/samt-innove-avec-les-armatures-en-inox\/\" title=\"Read more\">Read more<\/a><\/div><\/div><\/div><\/div><\/div><\/div><div class=\"vc_clearfix\"><\/div><\/div><div class=\"vc_grid-item vc_clearfix vc_col-sm-3 vc_grid-item-zone-c-bottom\"><div class=\"vc_grid-item-mini vc_clearfix\"><div class=\"vc_gitem-animated-block\" ><div class=\"vc_gitem-zone vc_gitem-zone-a vc_custom_1643288572048 vc-gitem-zone-height-mode-auto vc-gitem-zone-height-mode-auto-1-1 vc_gitem-is-link\" style=\"background-image: url('https:\/\/www.samt.fr\/wp-content\/uploads\/2025\/11\/samt_5_panneaux_levage_et_securite_251031_une.jpg') !important;\"><a href=\"https:\/\/www.samt.fr\/en\/vous-avez-des-armatures-complexes-a-prefabriquer-soulever-ou-poser\/\" title=\"Dealing with complex reinforcement cages to prefabricate, lift, or install?\" class=\"vc_gitem-link vc-zone-link\"><\/a><img decoding=\"async\" src=\"https:\/\/www.samt.fr\/wp-content\/uploads\/2025\/11\/samt_5_panneaux_levage_et_securite_251031_une.jpg\" class=\"vc_gitem-zone-img\" alt=\"\"><div class=\"vc_gitem-zone-mini\"><\/div><\/div><\/div><div class=\"vc_gitem-zone vc_gitem-zone-c\"><div class=\"vc_gitem-zone-mini\"><div class=\"vc_gitem_row vc_row vc_gitem-row-position-top\"><div class=\"vc_col-sm-12 vc_gitem-col vc_gitem-col-align-\"><div class=\"vc_empty_space\"   style=\"height: 10px\"><span class=\"vc_empty_space_inner\"><\/span><\/div><div class=\"vc_custom_heading vc_gitem-post-data vc_gitem-post-data-source-post_title\" ><h4 style=\"text-align: left\" >Dealing with complex reinforcement cages to prefabricate, lift, or install?<\/h4><\/div><div class=\"vc_custom_heading vc_gitem-post-data vc_gitem-post-data-source-post_date\" ><div style=\"font-size: 10px;color: #757575;line-height: 20px;text-align: left\" >31 October 2025<\/div><\/div><div class=\"vc_custom_heading vc_gitem-post-data vc_gitem-post-data-source-post_excerpt\" ><p style=\"text-align: left\" >Depuis de nombreuses ann\u00e9es, SAMT Ing\u00e9nierie accompagne ses clients dans la conception, la pr\u00e9fabrication et la [...]<\/p><\/div><div class=\"vc_btn3-container vc_btn3-left\"><a class=\"vc_general vc_btn3 vc_btn3-size-md vc_btn3-shape-square vc_btn3-style-flat vc_btn3-color-default\" a href=\"https:\/\/www.samt.fr\/en\/vous-avez-des-armatures-complexes-a-prefabriquer-soulever-ou-poser\/\" title=\"Read more\">Read more<\/a><\/div><\/div><\/div><\/div><\/div><\/div><div class=\"vc_clearfix\"><\/div><\/div><div class=\"vc_grid-item vc_clearfix vc_col-sm-3 vc_grid-item-zone-c-bottom\"><div class=\"vc_grid-item-mini vc_clearfix\"><div class=\"vc_gitem-animated-block\" ><div class=\"vc_gitem-zone vc_gitem-zone-a vc_custom_1643288572048 vc-gitem-zone-height-mode-auto vc-gitem-zone-height-mode-auto-1-1 vc_gitem-is-link\" style=\"background-image: url('https:\/\/www.samt.fr\/wp-content\/uploads\/2025\/09\/samt_safety_day_iter_2025_merci_une.jpg') !important;\"><a href=\"https:\/\/www.samt.fr\/en\/safety-day-diter-retour-en-images\/\" title=\"ITER Safety Day \u2013 a look back in pictures!\" class=\"vc_gitem-link vc-zone-link\"><\/a><img decoding=\"async\" src=\"https:\/\/www.samt.fr\/wp-content\/uploads\/2025\/09\/samt_safety_day_iter_2025_merci_une.jpg\" class=\"vc_gitem-zone-img\" alt=\"\"><div class=\"vc_gitem-zone-mini\"><\/div><\/div><\/div><div class=\"vc_gitem-zone vc_gitem-zone-c\"><div class=\"vc_gitem-zone-mini\"><div class=\"vc_gitem_row vc_row vc_gitem-row-position-top\"><div class=\"vc_col-sm-12 vc_gitem-col vc_gitem-col-align-\"><div class=\"vc_empty_space\"   style=\"height: 10px\"><span class=\"vc_empty_space_inner\"><\/span><\/div><div class=\"vc_custom_heading vc_gitem-post-data vc_gitem-post-data-source-post_title\" ><h4 style=\"text-align: left\" >ITER Safety Day \u2013 a look back in pictures!<\/h4><\/div><div class=\"vc_custom_heading vc_gitem-post-data vc_gitem-post-data-source-post_date\" ><div style=\"font-size: 10px;color: #757575;line-height: 20px;text-align: left\" >22 September 2025<\/div><\/div><div class=\"vc_custom_heading vc_gitem-post-data vc_gitem-post-data-source-post_excerpt\" ><p style=\"text-align: left\" >Last Thursday, we had the honor of taking part in the ITER Safety Day in Cadarache. A day full of [...]<\/p><\/div><div class=\"vc_btn3-container vc_btn3-left\"><a class=\"vc_general vc_btn3 vc_btn3-size-md vc_btn3-shape-square vc_btn3-style-flat vc_btn3-color-default\" a href=\"https:\/\/www.samt.fr\/en\/safety-day-diter-retour-en-images\/\" title=\"Read more\">Read more<\/a><\/div><\/div><\/div><\/div><\/div><\/div><div class=\"vc_clearfix\"><\/div><\/div><div class=\"vc_grid-item vc_clearfix vc_col-sm-3 vc_grid-item-zone-c-bottom\"><div class=\"vc_grid-item-mini vc_clearfix\"><div class=\"vc_gitem-animated-block\" ><div class=\"vc_gitem-zone vc_gitem-zone-a vc_custom_1643288572048 vc-gitem-zone-height-mode-auto vc-gitem-zone-height-mode-auto-1-1 vc_gitem-is-link\" style=\"background-image: url('https:\/\/www.samt.fr\/wp-content\/uploads\/2025\/09\/samt_safety_day_iter_2026_une.jpg') !important;\"><a href=\"https:\/\/www.samt.fr\/en\/safety-day-diter-nous-y-sommes\/\" title=\"ITER Safety Day, we are here!\" class=\"vc_gitem-link vc-zone-link\"><\/a><img decoding=\"async\" src=\"https:\/\/www.samt.fr\/wp-content\/uploads\/2025\/09\/samt_safety_day_iter_2026_une.jpg\" class=\"vc_gitem-zone-img\" alt=\"\"><div class=\"vc_gitem-zone-mini\"><\/div><\/div><\/div><div class=\"vc_gitem-zone vc_gitem-zone-c\"><div class=\"vc_gitem-zone-mini\"><div class=\"vc_gitem_row vc_row vc_gitem-row-position-top\"><div class=\"vc_col-sm-12 vc_gitem-col vc_gitem-col-align-\"><div class=\"vc_empty_space\"   style=\"height: 10px\"><span class=\"vc_empty_space_inner\"><\/span><\/div><div class=\"vc_custom_heading vc_gitem-post-data vc_gitem-post-data-source-post_title\" ><h4 style=\"text-align: left\" >ITER Safety Day, we are here!<\/h4><\/div><div class=\"vc_custom_heading vc_gitem-post-data vc_gitem-post-data-source-post_date\" ><div style=\"font-size: 10px;color: #757575;line-height: 20px;text-align: left\" >18 September 2025<\/div><\/div><div class=\"vc_custom_heading vc_gitem-post-data vc_gitem-post-data-source-post_excerpt\" ><p style=\"text-align: left\" >Today, we are on the ITER site in Cadarache, together with 11 other companies [...]<\/p><\/div><div class=\"vc_btn3-container vc_btn3-left\"><a class=\"vc_general vc_btn3 vc_btn3-size-md vc_btn3-shape-square vc_btn3-style-flat vc_btn3-color-default\" a href=\"https:\/\/www.samt.fr\/en\/safety-day-diter-nous-y-sommes\/\" title=\"Read more\">Read more<\/a><\/div><\/div><\/div><\/div><\/div><\/div><div class=\"vc_clearfix\"><\/div><\/div><div class=\"vc_grid-item vc_clearfix vc_col-sm-3 vc_grid-item-zone-c-bottom\"><div class=\"vc_grid-item-mini vc_clearfix\"><div class=\"vc_gitem-animated-block\" ><div class=\"vc_gitem-zone vc_gitem-zone-a vc_custom_1643288572048 vc-gitem-zone-height-mode-auto vc-gitem-zone-height-mode-auto-1-1 vc_gitem-is-link\" style=\"background-image: url('https:\/\/www.samt.fr\/wp-content\/uploads\/2025\/07\/samt_pont_anne_de_bretagne_nantes_une.jpg') !important;\"><a href=\"https:\/\/www.samt.fr\/en\/chantier-pont-anne-de-bretagne-a-nantes\/\" title=\"Construction site: Anne de Bretagne Bridge \u2013 Nantes, France\" class=\"vc_gitem-link vc-zone-link\"><\/a><img decoding=\"async\" src=\"https:\/\/www.samt.fr\/wp-content\/uploads\/2025\/07\/samt_pont_anne_de_bretagne_nantes_une.jpg\" class=\"vc_gitem-zone-img\" alt=\"\"><div class=\"vc_gitem-zone-mini\"><\/div><\/div><\/div><div class=\"vc_gitem-zone vc_gitem-zone-c\"><div class=\"vc_gitem-zone-mini\"><div class=\"vc_gitem_row vc_row vc_gitem-row-position-top\"><div class=\"vc_col-sm-12 vc_gitem-col vc_gitem-col-align-\"><div class=\"vc_empty_space\"   style=\"height: 10px\"><span class=\"vc_empty_space_inner\"><\/span><\/div><div class=\"vc_custom_heading vc_gitem-post-data vc_gitem-post-data-source-post_title\" ><h4 style=\"text-align: left\" >Construction site: Anne de Bretagne Bridge \u2013 Nantes, France<\/h4><\/div><div class=\"vc_custom_heading vc_gitem-post-data vc_gitem-post-data-source-post_date\" ><div style=\"font-size: 10px;color: #757575;line-height: 20px;text-align: left\" >17 July 2025<\/div><\/div><div class=\"vc_custom_heading vc_gitem-post-data vc_gitem-post-data-source-post_excerpt\" ><p style=\"text-align: left\" >How do you install 38 tons of reinforcement for a 26-meter pile cap in just 2 days? [...]<\/p><\/div><div class=\"vc_btn3-container vc_btn3-left\"><a class=\"vc_general vc_btn3 vc_btn3-size-md vc_btn3-shape-square vc_btn3-style-flat vc_btn3-color-default\" a href=\"https:\/\/www.samt.fr\/en\/chantier-pont-anne-de-bretagne-a-nantes\/\" title=\"Read more\">Read more<\/a><\/div><\/div><\/div><\/div><\/div><\/div><div class=\"vc_clearfix\"><\/div><\/div><div class=\"vc_grid-item vc_clearfix vc_col-sm-3 vc_grid-item-zone-c-bottom\"><div class=\"vc_grid-item-mini vc_clearfix\"><div class=\"vc_gitem-animated-block\" ><div class=\"vc_gitem-zone vc_gitem-zone-a vc_custom_1643288572048 vc-gitem-zone-height-mode-auto vc-gitem-zone-height-mode-auto-1-1 vc_gitem-is-link\" style=\"background-image: url('https:\/\/www.samt.fr\/wp-content\/uploads\/2025\/06\/samt_uve_csr_bois_rouge_albioma_une.jpg') !important;\"><a href=\"https:\/\/www.samt.fr\/en\/chantier-uve-csr-bois-rouge-ile-de-la-reunion\/\" title=\"Project: WtE \/ RDF Bois Rouge - R\u00e9union Island\" class=\"vc_gitem-link vc-zone-link\"><\/a><img decoding=\"async\" src=\"https:\/\/www.samt.fr\/wp-content\/uploads\/2025\/06\/samt_uve_csr_bois_rouge_albioma_une.jpg\" class=\"vc_gitem-zone-img\" alt=\"\"><div class=\"vc_gitem-zone-mini\"><\/div><\/div><\/div><div class=\"vc_gitem-zone vc_gitem-zone-c\"><div class=\"vc_gitem-zone-mini\"><div class=\"vc_gitem_row vc_row vc_gitem-row-position-top\"><div class=\"vc_col-sm-12 vc_gitem-col vc_gitem-col-align-\"><div class=\"vc_empty_space\"   style=\"height: 10px\"><span class=\"vc_empty_space_inner\"><\/span><\/div><div class=\"vc_custom_heading vc_gitem-post-data vc_gitem-post-data-source-post_title\" ><h4 style=\"text-align: left\" >Project: WtE \/ RDF Bois Rouge - R\u00e9union Island<\/h4><\/div><div class=\"vc_custom_heading vc_gitem-post-data vc_gitem-post-data-source-post_date\" ><div style=\"font-size: 10px;color: #757575;line-height: 20px;text-align: left\" >10 June 2025<\/div><\/div><div class=\"vc_custom_heading vc_gitem-post-data vc_gitem-post-data-source-post_excerpt\" ><p style=\"text-align: left\" >High-quality steel columns with base plates and integrated inserts, prefabricated by our SAMT Indian Ocean teams, [...]<\/p><\/div><div class=\"vc_btn3-container vc_btn3-left\"><a class=\"vc_general vc_btn3 vc_btn3-size-md vc_btn3-shape-square vc_btn3-style-flat vc_btn3-color-default\" a href=\"https:\/\/www.samt.fr\/en\/chantier-uve-csr-bois-rouge-ile-de-la-reunion\/\" title=\"Read more\">Read more<\/a><\/div><\/div><\/div><\/div><\/div><\/div><div class=\"vc_clearfix\"><\/div><\/div><div class=\"vc_grid-item vc_clearfix vc_col-sm-3 vc_grid-item-zone-c-bottom\"><div class=\"vc_grid-item-mini vc_clearfix\"><div class=\"vc_gitem-animated-block\" ><div class=\"vc_gitem-zone vc_gitem-zone-a vc_custom_1643288572048 vc-gitem-zone-height-mode-auto vc-gitem-zone-height-mode-auto-1-1 vc_gitem-is-link\" style=\"background-image: url('https:\/\/www.samt.fr\/wp-content\/uploads\/2025\/05\/samt_begv_saint-alban_une.jpg') !important;\"><a href=\"https:\/\/www.samt.fr\/en\/nouveau-chantier-batiment-dentreposage-des-generateurs-de-vapeur-begv-de-la-centrale-nucleaire-de-saint-alban-isere-france\/\" title=\"New construction project: Steam Generator Storage Building (BEGV) \u2013 Saint-Alban Nuclear Power Plant, Is\u00e8re, France\" class=\"vc_gitem-link vc-zone-link\"><\/a><img decoding=\"async\" src=\"https:\/\/www.samt.fr\/wp-content\/uploads\/2025\/05\/samt_begv_saint-alban_une.jpg\" class=\"vc_gitem-zone-img\" alt=\"\"><div class=\"vc_gitem-zone-mini\"><\/div><\/div><\/div><div class=\"vc_gitem-zone vc_gitem-zone-c\"><div class=\"vc_gitem-zone-mini\"><div class=\"vc_gitem_row vc_row vc_gitem-row-position-top\"><div class=\"vc_col-sm-12 vc_gitem-col vc_gitem-col-align-\"><div class=\"vc_empty_space\"   style=\"height: 10px\"><span class=\"vc_empty_space_inner\"><\/span><\/div><div class=\"vc_custom_heading vc_gitem-post-data vc_gitem-post-data-source-post_title\" ><h4 style=\"text-align: left\" >New construction project: Steam Generator Storage Building (BEGV) \u2013 Saint-Alban Nuclear Power Plant, Is\u00e8re, France<\/h4><\/div><div class=\"vc_custom_heading vc_gitem-post-data vc_gitem-post-data-source-post_date\" ><div style=\"font-size: 10px;color: #757575;line-height: 20px;text-align: left\" >21 May 2025<\/div><\/div><div class=\"vc_custom_heading vc_gitem-post-data vc_gitem-post-data-source-post_excerpt\" ><p style=\"text-align: left\" >This building will temporarily house the four original steam generators from Unit 2, replaced as [...]<\/p><\/div><div class=\"vc_btn3-container vc_btn3-left\"><a class=\"vc_general vc_btn3 vc_btn3-size-md vc_btn3-shape-square vc_btn3-style-flat vc_btn3-color-default\" a href=\"https:\/\/www.samt.fr\/en\/nouveau-chantier-batiment-dentreposage-des-generateurs-de-vapeur-begv-de-la-centrale-nucleaire-de-saint-alban-isere-france\/\" title=\"Read more\">Read more<\/a><\/div><\/div><\/div><\/div><\/div><\/div><div class=\"vc_clearfix\"><\/div><\/div><div class=\"vc_grid-item vc_clearfix vc_col-sm-3 vc_grid-item-zone-c-bottom\"><div class=\"vc_grid-item-mini vc_clearfix\"><div class=\"vc_gitem-animated-block\" ><div class=\"vc_gitem-zone vc_gitem-zone-a vc_custom_1643288572048 vc-gitem-zone-height-mode-auto vc-gitem-zone-height-mode-auto-1-1 vc_gitem-is-link\" style=\"background-image: url('https:\/\/www.samt.fr\/wp-content\/uploads\/2025\/05\/samt_smr_tgv_marcheprime_une.jpg') !important;\"><a href=\"https:\/\/www.samt.fr\/en\/nouveau-chantier-site-de-maintenance-et-de-remisage-smr-des-tgv-a-marcheprime-gironde-france\/\" title=\"New construction site: High-Speed Train Maintenance and Stabling Facility (SMR) in Marcheprime, Gironde, France\" class=\"vc_gitem-link vc-zone-link\"><\/a><img decoding=\"async\" src=\"https:\/\/www.samt.fr\/wp-content\/uploads\/2025\/05\/samt_smr_tgv_marcheprime_une.jpg\" class=\"vc_gitem-zone-img\" alt=\"\"><div class=\"vc_gitem-zone-mini\"><\/div><\/div><\/div><div class=\"vc_gitem-zone vc_gitem-zone-c\"><div class=\"vc_gitem-zone-mini\"><div class=\"vc_gitem_row vc_row vc_gitem-row-position-top\"><div class=\"vc_col-sm-12 vc_gitem-col vc_gitem-col-align-\"><div class=\"vc_empty_space\"   style=\"height: 10px\"><span class=\"vc_empty_space_inner\"><\/span><\/div><div class=\"vc_custom_heading vc_gitem-post-data vc_gitem-post-data-source-post_title\" ><h4 style=\"text-align: left\" >New construction site: High-Speed Train Maintenance and Stabling Facility (SMR) in Marcheprime, Gironde, France<\/h4><\/div><div class=\"vc_custom_heading vc_gitem-post-data vc_gitem-post-data-source-post_date\" ><div style=\"font-size: 10px;color: #757575;line-height: 20px;text-align: left\" >19 May 2025<\/div><\/div><div class=\"vc_custom_heading vc_gitem-post-data vc_gitem-post-data-source-post_excerpt\" ><p style=\"text-align: left\" >This 14-hectare center will accommodate up to 20 high-speed trainsets (TAGV) [...]<\/p><\/div><div class=\"vc_btn3-container vc_btn3-left\"><a class=\"vc_general vc_btn3 vc_btn3-size-md vc_btn3-shape-square vc_btn3-style-flat vc_btn3-color-default\" a href=\"https:\/\/www.samt.fr\/en\/nouveau-chantier-site-de-maintenance-et-de-remisage-smr-des-tgv-a-marcheprime-gironde-france\/\" title=\"Read more\">Read more<\/a><\/div><\/div><\/div><\/div><\/div><\/div><div class=\"vc_clearfix\"><\/div><\/div><div class=\"vc_grid-item vc_clearfix vc_col-sm-3 vc_grid-item-zone-c-bottom\"><div class=\"vc_grid-item-mini vc_clearfix\"><div class=\"vc_gitem-animated-block\" ><div class=\"vc_gitem-zone vc_gitem-zone-a vc_custom_1643288572048 vc-gitem-zone-height-mode-auto vc-gitem-zone-height-mode-auto-1-1 vc_gitem-is-link\" style=\"background-image: url('https:\/\/www.samt.fr\/wp-content\/uploads\/2025\/05\/samt_centre_de_tri_monte_corse_une.jpg') !important;\"><a href=\"https:\/\/www.samt.fr\/en\/nouveau-chantier-centre-de-tri-et-de-valorisation-ctv-de-monte-corse-france\/\" title=\"New construction site : The Monte Sorting and Recovery Center (CTV), Corsica, France\" class=\"vc_gitem-link vc-zone-link\"><\/a><img decoding=\"async\" src=\"https:\/\/www.samt.fr\/wp-content\/uploads\/2025\/05\/samt_centre_de_tri_monte_corse_une.jpg\" class=\"vc_gitem-zone-img\" alt=\"\"><div class=\"vc_gitem-zone-mini\"><\/div><\/div><\/div><div class=\"vc_gitem-zone vc_gitem-zone-c\"><div class=\"vc_gitem-zone-mini\"><div class=\"vc_gitem_row vc_row vc_gitem-row-position-top\"><div class=\"vc_col-sm-12 vc_gitem-col vc_gitem-col-align-\"><div class=\"vc_empty_space\"   style=\"height: 10px\"><span class=\"vc_empty_space_inner\"><\/span><\/div><div class=\"vc_custom_heading vc_gitem-post-data vc_gitem-post-data-source-post_title\" ><h4 style=\"text-align: left\" >New construction site : The Monte Sorting and Recovery Center (CTV), Corsica, France<\/h4><\/div><div class=\"vc_custom_heading vc_gitem-post-data vc_gitem-post-data-source-post_date\" ><div style=\"font-size: 10px;color: #757575;line-height: 20px;text-align: left\" >16 May 2025<\/div><\/div><div class=\"vc_custom_heading vc_gitem-post-data vc_gitem-post-data-source-post_excerpt\" ><p style=\"text-align: left\" >SAMT is proud to contribute to the construction of the Monte Sorting and Recovery Center [...]<\/p><\/div><div class=\"vc_btn3-container vc_btn3-left\"><a class=\"vc_general vc_btn3 vc_btn3-size-md vc_btn3-shape-square vc_btn3-style-flat vc_btn3-color-default\" a href=\"https:\/\/www.samt.fr\/en\/nouveau-chantier-centre-de-tri-et-de-valorisation-ctv-de-monte-corse-france\/\" title=\"Read more\">Read more<\/a><\/div><\/div><\/div><\/div><\/div><\/div><div class=\"vc_clearfix\"><\/div><\/div><div class=\"vc_grid-item vc_clearfix vc_col-sm-3 vc_grid-item-zone-c-bottom\"><div class=\"vc_grid-item-mini vc_clearfix\"><div class=\"vc_gitem-animated-block\" ><div class=\"vc_gitem-zone vc_gitem-zone-a vc_custom_1643288572048 vc-gitem-zone-height-mode-auto vc-gitem-zone-height-mode-auto-1-1 vc_gitem-is-link\" style=\"background-image: url('https:\/\/www.samt.fr\/wp-content\/uploads\/2025\/03\/samt_albioma_bois_rouge_une.jpg') !important;\"><a href=\"https:\/\/www.samt.fr\/en\/chantier-centre-de-valorisation-csr-albioma-bois-rouge-abr-ile-de-la-reunion\/\" title=\"Construction site: CSR Energy Recovery Center at Albioma Bois Rouge (ABR), La R\u00e9union\" class=\"vc_gitem-link vc-zone-link\"><\/a><img decoding=\"async\" src=\"https:\/\/www.samt.fr\/wp-content\/uploads\/2025\/03\/samt_albioma_bois_rouge_une.jpg\" class=\"vc_gitem-zone-img\" alt=\"\"><div class=\"vc_gitem-zone-mini\"><\/div><\/div><\/div><div class=\"vc_gitem-zone vc_gitem-zone-c\"><div class=\"vc_gitem-zone-mini\"><div class=\"vc_gitem_row vc_row vc_gitem-row-position-top\"><div class=\"vc_col-sm-12 vc_gitem-col vc_gitem-col-align-\"><div class=\"vc_empty_space\"   style=\"height: 10px\"><span class=\"vc_empty_space_inner\"><\/span><\/div><div class=\"vc_custom_heading vc_gitem-post-data vc_gitem-post-data-source-post_title\" ><h4 style=\"text-align: left\" >Construction site: CSR Energy Recovery Center at Albioma Bois Rouge (ABR), La R\u00e9union<\/h4><\/div><div class=\"vc_custom_heading vc_gitem-post-data vc_gitem-post-data-source-post_date\" ><div style=\"font-size: 10px;color: #757575;line-height: 20px;text-align: left\" >28 March 2025<\/div><\/div><div class=\"vc_custom_heading vc_gitem-post-data vc_gitem-post-data-source-post_excerpt\" ><p style=\"text-align: left\" >Our teams are progressing with the raft foundations for the future boiler designed for the energy [...]<\/p><\/div><div class=\"vc_btn3-container vc_btn3-left\"><a class=\"vc_general vc_btn3 vc_btn3-size-md vc_btn3-shape-square vc_btn3-style-flat vc_btn3-color-default\" a href=\"https:\/\/www.samt.fr\/en\/chantier-centre-de-valorisation-csr-albioma-bois-rouge-abr-ile-de-la-reunion\/\" title=\"Read more\">Read more<\/a><\/div><\/div><\/div><\/div><\/div><\/div><div class=\"vc_clearfix\"><\/div><\/div><div class=\"vc_grid-item vc_clearfix vc_col-sm-3 vc_grid-item-zone-c-bottom\"><div class=\"vc_grid-item-mini vc_clearfix\"><div class=\"vc_gitem-animated-block\" ><div class=\"vc_gitem-zone vc_gitem-zone-a vc_custom_1643288572048 vc-gitem-zone-height-mode-auto vc-gitem-zone-height-mode-auto-1-1 vc_gitem-is-link\" style=\"background-image: url('https:\/\/www.samt.fr\/wp-content\/uploads\/2025\/03\/samt_voussoirs_inox_larivot_une.jpg') !important;\"><a href=\"https:\/\/www.samt.fr\/en\/chantier-nouveau-pont-du-larivot-a-cayenne-guyane-france-6\/\" title=\"Construction site: new Larivot bridge in Cayenne, French Guiana, France\" class=\"vc_gitem-link vc-zone-link\"><\/a><img decoding=\"async\" src=\"https:\/\/www.samt.fr\/wp-content\/uploads\/2025\/03\/samt_voussoirs_inox_larivot_une.jpg\" class=\"vc_gitem-zone-img\" alt=\"\"><div class=\"vc_gitem-zone-mini\"><\/div><\/div><\/div><div class=\"vc_gitem-zone vc_gitem-zone-c\"><div class=\"vc_gitem-zone-mini\"><div class=\"vc_gitem_row vc_row vc_gitem-row-position-top\"><div class=\"vc_col-sm-12 vc_gitem-col vc_gitem-col-align-\"><div class=\"vc_empty_space\"   style=\"height: 10px\"><span class=\"vc_empty_space_inner\"><\/span><\/div><div class=\"vc_custom_heading vc_gitem-post-data vc_gitem-post-data-source-post_title\" ><h4 style=\"text-align: left\" >Construction site: new Larivot bridge in Cayenne, French Guiana, France<\/h4><\/div><div class=\"vc_custom_heading vc_gitem-post-data vc_gitem-post-data-source-post_date\" ><div style=\"font-size: 10px;color: #757575;line-height: 20px;text-align: left\" >18 March 2025<\/div><\/div><div class=\"vc_custom_heading vc_gitem-post-data vc_gitem-post-data-source-post_excerpt\" ><p style=\"text-align: left\" >Have you ever seen a segment made entirely of stainless steel reinforcement? It's beautiful [...]<\/p><\/div><div class=\"vc_btn3-container vc_btn3-left\"><a class=\"vc_general vc_btn3 vc_btn3-size-md vc_btn3-shape-square vc_btn3-style-flat vc_btn3-color-default\" a href=\"https:\/\/www.samt.fr\/en\/chantier-nouveau-pont-du-larivot-a-cayenne-guyane-france-6\/\" title=\"Read more\">Read more<\/a><\/div><\/div><\/div><\/div><\/div><\/div><div class=\"vc_clearfix\"><\/div><\/div><div class=\"vc_grid-item vc_clearfix vc_col-sm-3 vc_grid-item-zone-c-bottom\"><div class=\"vc_grid-item-mini vc_clearfix\"><div class=\"vc_gitem-animated-block\" ><div class=\"vc_gitem-zone vc_gitem-zone-a vc_custom_1643288572048 vc-gitem-zone-height-mode-auto vc-gitem-zone-height-mode-auto-1-1 vc_gitem-is-link\" style=\"background-image: url('https:\/\/www.samt.fr\/wp-content\/uploads\/2025\/03\/samt_hs2_lot_delta_junction_2503_une.jpg') !important;\"><a href=\"https:\/\/www.samt.fr\/en\/chantier-delta-junction-hs2-a-birmingham-royaume-uni-3\/\" title=\"Construction site: Delta Junction HS2 in Birmingham, UK\" class=\"vc_gitem-link vc-zone-link\"><\/a><img decoding=\"async\" src=\"https:\/\/www.samt.fr\/wp-content\/uploads\/2025\/03\/samt_hs2_lot_delta_junction_2503_une.jpg\" class=\"vc_gitem-zone-img\" alt=\"\"><div class=\"vc_gitem-zone-mini\"><\/div><\/div><\/div><div class=\"vc_gitem-zone vc_gitem-zone-c\"><div class=\"vc_gitem-zone-mini\"><div class=\"vc_gitem_row vc_row vc_gitem-row-position-top\"><div class=\"vc_col-sm-12 vc_gitem-col vc_gitem-col-align-\"><div class=\"vc_empty_space\"   style=\"height: 10px\"><span class=\"vc_empty_space_inner\"><\/span><\/div><div class=\"vc_custom_heading vc_gitem-post-data vc_gitem-post-data-source-post_title\" ><h4 style=\"text-align: left\" >Construction site: Delta Junction HS2 in Birmingham, UK<\/h4><\/div><div class=\"vc_custom_heading vc_gitem-post-data vc_gitem-post-data-source-post_date\" ><div style=\"font-size: 10px;color: #757575;line-height: 20px;text-align: left\" >13 March 2025<\/div><\/div><div class=\"vc_custom_heading vc_gitem-post-data vc_gitem-post-data-source-post_excerpt\" ><p style=\"text-align: left\" >After many months of hard work, our SAMT Rebar teams are now completing the final pier caps [...]<\/p><\/div><div class=\"vc_btn3-container vc_btn3-left\"><a class=\"vc_general vc_btn3 vc_btn3-size-md vc_btn3-shape-square vc_btn3-style-flat vc_btn3-color-default\" a href=\"https:\/\/www.samt.fr\/en\/chantier-delta-junction-hs2-a-birmingham-royaume-uni-3\/\" title=\"Read more\">Read more<\/a><\/div><\/div><\/div><\/div><\/div><\/div><div class=\"vc_clearfix\"><\/div><\/div><div class=\"vc_grid-item vc_clearfix vc_col-sm-3 vc_grid-item-zone-c-bottom\"><div class=\"vc_grid-item-mini vc_clearfix\"><div class=\"vc_gitem-animated-block\" ><div class=\"vc_gitem-zone vc_gitem-zone-a vc_custom_1643288572048 vc-gitem-zone-height-mode-auto vc-gitem-zone-height-mode-auto-1-1 vc_gitem-is-link\" style=\"background-image: url('https:\/\/www.samt.fr\/wp-content\/uploads\/2025\/02\/samt_rebar_iso_9001_une.jpg') !important;\"><a href=\"https:\/\/www.samt.fr\/en\/certifies\/\" title=\"Certified!\" class=\"vc_gitem-link vc-zone-link\"><\/a><img decoding=\"async\" src=\"https:\/\/www.samt.fr\/wp-content\/uploads\/2025\/02\/samt_rebar_iso_9001_une.jpg\" class=\"vc_gitem-zone-img\" alt=\"\"><div class=\"vc_gitem-zone-mini\"><\/div><\/div><\/div><div class=\"vc_gitem-zone vc_gitem-zone-c\"><div class=\"vc_gitem-zone-mini\"><div class=\"vc_gitem_row vc_row vc_gitem-row-position-top\"><div class=\"vc_col-sm-12 vc_gitem-col vc_gitem-col-align-\"><div class=\"vc_empty_space\"   style=\"height: 10px\"><span class=\"vc_empty_space_inner\"><\/span><\/div><div class=\"vc_custom_heading vc_gitem-post-data vc_gitem-post-data-source-post_title\" ><h4 style=\"text-align: left\" >Certified!<\/h4><\/div><div class=\"vc_custom_heading vc_gitem-post-data vc_gitem-post-data-source-post_date\" ><div style=\"font-size: 10px;color: #757575;line-height: 20px;text-align: left\" >14 February 2025<\/div><\/div><div class=\"vc_custom_heading vc_gitem-post-data vc_gitem-post-data-source-post_excerpt\" ><p style=\"text-align: left\" >Still hard at work on the Delta Junction construction site in Birmingham, our UK subsidiary SAMT Rebar Ltd [...]<\/p><\/div><div class=\"vc_btn3-container vc_btn3-left\"><a class=\"vc_general vc_btn3 vc_btn3-size-md vc_btn3-shape-square vc_btn3-style-flat vc_btn3-color-default\" a href=\"https:\/\/www.samt.fr\/en\/certifies\/\" title=\"Read more\">Read more<\/a><\/div><\/div><\/div><\/div><\/div><\/div><div class=\"vc_clearfix\"><\/div><\/div><div class=\"vc_grid-item vc_clearfix vc_col-sm-3 vc_grid-item-zone-c-bottom\"><div class=\"vc_grid-item-mini vc_clearfix\"><div class=\"vc_gitem-animated-block\" ><div class=\"vc_gitem-zone vc_gitem-zone-a vc_custom_1643288572048 vc-gitem-zone-height-mode-auto vc-gitem-zone-height-mode-auto-1-1 vc_gitem-is-link\" style=\"background-image: url('https:\/\/www.samt.fr\/wp-content\/uploads\/2025\/02\/visuel_samt_carte_de_voeux_2025.jpg') !important;\"><a href=\"https:\/\/www.samt.fr\/en\/meilleurs-voeux-pour-2025\/\" title=\"Best wishes for 2025\" class=\"vc_gitem-link vc-zone-link\"><\/a><img decoding=\"async\" src=\"https:\/\/www.samt.fr\/wp-content\/uploads\/2025\/02\/visuel_samt_carte_de_voeux_2025.jpg\" class=\"vc_gitem-zone-img\" alt=\"\"><div class=\"vc_gitem-zone-mini\"><\/div><\/div><\/div><div class=\"vc_gitem-zone vc_gitem-zone-c\"><div class=\"vc_gitem-zone-mini\"><div class=\"vc_gitem_row vc_row vc_gitem-row-position-top\"><div class=\"vc_col-sm-12 vc_gitem-col vc_gitem-col-align-\"><div class=\"vc_empty_space\"   style=\"height: 10px\"><span class=\"vc_empty_space_inner\"><\/span><\/div><div class=\"vc_custom_heading vc_gitem-post-data vc_gitem-post-data-source-post_title\" ><h4 style=\"text-align: left\" >Best wishes for 2025<\/h4><\/div><div class=\"vc_custom_heading vc_gitem-post-data vc_gitem-post-data-source-post_date\" ><div style=\"font-size: 10px;color: #757575;line-height: 20px;text-align: left\" >6 January 2025<\/div><\/div><div class=\"vc_custom_heading vc_gitem-post-data vc_gitem-post-data-source-post_excerpt\" ><p style=\"text-align: left\" >Weaving links\nAs early as the Middle Ages, the verb weave acquired a figurative usage: \u201cto assemble, create or form something [...]<\/p><\/div><div class=\"vc_btn3-container vc_btn3-left\"><a class=\"vc_general vc_btn3 vc_btn3-size-md vc_btn3-shape-square vc_btn3-style-flat vc_btn3-color-default\" a href=\"https:\/\/www.samt.fr\/en\/meilleurs-voeux-pour-2025\/\" title=\"Read more\">Read more<\/a><\/div><\/div><\/div><\/div><\/div><\/div><div class=\"vc_clearfix\"><\/div><\/div><div class=\"vc_grid-item vc_clearfix vc_col-sm-3 vc_grid-item-zone-c-bottom\"><div class=\"vc_grid-item-mini vc_clearfix\"><div class=\"vc_gitem-animated-block\" ><div class=\"vc_gitem-zone vc_gitem-zone-a vc_custom_1643288572048 vc-gitem-zone-height-mode-auto vc-gitem-zone-height-mode-auto-1-1 vc_gitem-is-link\" style=\"background-image: url('https:\/\/www.samt.fr\/wp-content\/uploads\/2024\/11\/samt_ligne_hs2_delta_junction_une.jpg') !important;\"><a href=\"https:\/\/www.samt.fr\/en\/chantier-delta-junction-hs2-a-birmingham-royaume-uni-2\/\" title=\"Construction site: Delta Junction HS2 in Birmingham, UK\" class=\"vc_gitem-link vc-zone-link\"><\/a><img decoding=\"async\" src=\"https:\/\/www.samt.fr\/wp-content\/uploads\/2024\/11\/samt_ligne_hs2_delta_junction_une.jpg\" class=\"vc_gitem-zone-img\" alt=\"\"><div class=\"vc_gitem-zone-mini\"><\/div><\/div><\/div><div class=\"vc_gitem-zone vc_gitem-zone-c\"><div class=\"vc_gitem-zone-mini\"><div class=\"vc_gitem_row vc_row vc_gitem-row-position-top\"><div class=\"vc_col-sm-12 vc_gitem-col vc_gitem-col-align-\"><div class=\"vc_empty_space\"   style=\"height: 10px\"><span class=\"vc_empty_space_inner\"><\/span><\/div><div class=\"vc_custom_heading vc_gitem-post-data vc_gitem-post-data-source-post_title\" ><h4 style=\"text-align: left\" >Construction site: Delta Junction HS2 in Birmingham, UK<\/h4><\/div><div class=\"vc_custom_heading vc_gitem-post-data vc_gitem-post-data-source-post_date\" ><div style=\"font-size: 10px;color: #757575;line-height: 20px;text-align: left\" >21 November 2024<\/div><\/div><div class=\"vc_custom_heading vc_gitem-post-data vc_gitem-post-data-source-post_excerpt\" ><p style=\"text-align: left\" >Our SAMT Rebar teams have just accomplished a remarkable feat on the Delta Junction HS2 site [...]<\/p><\/div><div class=\"vc_btn3-container vc_btn3-left\"><a class=\"vc_general vc_btn3 vc_btn3-size-md vc_btn3-shape-square vc_btn3-style-flat vc_btn3-color-default\" a href=\"https:\/\/www.samt.fr\/en\/chantier-delta-junction-hs2-a-birmingham-royaume-uni-2\/\" title=\"Read more\">Read more<\/a><\/div><\/div><\/div><\/div><\/div><\/div><div class=\"vc_clearfix\"><\/div><\/div><div class=\"vc_grid-item vc_clearfix vc_col-sm-3 vc_grid-item-zone-c-bottom\"><div class=\"vc_grid-item-mini vc_clearfix\"><div class=\"vc_gitem-animated-block\" ><div class=\"vc_gitem-zone vc_gitem-zone-a vc_custom_1643288572048 vc-gitem-zone-height-mode-auto vc-gitem-zone-height-mode-auto-1-1 vc_gitem-is-link\" style=\"background-image: url('https:\/\/www.samt.fr\/wp-content\/uploads\/2024\/10\/samt_domes_albioma_guadeloupe_une.jpg') !important;\"><a href=\"https:\/\/www.samt.fr\/en\/chantier-dome-de-stockage-albioma-de-la-centrale-du-moule-en-guadeloupe-france\/\" title=\"Construction site: Albioma storage dome at the Moule power plant in Guadeloupe, France\" class=\"vc_gitem-link vc-zone-link\"><\/a><img decoding=\"async\" src=\"https:\/\/www.samt.fr\/wp-content\/uploads\/2024\/10\/samt_domes_albioma_guadeloupe_une.jpg\" class=\"vc_gitem-zone-img\" alt=\"\"><div class=\"vc_gitem-zone-mini\"><\/div><\/div><\/div><div class=\"vc_gitem-zone vc_gitem-zone-c\"><div class=\"vc_gitem-zone-mini\"><div class=\"vc_gitem_row vc_row vc_gitem-row-position-top\"><div class=\"vc_col-sm-12 vc_gitem-col vc_gitem-col-align-\"><div class=\"vc_empty_space\"   style=\"height: 10px\"><span class=\"vc_empty_space_inner\"><\/span><\/div><div class=\"vc_custom_heading vc_gitem-post-data vc_gitem-post-data-source-post_title\" ><h4 style=\"text-align: left\" >Construction site: Albioma storage dome at the Moule power plant in Guadeloupe, France<\/h4><\/div><div class=\"vc_custom_heading vc_gitem-post-data vc_gitem-post-data-source-post_date\" ><div style=\"font-size: 10px;color: #757575;line-height: 20px;text-align: left\" >1 October 2024<\/div><\/div><div class=\"vc_custom_heading vc_gitem-post-data vc_gitem-post-data-source-post_excerpt\" ><p style=\"text-align: left\" >The Albioma company is continuing the conversion of its electrical energy production units overseas, with the use [...]<\/p><\/div><div class=\"vc_btn3-container vc_btn3-left\"><a class=\"vc_general vc_btn3 vc_btn3-size-md vc_btn3-shape-square vc_btn3-style-flat vc_btn3-color-default\" a href=\"https:\/\/www.samt.fr\/en\/chantier-dome-de-stockage-albioma-de-la-centrale-du-moule-en-guadeloupe-france\/\" title=\"Read more\">Read more<\/a><\/div><\/div><\/div><\/div><\/div><\/div><div class=\"vc_clearfix\"><\/div><\/div><div class=\"vc_grid-item vc_clearfix vc_col-sm-3 vc_grid-item-zone-c-bottom\"><div class=\"vc_grid-item-mini vc_clearfix\"><div class=\"vc_gitem-animated-block\" ><div class=\"vc_gitem-zone vc_gitem-zone-a vc_custom_1643288572048 vc-gitem-zone-height-mode-auto vc-gitem-zone-height-mode-auto-1-1 vc_gitem-is-link\" style=\"background-image: url('https:\/\/www.samt.fr\/wp-content\/uploads\/2024\/09\/samt_port_porto-vecchio_une.jpg') !important;\"><a href=\"https:\/\/www.samt.fr\/en\/chantier-extension-du-port-de-plaisance-et-de-peche-de-porto-vecchio-corse-france\/\" title=\"Construction site: extension of the Porto-Vecchio marina and fishing port, Corsica, France\" class=\"vc_gitem-link vc-zone-link\"><\/a><img decoding=\"async\" src=\"https:\/\/www.samt.fr\/wp-content\/uploads\/2024\/09\/samt_port_porto-vecchio_une.jpg\" class=\"vc_gitem-zone-img\" alt=\"\"><div class=\"vc_gitem-zone-mini\"><\/div><\/div><\/div><div class=\"vc_gitem-zone vc_gitem-zone-c\"><div class=\"vc_gitem-zone-mini\"><div class=\"vc_gitem_row vc_row vc_gitem-row-position-top\"><div class=\"vc_col-sm-12 vc_gitem-col vc_gitem-col-align-\"><div class=\"vc_empty_space\"   style=\"height: 10px\"><span class=\"vc_empty_space_inner\"><\/span><\/div><div class=\"vc_custom_heading vc_gitem-post-data vc_gitem-post-data-source-post_title\" ><h4 style=\"text-align: left\" >Construction site: extension of the Porto-Vecchio marina and fishing port, Corsica, France<\/h4><\/div><div class=\"vc_custom_heading vc_gitem-post-data vc_gitem-post-data-source-post_date\" ><div style=\"font-size: 10px;color: #757575;line-height: 20px;text-align: left\" >24 September 2024<\/div><\/div><div class=\"vc_custom_heading vc_gitem-post-data vc_gitem-post-data-source-post_excerpt\" ><p style=\"text-align: left\" >After several months of production of prefabricated concrete elements, the reinforcements of which are assembled in our [...]<\/p><\/div><div class=\"vc_btn3-container vc_btn3-left\"><a class=\"vc_general vc_btn3 vc_btn3-size-md vc_btn3-shape-square vc_btn3-style-flat vc_btn3-color-default\" a href=\"https:\/\/www.samt.fr\/en\/chantier-extension-du-port-de-plaisance-et-de-peche-de-porto-vecchio-corse-france\/\" title=\"Read more\">Read more<\/a><\/div><\/div><\/div><\/div><\/div><\/div><div class=\"vc_clearfix\"><\/div><\/div><div class=\"vc_grid-item vc_clearfix vc_col-sm-3 vc_grid-item-zone-c-bottom\"><div class=\"vc_grid-item-mini vc_clearfix\"><div class=\"vc_gitem-animated-block\" ><div class=\"vc_gitem-zone vc_gitem-zone-a vc_custom_1643288572048 vc-gitem-zone-height-mode-auto vc-gitem-zone-height-mode-auto-1-1 vc_gitem-is-link\" style=\"background-image: url('https:\/\/www.samt.fr\/wp-content\/uploads\/2024\/09\/samt_centrale_edf_larivot_guyane_une.jpg') !important;\"><a href=\"https:\/\/www.samt.fr\/en\/chantier-la-centrale-du-larivot-guyane-france\/\" title=\"Construction site: Larivot power plant, Guyana, France\" class=\"vc_gitem-link vc-zone-link\"><\/a><img decoding=\"async\" src=\"https:\/\/www.samt.fr\/wp-content\/uploads\/2024\/09\/samt_centrale_edf_larivot_guyane_une.jpg\" class=\"vc_gitem-zone-img\" alt=\"\"><div class=\"vc_gitem-zone-mini\"><\/div><\/div><\/div><div class=\"vc_gitem-zone vc_gitem-zone-c\"><div class=\"vc_gitem-zone-mini\"><div class=\"vc_gitem_row vc_row vc_gitem-row-position-top\"><div class=\"vc_col-sm-12 vc_gitem-col vc_gitem-col-align-\"><div class=\"vc_empty_space\"   style=\"height: 10px\"><span class=\"vc_empty_space_inner\"><\/span><\/div><div class=\"vc_custom_heading vc_gitem-post-data vc_gitem-post-data-source-post_title\" ><h4 style=\"text-align: left\" >Construction site: Larivot power plant, Guyana, France<\/h4><\/div><div class=\"vc_custom_heading vc_gitem-post-data vc_gitem-post-data-source-post_date\" ><div style=\"font-size: 10px;color: #757575;line-height: 20px;text-align: left\" >3 September 2024<\/div><\/div><div class=\"vc_custom_heading vc_gitem-post-data vc_gitem-post-data-source-post_excerpt\" ><p style=\"text-align: left\" >In recent weeks, our teams have started installing the frames for the high walls of the factory building [...]<\/p><\/div><div class=\"vc_btn3-container vc_btn3-left\"><a class=\"vc_general vc_btn3 vc_btn3-size-md vc_btn3-shape-square vc_btn3-style-flat vc_btn3-color-default\" a href=\"https:\/\/www.samt.fr\/en\/chantier-la-centrale-du-larivot-guyane-france\/\" title=\"Read more\">Read more<\/a><\/div><\/div><\/div><\/div><\/div><\/div><div class=\"vc_clearfix\"><\/div><\/div><div class=\"vc_grid-item vc_clearfix vc_col-sm-3 vc_grid-item-zone-c-bottom\"><div class=\"vc_grid-item-mini vc_clearfix\"><div class=\"vc_gitem-animated-block\" ><div class=\"vc_gitem-zone vc_gitem-zone-a vc_custom_1643288572048 vc-gitem-zone-height-mode-auto vc-gitem-zone-height-mode-auto-1-1 vc_gitem-is-link\" style=\"background-image: url('https:\/\/www.samt.fr\/wp-content\/uploads\/2024\/07\/samt_bifurcation_a7_salon_une.jpg') !important;\"><a href=\"https:\/\/www.samt.fr\/en\/chantier-amenagement-de-la-bifurcation-a7-a54-salon-de-provence-france\/\" title=\"Construction site: development of the A7\/A54 junction, Salon-de-Provence, France\" class=\"vc_gitem-link vc-zone-link\"><\/a><img decoding=\"async\" src=\"https:\/\/www.samt.fr\/wp-content\/uploads\/2024\/07\/samt_bifurcation_a7_salon_une.jpg\" class=\"vc_gitem-zone-img\" alt=\"\"><div class=\"vc_gitem-zone-mini\"><\/div><\/div><\/div><div class=\"vc_gitem-zone vc_gitem-zone-c\"><div class=\"vc_gitem-zone-mini\"><div class=\"vc_gitem_row vc_row vc_gitem-row-position-top\"><div class=\"vc_col-sm-12 vc_gitem-col vc_gitem-col-align-\"><div class=\"vc_empty_space\"   style=\"height: 10px\"><span class=\"vc_empty_space_inner\"><\/span><\/div><div class=\"vc_custom_heading vc_gitem-post-data vc_gitem-post-data-source-post_title\" ><h4 style=\"text-align: left\" >Construction site: development of the A7\/A54 junction, Salon-de-Provence, France<\/h4><\/div><div class=\"vc_custom_heading vc_gitem-post-data vc_gitem-post-data-source-post_date\" ><div style=\"font-size: 10px;color: #757575;line-height: 20px;text-align: left\" >25 July 2024<\/div><\/div><div class=\"vc_custom_heading vc_gitem-post-data vc_gitem-post-data-source-post_excerpt\" ><p style=\"text-align: left\" >Our teams are currently working on the development of the junction between the A7 and A54 motorways  [...]<\/p><\/div><div class=\"vc_btn3-container vc_btn3-left\"><a class=\"vc_general vc_btn3 vc_btn3-size-md vc_btn3-shape-square vc_btn3-style-flat vc_btn3-color-default\" a href=\"https:\/\/www.samt.fr\/en\/chantier-amenagement-de-la-bifurcation-a7-a54-salon-de-provence-france\/\" title=\"Read more\">Read more<\/a><\/div><\/div><\/div><\/div><\/div><\/div><div class=\"vc_clearfix\"><\/div><\/div><div class=\"vc_grid-item vc_clearfix vc_col-sm-3 vc_grid-item-zone-c-bottom\"><div class=\"vc_grid-item-mini vc_clearfix\"><div class=\"vc_gitem-animated-block\" ><div class=\"vc_gitem-zone vc_gitem-zone-a vc_custom_1643288572048 vc-gitem-zone-height-mode-auto vc-gitem-zone-height-mode-auto-1-1 vc_gitem-is-link\" style=\"background-image: url('https:\/\/www.samt.fr\/wp-content\/uploads\/2024\/07\/samt_pas_de_tir_lancement_ariane_6_une.jpg') !important;\"><a href=\"https:\/\/www.samt.fr\/en\/chantier-pas-de-tir-de-la-fusee-ariane-6-guyane-france\/\" title=\"Construction site: Ariane 6 rocket, Guyana, France\" class=\"vc_gitem-link vc-zone-link\"><\/a><img decoding=\"async\" src=\"https:\/\/www.samt.fr\/wp-content\/uploads\/2024\/07\/samt_pas_de_tir_lancement_ariane_6_une.jpg\" class=\"vc_gitem-zone-img\" alt=\"\"><div class=\"vc_gitem-zone-mini\"><\/div><\/div><\/div><div class=\"vc_gitem-zone vc_gitem-zone-c\"><div class=\"vc_gitem-zone-mini\"><div class=\"vc_gitem_row vc_row vc_gitem-row-position-top\"><div class=\"vc_col-sm-12 vc_gitem-col vc_gitem-col-align-\"><div class=\"vc_empty_space\"   style=\"height: 10px\"><span class=\"vc_empty_space_inner\"><\/span><\/div><div class=\"vc_custom_heading vc_gitem-post-data vc_gitem-post-data-source-post_title\" ><h4 style=\"text-align: left\" >Construction site: Ariane 6 rocket, Guyana, France<\/h4><\/div><div class=\"vc_custom_heading vc_gitem-post-data vc_gitem-post-data-source-post_date\" ><div style=\"font-size: 10px;color: #757575;line-height: 20px;text-align: left\" >10 July 2024<\/div><\/div><div class=\"vc_custom_heading vc_gitem-post-data vc_gitem-post-data-source-post_excerpt\" ><p style=\"text-align: left\" >Yesterday, July 9, 2024, Ariane 6 made its first flight. An emotion for us who are proud [...]<\/p><\/div><div class=\"vc_btn3-container vc_btn3-left\"><a class=\"vc_general vc_btn3 vc_btn3-size-md vc_btn3-shape-square vc_btn3-style-flat vc_btn3-color-default\" a href=\"https:\/\/www.samt.fr\/en\/chantier-pas-de-tir-de-la-fusee-ariane-6-guyane-france\/\" title=\"Read more\">Read more<\/a><\/div><\/div><\/div><\/div><\/div><\/div><div class=\"vc_clearfix\"><\/div><\/div><div class=\"vc_grid-item vc_clearfix vc_col-sm-3 vc_grid-item-zone-c-bottom\"><div class=\"vc_grid-item-mini vc_clearfix\"><div class=\"vc_gitem-animated-block\" ><div class=\"vc_gitem-zone vc_gitem-zone-a vc_custom_1643288572048 vc-gitem-zone-height-mode-auto vc-gitem-zone-height-mode-auto-1-1 vc_gitem-is-link\" style=\"background-image: url('https:\/\/www.samt.fr\/wp-content\/uploads\/2024\/07\/samt_pont_du_larivot_juillet_2024_une.jpg') !important;\"><a href=\"https:\/\/www.samt.fr\/en\/chantier-nouveau-pont-du-larivot-a-cayenne-guyane-france-5\/\" title=\"Construction site: new Larivot bridge in Cayenne, French Guiana, France\" class=\"vc_gitem-link vc-zone-link\"><\/a><img decoding=\"async\" src=\"https:\/\/www.samt.fr\/wp-content\/uploads\/2024\/07\/samt_pont_du_larivot_juillet_2024_une.jpg\" class=\"vc_gitem-zone-img\" alt=\"\"><div class=\"vc_gitem-zone-mini\"><\/div><\/div><\/div><div class=\"vc_gitem-zone vc_gitem-zone-c\"><div class=\"vc_gitem-zone-mini\"><div class=\"vc_gitem_row vc_row vc_gitem-row-position-top\"><div class=\"vc_col-sm-12 vc_gitem-col vc_gitem-col-align-\"><div class=\"vc_empty_space\"   style=\"height: 10px\"><span class=\"vc_empty_space_inner\"><\/span><\/div><div class=\"vc_custom_heading vc_gitem-post-data vc_gitem-post-data-source-post_title\" ><h4 style=\"text-align: left\" >Construction site: new Larivot bridge in Cayenne, French Guiana, France<\/h4><\/div><div class=\"vc_custom_heading vc_gitem-post-data vc_gitem-post-data-source-post_date\" ><div style=\"font-size: 10px;color: #757575;line-height: 20px;text-align: left\" >3 July 2024<\/div><\/div><div class=\"vc_custom_heading vc_gitem-post-data vc_gitem-post-data-source-post_excerpt\" ><p style=\"text-align: left\" >An important milestone has just been reached on our site: the first river pile has been finalized [...]<\/p><\/div><div class=\"vc_btn3-container vc_btn3-left\"><a class=\"vc_general vc_btn3 vc_btn3-size-md vc_btn3-shape-square vc_btn3-style-flat vc_btn3-color-default\" a href=\"https:\/\/www.samt.fr\/en\/chantier-nouveau-pont-du-larivot-a-cayenne-guyane-france-5\/\" title=\"Read more\">Read more<\/a><\/div><\/div><\/div><\/div><\/div><\/div><div class=\"vc_clearfix\"><\/div><\/div><div class=\"vc_grid-item vc_clearfix vc_col-sm-3 vc_grid-item-zone-c-bottom\"><div class=\"vc_grid-item-mini vc_clearfix\"><div class=\"vc_gitem-animated-block\" ><div class=\"vc_gitem-zone vc_gitem-zone-a vc_custom_1643288572048 vc-gitem-zone-height-mode-auto vc-gitem-zone-height-mode-auto-1-1 vc_gitem-is-link\" style=\"background-image: url('https:\/\/www.samt.fr\/wp-content\/uploads\/2024\/05\/samt_pont_du_larivot_mai_2024_une.jpg') !important;\"><a href=\"https:\/\/www.samt.fr\/en\/chantier-nouveau-pont-du-larivot-a-cayenne-guyane-france-4\/\" title=\"Construction site: new Larivot bridge in Cayenne, French Guiana, France\" class=\"vc_gitem-link vc-zone-link\"><\/a><img decoding=\"async\" src=\"https:\/\/www.samt.fr\/wp-content\/uploads\/2024\/05\/samt_pont_du_larivot_mai_2024_une.jpg\" class=\"vc_gitem-zone-img\" alt=\"\"><div class=\"vc_gitem-zone-mini\"><\/div><\/div><\/div><div class=\"vc_gitem-zone vc_gitem-zone-c\"><div class=\"vc_gitem-zone-mini\"><div class=\"vc_gitem_row vc_row vc_gitem-row-position-top\"><div class=\"vc_col-sm-12 vc_gitem-col vc_gitem-col-align-\"><div class=\"vc_empty_space\"   style=\"height: 10px\"><span class=\"vc_empty_space_inner\"><\/span><\/div><div class=\"vc_custom_heading vc_gitem-post-data vc_gitem-post-data-source-post_title\" ><h4 style=\"text-align: left\" >Construction site: new Larivot bridge in Cayenne, French Guiana, France<\/h4><\/div><div class=\"vc_custom_heading vc_gitem-post-data vc_gitem-post-data-source-post_date\" ><div style=\"font-size: 10px;color: #757575;line-height: 20px;text-align: left\" >6 May 2024<\/div><\/div><div class=\"vc_custom_heading vc_gitem-post-data vc_gitem-post-data-source-post_excerpt\" ><p style=\"text-align: left\" >Things are moving near the supports of the new bridge over the Larivot, in Guyana. We are currently working [...]<\/p><\/div><div class=\"vc_btn3-container vc_btn3-left\"><a class=\"vc_general vc_btn3 vc_btn3-size-md vc_btn3-shape-square vc_btn3-style-flat vc_btn3-color-default\" a href=\"https:\/\/www.samt.fr\/en\/chantier-nouveau-pont-du-larivot-a-cayenne-guyane-france-4\/\" title=\"Read more\">Read more<\/a><\/div><\/div><\/div><\/div><\/div><\/div><div class=\"vc_clearfix\"><\/div><\/div><div class=\"vc_grid-item vc_clearfix vc_col-sm-3 vc_grid-item-zone-c-bottom\"><div class=\"vc_grid-item-mini vc_clearfix\"><div class=\"vc_gitem-animated-block\" ><div class=\"vc_gitem-zone vc_gitem-zone-a vc_custom_1643288572048 vc-gitem-zone-height-mode-auto vc-gitem-zone-height-mode-auto-1-1 vc_gitem-is-link\" style=\"background-image: url('https:\/\/www.samt.fr\/wp-content\/uploads\/2024\/05\/samt_rencontre_mathilde_et_rayan_une.jpg') !important;\"><a href=\"https:\/\/www.samt.fr\/en\/ils-revent-dor-aux-jo-de-paris-2024\/\" title=\"They dream of gold at the Paris 2024 Olympics\" class=\"vc_gitem-link vc-zone-link\"><\/a><img decoding=\"async\" src=\"https:\/\/www.samt.fr\/wp-content\/uploads\/2024\/05\/samt_rencontre_mathilde_et_rayan_une.jpg\" class=\"vc_gitem-zone-img\" alt=\"\"><div class=\"vc_gitem-zone-mini\"><\/div><\/div><\/div><div class=\"vc_gitem-zone vc_gitem-zone-c\"><div class=\"vc_gitem-zone-mini\"><div class=\"vc_gitem_row vc_row vc_gitem-row-position-top\"><div class=\"vc_col-sm-12 vc_gitem-col vc_gitem-col-align-\"><div class=\"vc_empty_space\"   style=\"height: 10px\"><span class=\"vc_empty_space_inner\"><\/span><\/div><div class=\"vc_custom_heading vc_gitem-post-data vc_gitem-post-data-source-post_title\" ><h4 style=\"text-align: left\" >They dream of gold at the Paris 2024 Olympics<\/h4><\/div><div class=\"vc_custom_heading vc_gitem-post-data vc_gitem-post-data-source-post_date\" ><div style=\"font-size: 10px;color: #757575;line-height: 20px;text-align: left\" >2 May 2024<\/div><\/div><div class=\"vc_custom_heading vc_gitem-post-data vc_gitem-post-data-source-post_excerpt\" ><p style=\"text-align: left\" >The SAMT has proudly supported, for several years, the amateur cycling club Salon Cyclosport. We had the pleasure [...]<\/p><\/div><div class=\"vc_btn3-container vc_btn3-left\"><a class=\"vc_general vc_btn3 vc_btn3-size-md vc_btn3-shape-square vc_btn3-style-flat vc_btn3-color-default\" a href=\"https:\/\/www.samt.fr\/en\/ils-revent-dor-aux-jo-de-paris-2024\/\" title=\"Read more\">Read more<\/a><\/div><\/div><\/div><\/div><\/div><\/div><div class=\"vc_clearfix\"><\/div><\/div><div class=\"vc_grid-item vc_clearfix vc_col-sm-3 vc_grid-item-zone-c-bottom\"><div class=\"vc_grid-item-mini vc_clearfix\"><div class=\"vc_gitem-animated-block\" ><div class=\"vc_gitem-zone vc_gitem-zone-a vc_custom_1643288572048 vc-gitem-zone-height-mode-auto vc-gitem-zone-height-mode-auto-1-1 vc_gitem-is-link\" style=\"background-image: url('https:\/\/www.samt.fr\/wp-content\/uploads\/2024\/03\/samt_chantiers_iles_une.jpg') !important;\"><a href=\"https:\/\/www.samt.fr\/en\/chantiers-activite-batiment-sur-les-iles-de-la-guadeloupe-et-de-saint-martin\/\" title=\"Construction sites: building activity on the islands of Guadeloupe and Saint-Martin\" class=\"vc_gitem-link vc-zone-link\"><\/a><img decoding=\"async\" src=\"https:\/\/www.samt.fr\/wp-content\/uploads\/2024\/03\/samt_chantiers_iles_une.jpg\" class=\"vc_gitem-zone-img\" alt=\"\"><div class=\"vc_gitem-zone-mini\"><\/div><\/div><\/div><div class=\"vc_gitem-zone vc_gitem-zone-c\"><div class=\"vc_gitem-zone-mini\"><div class=\"vc_gitem_row vc_row vc_gitem-row-position-top\"><div class=\"vc_col-sm-12 vc_gitem-col vc_gitem-col-align-\"><div class=\"vc_empty_space\"   style=\"height: 10px\"><span class=\"vc_empty_space_inner\"><\/span><\/div><div class=\"vc_custom_heading vc_gitem-post-data vc_gitem-post-data-source-post_title\" ><h4 style=\"text-align: left\" >Construction sites: building activity on the islands of Guadeloupe and Saint-Martin<\/h4><\/div><div class=\"vc_custom_heading vc_gitem-post-data vc_gitem-post-data-source-post_date\" ><div style=\"font-size: 10px;color: #757575;line-height: 20px;text-align: left\" >20 March 2024<\/div><\/div><div class=\"vc_custom_heading vc_gitem-post-data vc_gitem-post-data-source-post_excerpt\" ><p style=\"text-align: left\" >Our company supplies and installs reinforcements for buildings on the French islands [...]<\/p><\/div><div class=\"vc_btn3-container vc_btn3-left\"><a class=\"vc_general vc_btn3 vc_btn3-size-md vc_btn3-shape-square vc_btn3-style-flat vc_btn3-color-default\" a href=\"https:\/\/www.samt.fr\/en\/chantiers-activite-batiment-sur-les-iles-de-la-guadeloupe-et-de-saint-martin\/\" title=\"Read more\">Read more<\/a><\/div><\/div><\/div><\/div><\/div><\/div><div class=\"vc_clearfix\"><\/div><\/div><div class=\"vc_grid-item vc_clearfix vc_col-sm-3 vc_grid-item-zone-c-bottom\"><div class=\"vc_grid-item-mini vc_clearfix\"><div class=\"vc_gitem-animated-block\" ><div class=\"vc_gitem-zone vc_gitem-zone-a vc_custom_1643288572048 vc-gitem-zone-height-mode-auto vc-gitem-zone-height-mode-auto-1-1 vc_gitem-is-link\" style=\"background-image: url('https:\/\/www.samt.fr\/wp-content\/uploads\/2024\/02\/samt_iter_2024_une.jpg') !important;\"><a href=\"https:\/\/www.samt.fr\/en\/chantier-iter-cadarache-france-2\/\" title=\"Construction site: ITER, Cadarache, France\" class=\"vc_gitem-link vc-zone-link\"><\/a><img decoding=\"async\" src=\"https:\/\/www.samt.fr\/wp-content\/uploads\/2024\/02\/samt_iter_2024_une.jpg\" class=\"vc_gitem-zone-img\" alt=\"\"><div class=\"vc_gitem-zone-mini\"><\/div><\/div><\/div><div class=\"vc_gitem-zone vc_gitem-zone-c\"><div class=\"vc_gitem-zone-mini\"><div class=\"vc_gitem_row vc_row vc_gitem-row-position-top\"><div class=\"vc_col-sm-12 vc_gitem-col vc_gitem-col-align-\"><div class=\"vc_empty_space\"   style=\"height: 10px\"><span class=\"vc_empty_space_inner\"><\/span><\/div><div class=\"vc_custom_heading vc_gitem-post-data vc_gitem-post-data-source-post_title\" ><h4 style=\"text-align: left\" >Construction site: ITER, Cadarache, France<\/h4><\/div><div class=\"vc_custom_heading vc_gitem-post-data vc_gitem-post-data-source-post_date\" ><div style=\"font-size: 10px;color: #757575;line-height: 20px;text-align: left\" >27 February 2024<\/div><\/div><div class=\"vc_custom_heading vc_gitem-post-data vc_gitem-post-data-source-post_excerpt\" ><p style=\"text-align: left\" >2014-2024\u2026 10 years separate these two photos seen from the sky and 10 years that we are proudly participating [...]<\/p><\/div><div class=\"vc_btn3-container vc_btn3-left\"><a class=\"vc_general vc_btn3 vc_btn3-size-md vc_btn3-shape-square vc_btn3-style-flat vc_btn3-color-default\" a href=\"https:\/\/www.samt.fr\/en\/chantier-iter-cadarache-france-2\/\" title=\"Read more\">Read more<\/a><\/div><\/div><\/div><\/div><\/div><\/div><div class=\"vc_clearfix\"><\/div><\/div><div class=\"vc_grid-item vc_clearfix vc_col-sm-3 vc_grid-item-zone-c-bottom\"><div class=\"vc_grid-item-mini vc_clearfix\"><div class=\"vc_gitem-animated-block\" ><div class=\"vc_gitem-zone vc_gitem-zone-a vc_custom_1643288572048 vc-gitem-zone-height-mode-auto vc-gitem-zone-height-mode-auto-1-1 vc_gitem-is-link\" style=\"background-image: url('https:\/\/www.samt.fr\/wp-content\/uploads\/2024\/02\/samt_hs2_birmingham_une.jpg') !important;\"><a href=\"https:\/\/www.samt.fr\/en\/chantier-delta-junction-hs2-a-birmingham-royaume-uni2\/\" title=\"Construction site: Delta Junction HS2 in Birmingham, UK\" class=\"vc_gitem-link vc-zone-link\"><\/a><img decoding=\"async\" src=\"https:\/\/www.samt.fr\/wp-content\/uploads\/2024\/02\/samt_hs2_birmingham_une.jpg\" class=\"vc_gitem-zone-img\" alt=\"\"><div class=\"vc_gitem-zone-mini\"><\/div><\/div><\/div><div class=\"vc_gitem-zone vc_gitem-zone-c\"><div class=\"vc_gitem-zone-mini\"><div class=\"vc_gitem_row vc_row vc_gitem-row-position-top\"><div class=\"vc_col-sm-12 vc_gitem-col vc_gitem-col-align-\"><div class=\"vc_empty_space\"   style=\"height: 10px\"><span class=\"vc_empty_space_inner\"><\/span><\/div><div class=\"vc_custom_heading vc_gitem-post-data vc_gitem-post-data-source-post_title\" ><h4 style=\"text-align: left\" >Construction site: Delta Junction HS2 in Birmingham, UK<\/h4><\/div><div class=\"vc_custom_heading vc_gitem-post-data vc_gitem-post-data-source-post_date\" ><div style=\"font-size: 10px;color: #757575;line-height: 20px;text-align: left\" >19 February 2024<\/div><\/div><div class=\"vc_custom_heading vc_gitem-post-data vc_gitem-post-data-source-post_excerpt\" ><p style=\"text-align: left\" >As part of the new High Speed \u200b\u200b2 (HS2) high-speed line, we are progressing [...]<\/p><\/div><div class=\"vc_btn3-container vc_btn3-left\"><a class=\"vc_general vc_btn3 vc_btn3-size-md vc_btn3-shape-square vc_btn3-style-flat vc_btn3-color-default\" a href=\"https:\/\/www.samt.fr\/en\/chantier-delta-junction-hs2-a-birmingham-royaume-uni2\/\" title=\"Read more\">Read more<\/a><\/div><\/div><\/div><\/div><\/div><\/div><div class=\"vc_clearfix\"><\/div><\/div><div class=\"vc_grid-item vc_clearfix vc_col-sm-3 vc_grid-item-zone-c-bottom\"><div class=\"vc_grid-item-mini vc_clearfix\"><div class=\"vc_gitem-animated-block\" ><div class=\"vc_gitem-zone vc_gitem-zone-a vc_custom_1643288572048 vc-gitem-zone-height-mode-auto vc-gitem-zone-height-mode-auto-1-1 vc_gitem-is-link\" style=\"background-image: url('https:\/\/www.samt.fr\/wp-content\/uploads\/2024\/02\/samt_gare_saint-quentin-en-yvelines_une.jpg') !important;\"><a href=\"https:\/\/www.samt.fr\/en\/chantier-gare-de-saint-quentin-en-yvelines-ligne-18-lot-3-grand-paris-express\/\" title=\"Construction site: Saint-Quentin-en-Yvelines station, line 18 lot 3, Grand Paris Express\" class=\"vc_gitem-link vc-zone-link\"><\/a><img decoding=\"async\" src=\"https:\/\/www.samt.fr\/wp-content\/uploads\/2024\/02\/samt_gare_saint-quentin-en-yvelines_une.jpg\" class=\"vc_gitem-zone-img\" alt=\"\"><div class=\"vc_gitem-zone-mini\"><\/div><\/div><\/div><div class=\"vc_gitem-zone vc_gitem-zone-c\"><div class=\"vc_gitem-zone-mini\"><div class=\"vc_gitem_row vc_row vc_gitem-row-position-top\"><div class=\"vc_col-sm-12 vc_gitem-col vc_gitem-col-align-\"><div class=\"vc_empty_space\"   style=\"height: 10px\"><span class=\"vc_empty_space_inner\"><\/span><\/div><div class=\"vc_custom_heading vc_gitem-post-data vc_gitem-post-data-source-post_title\" ><h4 style=\"text-align: left\" >Construction site: Saint-Quentin-en-Yvelines station, line 18 lot 3, Grand Paris Express<\/h4><\/div><div class=\"vc_custom_heading vc_gitem-post-data vc_gitem-post-data-source-post_date\" ><div style=\"font-size: 10px;color: #757575;line-height: 20px;text-align: left\" >7 February 2024<\/div><\/div><div class=\"vc_custom_heading vc_gitem-post-data vc_gitem-post-data-source-post_excerpt\" ><p style=\"text-align: left\" >As part of the Grand Paris Express, our teams started work on the  [...]<\/p><\/div><div class=\"vc_btn3-container vc_btn3-left\"><a class=\"vc_general vc_btn3 vc_btn3-size-md vc_btn3-shape-square vc_btn3-style-flat vc_btn3-color-default\" a href=\"https:\/\/www.samt.fr\/en\/chantier-gare-de-saint-quentin-en-yvelines-ligne-18-lot-3-grand-paris-express\/\" title=\"Read more\">Read more<\/a><\/div><\/div><\/div><\/div><\/div><\/div><div class=\"vc_clearfix\"><\/div><\/div><div class=\"vc_grid-item vc_clearfix vc_col-sm-3 vc_grid-item-zone-c-bottom\"><div class=\"vc_grid-item-mini vc_clearfix\"><div class=\"vc_gitem-animated-block\" ><div class=\"vc_gitem-zone vc_gitem-zone-a vc_custom_1643288572048 vc-gitem-zone-height-mode-auto vc-gitem-zone-height-mode-auto-1-1 vc_gitem-is-link\" style=\"background-image: url('https:\/\/www.samt.fr\/wp-content\/uploads\/2024\/01\/samt_station_epuration_koungou_une.jpg') !important;\"><a href=\"https:\/\/www.samt.fr\/en\/chantier-station-depuration-de-koungou-mayotte-france\/\" title=\"Construction site: Koungou wastewater treatment plant, Mayotte, France\" class=\"vc_gitem-link vc-zone-link\"><\/a><img decoding=\"async\" src=\"https:\/\/www.samt.fr\/wp-content\/uploads\/2024\/01\/samt_station_epuration_koungou_une.jpg\" class=\"vc_gitem-zone-img\" alt=\"\"><div class=\"vc_gitem-zone-mini\"><\/div><\/div><\/div><div class=\"vc_gitem-zone vc_gitem-zone-c\"><div class=\"vc_gitem-zone-mini\"><div class=\"vc_gitem_row vc_row vc_gitem-row-position-top\"><div class=\"vc_col-sm-12 vc_gitem-col vc_gitem-col-align-\"><div class=\"vc_empty_space\"   style=\"height: 10px\"><span class=\"vc_empty_space_inner\"><\/span><\/div><div class=\"vc_custom_heading vc_gitem-post-data vc_gitem-post-data-source-post_title\" ><h4 style=\"text-align: left\" >Construction site: Koungou wastewater treatment plant, Mayotte, France<\/h4><\/div><div class=\"vc_custom_heading vc_gitem-post-data vc_gitem-post-data-source-post_date\" ><div style=\"font-size: 10px;color: #757575;line-height: 20px;text-align: left\" >1 February 2024<\/div><\/div><div class=\"vc_custom_heading vc_gitem-post-data vc_gitem-post-data-source-post_excerpt\" ><p style=\"text-align: left\" >Our teams are participating in the construction of the Koungou wastewater treatment plant [...]<\/p><\/div><div class=\"vc_btn3-container vc_btn3-left\"><a class=\"vc_general vc_btn3 vc_btn3-size-md vc_btn3-shape-square vc_btn3-style-flat vc_btn3-color-default\" a href=\"https:\/\/www.samt.fr\/en\/chantier-station-depuration-de-koungou-mayotte-france\/\" title=\"Read more\">Read more<\/a><\/div><\/div><\/div><\/div><\/div><\/div><div class=\"vc_clearfix\"><\/div><\/div><div class=\"vc_grid-item vc_clearfix vc_col-sm-3 vc_grid-item-zone-c-bottom\"><div class=\"vc_grid-item-mini vc_clearfix\"><div class=\"vc_gitem-animated-block\" ><div class=\"vc_gitem-zone vc_gitem-zone-a vc_custom_1643288572048 vc-gitem-zone-height-mode-auto vc-gitem-zone-height-mode-auto-1-1 vc_gitem-is-link\" style=\"background-image: url('https:\/\/www.samt.fr\/wp-content\/uploads\/2023\/12\/samt_vsp_pont_du_larivot_une.jpg') !important;\"><a href=\"https:\/\/www.samt.fr\/en\/chantier-nouveau-pont-du-larivot-a-cayenne-guyane-france-3\/\" title=\"Construction site: new Larivot bridge in Cayenne, French Guiana, France\" class=\"vc_gitem-link vc-zone-link\"><\/a><img decoding=\"async\" src=\"https:\/\/www.samt.fr\/wp-content\/uploads\/2023\/12\/samt_vsp_pont_du_larivot_une.jpg\" class=\"vc_gitem-zone-img\" alt=\"\"><div class=\"vc_gitem-zone-mini\"><\/div><\/div><\/div><div class=\"vc_gitem-zone vc_gitem-zone-c\"><div class=\"vc_gitem-zone-mini\"><div class=\"vc_gitem_row vc_row vc_gitem-row-position-top\"><div class=\"vc_col-sm-12 vc_gitem-col vc_gitem-col-align-\"><div class=\"vc_empty_space\"   style=\"height: 10px\"><span class=\"vc_empty_space_inner\"><\/span><\/div><div class=\"vc_custom_heading vc_gitem-post-data vc_gitem-post-data-source-post_title\" ><h4 style=\"text-align: left\" >Construction site: new Larivot bridge in Cayenne, French Guiana, France<\/h4><\/div><div class=\"vc_custom_heading vc_gitem-post-data vc_gitem-post-data-source-post_date\" ><div style=\"font-size: 10px;color: #757575;line-height: 20px;text-align: left\" >4 December 2023<\/div><\/div><div class=\"vc_custom_heading vc_gitem-post-data vc_gitem-post-data-source-post_excerpt\" ><p style=\"text-align: left\" >Let's go for the first elements of the Segments on Pile (SOP) of the new Larivot bridge... [...]<\/p><\/div><div class=\"vc_btn3-container vc_btn3-left\"><a class=\"vc_general vc_btn3 vc_btn3-size-md vc_btn3-shape-square vc_btn3-style-flat vc_btn3-color-default\" a href=\"https:\/\/www.samt.fr\/en\/chantier-nouveau-pont-du-larivot-a-cayenne-guyane-france-3\/\" title=\"Read more\">Read more<\/a><\/div><\/div><\/div><\/div><\/div><\/div><div class=\"vc_clearfix\"><\/div><\/div><div class=\"vc_grid-item vc_clearfix vc_col-sm-3 vc_grid-item-zone-c-bottom\"><div class=\"vc_grid-item-mini vc_clearfix\"><div class=\"vc_gitem-animated-block\" ><div class=\"vc_gitem-zone vc_gitem-zone-a vc_custom_1643288572048 vc-gitem-zone-height-mode-auto vc-gitem-zone-height-mode-auto-1-1 vc_gitem-is-link\" style=\"background-image: url('https:\/\/www.samt.fr\/wp-content\/uploads\/2023\/11\/samt_passerrelle_pietonne_roland_hoareau_une.jpg') !important;\"><a href=\"https:\/\/www.samt.fr\/en\/chantier-passerelle-pietonne-zac-roland-hoareau-a-pierrefonds-ile-de-la-reunion\/\" title=\"Construction site: ZAC Roland Hoareau pedestrian bridge in Pierrefonds, Reunion Island\" class=\"vc_gitem-link vc-zone-link\"><\/a><img decoding=\"async\" src=\"https:\/\/www.samt.fr\/wp-content\/uploads\/2023\/11\/samt_passerrelle_pietonne_roland_hoareau_une.jpg\" class=\"vc_gitem-zone-img\" alt=\"\"><div class=\"vc_gitem-zone-mini\"><\/div><\/div><\/div><div class=\"vc_gitem-zone vc_gitem-zone-c\"><div class=\"vc_gitem-zone-mini\"><div class=\"vc_gitem_row vc_row vc_gitem-row-position-top\"><div class=\"vc_col-sm-12 vc_gitem-col vc_gitem-col-align-\"><div class=\"vc_empty_space\"   style=\"height: 10px\"><span class=\"vc_empty_space_inner\"><\/span><\/div><div class=\"vc_custom_heading vc_gitem-post-data vc_gitem-post-data-source-post_title\" ><h4 style=\"text-align: left\" >Construction site: ZAC Roland Hoareau pedestrian bridge in Pierrefonds, Reunion Island<\/h4><\/div><div class=\"vc_custom_heading vc_gitem-post-data vc_gitem-post-data-source-post_date\" ><div style=\"font-size: 10px;color: #757575;line-height: 20px;text-align: left\" >30 November 2023<\/div><\/div><div class=\"vc_custom_heading vc_gitem-post-data vc_gitem-post-data-source-post_excerpt\" ><p style=\"text-align: left\" >Our Reunion Island teams are currently working on the future pedestrian and cycle bridge [...]<\/p><\/div><div class=\"vc_btn3-container vc_btn3-left\"><a class=\"vc_general vc_btn3 vc_btn3-size-md vc_btn3-shape-square vc_btn3-style-flat vc_btn3-color-default\" a href=\"https:\/\/www.samt.fr\/en\/chantier-passerelle-pietonne-zac-roland-hoareau-a-pierrefonds-ile-de-la-reunion\/\" title=\"Read more\">Read more<\/a><\/div><\/div><\/div><\/div><\/div><\/div><div class=\"vc_clearfix\"><\/div><\/div><div class=\"vc_grid-item vc_clearfix vc_col-sm-3 vc_grid-item-zone-c-bottom\"><div class=\"vc_grid-item-mini vc_clearfix\"><div class=\"vc_gitem-animated-block\" ><div class=\"vc_gitem-zone vc_gitem-zone-a vc_custom_1643288572048 vc-gitem-zone-height-mode-auto vc-gitem-zone-height-mode-auto-1-1 vc_gitem-is-link\" style=\"background-image: url('https:\/\/www.samt.fr\/wp-content\/uploads\/2023\/11\/samt_bassin_de_retention_capitaine_geze_marseille_une.jpg') !important;\"><a href=\"https:\/\/www.samt.fr\/en\/nouveau-chantier-le-bassin-de-retention-du-capitaine-geze-marseille-france\/\" title=\"New construction site: the retention basin of Captain G\u00e8ze, Marseille, France\" class=\"vc_gitem-link vc-zone-link\"><\/a><img decoding=\"async\" src=\"https:\/\/www.samt.fr\/wp-content\/uploads\/2023\/11\/samt_bassin_de_retention_capitaine_geze_marseille_une.jpg\" class=\"vc_gitem-zone-img\" alt=\"\"><div class=\"vc_gitem-zone-mini\"><\/div><\/div><\/div><div class=\"vc_gitem-zone vc_gitem-zone-c\"><div class=\"vc_gitem-zone-mini\"><div class=\"vc_gitem_row vc_row vc_gitem-row-position-top\"><div class=\"vc_col-sm-12 vc_gitem-col vc_gitem-col-align-\"><div class=\"vc_empty_space\"   style=\"height: 10px\"><span class=\"vc_empty_space_inner\"><\/span><\/div><div class=\"vc_custom_heading vc_gitem-post-data vc_gitem-post-data-source-post_title\" ><h4 style=\"text-align: left\" >New construction site: the retention basin of Captain G\u00e8ze, Marseille, France<\/h4><\/div><div class=\"vc_custom_heading vc_gitem-post-data vc_gitem-post-data-source-post_date\" ><div style=\"font-size: 10px;color: #757575;line-height: 20px;text-align: left\" >27 November 2023<\/div><\/div><div class=\"vc_custom_heading vc_gitem-post-data vc_gitem-post-data-source-post_excerpt\" ><p style=\"text-align: left\" >In parallel with the construction of the overflow, we are installing the first \u201cButon beams\u201d of the retention basin [...]<\/p><\/div><div class=\"vc_btn3-container vc_btn3-left\"><a class=\"vc_general vc_btn3 vc_btn3-size-md vc_btn3-shape-square vc_btn3-style-flat vc_btn3-color-default\" a href=\"https:\/\/www.samt.fr\/en\/nouveau-chantier-le-bassin-de-retention-du-capitaine-geze-marseille-france\/\" title=\"Read more\">Read more<\/a><\/div><\/div><\/div><\/div><\/div><\/div><div class=\"vc_clearfix\"><\/div><\/div><div class=\"vc_grid-item vc_clearfix vc_col-sm-3 vc_grid-item-zone-c-bottom\"><div class=\"vc_grid-item-mini vc_clearfix\"><div class=\"vc_gitem-animated-block\" ><div class=\"vc_gitem-zone vc_gitem-zone-a vc_custom_1643288572048 vc-gitem-zone-height-mode-auto vc-gitem-zone-height-mode-auto-1-1 vc_gitem-is-link\" style=\"background-image: url('https:\/\/www.samt.fr\/wp-content\/uploads\/2023\/11\/samt_centrale_larivot_une.jpg') !important;\"><a href=\"https:\/\/www.samt.fr\/en\/nouveau-chantier-la-centrale-du-larivot-guyane-france\/\" title=\"New construction project: the Larivot power plant, Guyana, France\" class=\"vc_gitem-link vc-zone-link\"><\/a><img decoding=\"async\" src=\"https:\/\/www.samt.fr\/wp-content\/uploads\/2023\/11\/samt_centrale_larivot_une.jpg\" class=\"vc_gitem-zone-img\" alt=\"\"><div class=\"vc_gitem-zone-mini\"><\/div><\/div><\/div><div class=\"vc_gitem-zone vc_gitem-zone-c\"><div class=\"vc_gitem-zone-mini\"><div class=\"vc_gitem_row vc_row vc_gitem-row-position-top\"><div class=\"vc_col-sm-12 vc_gitem-col vc_gitem-col-align-\"><div class=\"vc_empty_space\"   style=\"height: 10px\"><span class=\"vc_empty_space_inner\"><\/span><\/div><div class=\"vc_custom_heading vc_gitem-post-data vc_gitem-post-data-source-post_title\" ><h4 style=\"text-align: left\" >New construction project: the Larivot power plant, Guyana, France<\/h4><\/div><div class=\"vc_custom_heading vc_gitem-post-data vc_gitem-post-data-source-post_date\" ><div style=\"font-size: 10px;color: #757575;line-height: 20px;text-align: left\" >10 November 2023<\/div><\/div><div class=\"vc_custom_heading vc_gitem-post-data vc_gitem-post-data-source-post_excerpt\" ><p style=\"text-align: left\" >Today, with 66% of its energy produced by renewable energies, notably thanks to the Petit-Saut dam [...]<\/p><\/div><div class=\"vc_btn3-container vc_btn3-left\"><a class=\"vc_general vc_btn3 vc_btn3-size-md vc_btn3-shape-square vc_btn3-style-flat vc_btn3-color-default\" a href=\"https:\/\/www.samt.fr\/en\/nouveau-chantier-la-centrale-du-larivot-guyane-france\/\" title=\"Read more\">Read more<\/a><\/div><\/div><\/div><\/div><\/div><\/div><div class=\"vc_clearfix\"><\/div><\/div><div class=\"vc_grid-item vc_clearfix vc_col-sm-3 vc_grid-item-zone-c-bottom\"><div class=\"vc_grid-item-mini vc_clearfix\"><div class=\"vc_gitem-animated-block\" ><div class=\"vc_gitem-zone vc_gitem-zone-a vc_custom_1643288572048 vc-gitem-zone-height-mode-auto vc-gitem-zone-height-mode-auto-1-1 vc_gitem-is-link\" style=\"background-image: url('https:\/\/www.samt.fr\/wp-content\/uploads\/2023\/11\/samt_dalot_deviation_saint-joseph_une.jpg') !important;\"><a href=\"https:\/\/www.samt.fr\/en\/chantier-dalot-de-la-deviation-de-saint-joseph-ile-de-la-reunion\/\" title=\"Construction site: dalot of the Saint-Joseph diversion, Reunion Island\" class=\"vc_gitem-link vc-zone-link\"><\/a><img decoding=\"async\" src=\"https:\/\/www.samt.fr\/wp-content\/uploads\/2023\/11\/samt_dalot_deviation_saint-joseph_une.jpg\" class=\"vc_gitem-zone-img\" alt=\"\"><div class=\"vc_gitem-zone-mini\"><\/div><\/div><\/div><div class=\"vc_gitem-zone vc_gitem-zone-c\"><div class=\"vc_gitem-zone-mini\"><div class=\"vc_gitem_row vc_row vc_gitem-row-position-top\"><div class=\"vc_col-sm-12 vc_gitem-col vc_gitem-col-align-\"><div class=\"vc_empty_space\"   style=\"height: 10px\"><span class=\"vc_empty_space_inner\"><\/span><\/div><div class=\"vc_custom_heading vc_gitem-post-data vc_gitem-post-data-source-post_title\" ><h4 style=\"text-align: left\" >Construction site: dalot of the Saint-Joseph diversion, Reunion Island<\/h4><\/div><div class=\"vc_custom_heading vc_gitem-post-data vc_gitem-post-data-source-post_date\" ><div style=\"font-size: 10px;color: #757575;line-height: 20px;text-align: left\" >6 November 2023<\/div><\/div><div class=\"vc_custom_heading vc_gitem-post-data vc_gitem-post-data-source-post_excerpt\" ><p style=\"text-align: left\" >Some news from the Indian Ocean, where we continue to develop projects, despite the sharp decline [...]<\/p><\/div><div class=\"vc_btn3-container vc_btn3-left\"><a class=\"vc_general vc_btn3 vc_btn3-size-md vc_btn3-shape-square vc_btn3-style-flat vc_btn3-color-default\" a href=\"https:\/\/www.samt.fr\/en\/chantier-dalot-de-la-deviation-de-saint-joseph-ile-de-la-reunion\/\" title=\"Read more\">Read more<\/a><\/div><\/div><\/div><\/div><\/div><\/div><div class=\"vc_clearfix\"><\/div><\/div><div class=\"vc_grid-item vc_clearfix vc_col-sm-3 vc_grid-item-zone-c-bottom\"><div class=\"vc_grid-item-mini vc_clearfix\"><div class=\"vc_gitem-animated-block\" ><div class=\"vc_gitem-zone vc_gitem-zone-a vc_custom_1643288572048 vc-gitem-zone-height-mode-auto vc-gitem-zone-height-mode-auto-1-1 vc_gitem-is-link\" style=\"background-image: url('https:\/\/www.samt.fr\/wp-content\/uploads\/2023\/10\/samt_pont_larivot_cayenne_2310_une.jpg') !important;\"><a href=\"https:\/\/www.samt.fr\/en\/chantier-nouveau-pont-du-larivot-a-cayenne-guyane-france-2\/\" title=\"Construction site: new Larivot bridge in Cayenne, French Guiana, France\" class=\"vc_gitem-link vc-zone-link\"><\/a><img decoding=\"async\" src=\"https:\/\/www.samt.fr\/wp-content\/uploads\/2023\/10\/samt_pont_larivot_cayenne_2310_une.jpg\" class=\"vc_gitem-zone-img\" alt=\"\"><div class=\"vc_gitem-zone-mini\"><\/div><\/div><\/div><div class=\"vc_gitem-zone vc_gitem-zone-c\"><div class=\"vc_gitem-zone-mini\"><div class=\"vc_gitem_row vc_row vc_gitem-row-position-top\"><div class=\"vc_col-sm-12 vc_gitem-col vc_gitem-col-align-\"><div class=\"vc_empty_space\"   style=\"height: 10px\"><span class=\"vc_empty_space_inner\"><\/span><\/div><div class=\"vc_custom_heading vc_gitem-post-data vc_gitem-post-data-source-post_title\" ><h4 style=\"text-align: left\" >Construction site: new Larivot bridge in Cayenne, French Guiana, France<\/h4><\/div><div class=\"vc_custom_heading vc_gitem-post-data vc_gitem-post-data-source-post_date\" ><div style=\"font-size: 10px;color: #757575;line-height: 20px;text-align: left\" >31 October 2023<\/div><\/div><div class=\"vc_custom_heading vc_gitem-post-data vc_gitem-post-data-source-post_excerpt\" ><p style=\"text-align: left\" >End of assembly of the first pile header. The reinforcements are assembled in a template on the ground, [...]<\/p><\/div><div class=\"vc_btn3-container vc_btn3-left\"><a class=\"vc_general vc_btn3 vc_btn3-size-md vc_btn3-shape-square vc_btn3-style-flat vc_btn3-color-default\" a href=\"https:\/\/www.samt.fr\/en\/chantier-nouveau-pont-du-larivot-a-cayenne-guyane-france-2\/\" title=\"Read more\">Read more<\/a><\/div><\/div><\/div><\/div><\/div><\/div><div class=\"vc_clearfix\"><\/div><\/div><div class=\"vc_grid-item vc_clearfix vc_col-sm-3 vc_grid-item-zone-c-bottom\"><div class=\"vc_grid-item-mini vc_clearfix\"><div class=\"vc_gitem-animated-block\" ><div class=\"vc_gitem-zone vc_gitem-zone-a vc_custom_1643288572048 vc-gitem-zone-height-mode-auto vc-gitem-zone-height-mode-auto-1-1 vc_gitem-is-link\" style=\"background-image: url('https:\/\/www.samt.fr\/wp-content\/uploads\/2023\/10\/samt_delta_junction_hs2_une.jpg') !important;\"><a href=\"https:\/\/www.samt.fr\/en\/chantier-delta-junction-hs2-a-birmingham-royaume-uni\/\" title=\"Construction site: Delta Junction HS2 in Birmingham, UK\" class=\"vc_gitem-link vc-zone-link\"><\/a><img decoding=\"async\" src=\"https:\/\/www.samt.fr\/wp-content\/uploads\/2023\/10\/samt_delta_junction_hs2_une.jpg\" class=\"vc_gitem-zone-img\" alt=\"\"><div class=\"vc_gitem-zone-mini\"><\/div><\/div><\/div><div class=\"vc_gitem-zone vc_gitem-zone-c\"><div class=\"vc_gitem-zone-mini\"><div class=\"vc_gitem_row vc_row vc_gitem-row-position-top\"><div class=\"vc_col-sm-12 vc_gitem-col vc_gitem-col-align-\"><div class=\"vc_empty_space\"   style=\"height: 10px\"><span class=\"vc_empty_space_inner\"><\/span><\/div><div class=\"vc_custom_heading vc_gitem-post-data vc_gitem-post-data-source-post_title\" ><h4 style=\"text-align: left\" >Construction site: Delta Junction HS2 in Birmingham, UK<\/h4><\/div><div class=\"vc_custom_heading vc_gitem-post-data vc_gitem-post-data-source-post_date\" ><div style=\"font-size: 10px;color: #757575;line-height: 20px;text-align: left\" >12 October 2023<\/div><\/div><div class=\"vc_custom_heading vc_gitem-post-data vc_gitem-post-data-source-post_excerpt\" ><p style=\"text-align: left\" >As part of the new High Speed \u200b\u200b2 (HS2) high-speed line, we are progressing [...]<\/p><\/div><div class=\"vc_btn3-container vc_btn3-left\"><a class=\"vc_general vc_btn3 vc_btn3-size-md vc_btn3-shape-square vc_btn3-style-flat vc_btn3-color-default\" a href=\"https:\/\/www.samt.fr\/en\/chantier-delta-junction-hs2-a-birmingham-royaume-uni\/\" title=\"Read more\">Read more<\/a><\/div><\/div><\/div><\/div><\/div><\/div><div class=\"vc_clearfix\"><\/div><\/div><div class=\"vc_grid-item vc_clearfix vc_col-sm-3 vc_grid-item-zone-c-bottom\"><div class=\"vc_grid-item-mini vc_clearfix\"><div class=\"vc_gitem-animated-block\" ><div class=\"vc_gitem-zone vc_gitem-zone-a vc_custom_1643288572048 vc-gitem-zone-height-mode-auto vc-gitem-zone-height-mode-auto-1-1 vc_gitem-is-link\" style=\"background-image: url('https:\/\/www.samt.fr\/wp-content\/uploads\/2023\/09\/samt_scierie_usine_biomasse_guyane_une.jpg') !important;\"><a href=\"https:\/\/www.samt.fr\/en\/chantier-scierie-et-usine-biomasse-a-petit-saut-guyane-france\/\" title=\"Construction site: sawmill and biomass plant in Petit Saut, Guyana, France\" class=\"vc_gitem-link vc-zone-link\"><\/a><img decoding=\"async\" src=\"https:\/\/www.samt.fr\/wp-content\/uploads\/2023\/09\/samt_scierie_usine_biomasse_guyane_une.jpg\" class=\"vc_gitem-zone-img\" alt=\"\"><div class=\"vc_gitem-zone-mini\"><\/div><\/div><\/div><div class=\"vc_gitem-zone vc_gitem-zone-c\"><div class=\"vc_gitem-zone-mini\"><div class=\"vc_gitem_row vc_row vc_gitem-row-position-top\"><div class=\"vc_col-sm-12 vc_gitem-col vc_gitem-col-align-\"><div class=\"vc_empty_space\"   style=\"height: 10px\"><span class=\"vc_empty_space_inner\"><\/span><\/div><div class=\"vc_custom_heading vc_gitem-post-data vc_gitem-post-data-source-post_title\" ><h4 style=\"text-align: left\" >Construction site: sawmill and biomass plant in Petit Saut, Guyana, France<\/h4><\/div><div class=\"vc_custom_heading vc_gitem-post-data vc_gitem-post-data-source-post_date\" ><div style=\"font-size: 10px;color: #757575;line-height: 20px;text-align: left\" >18 September 2023<\/div><\/div><div class=\"vc_custom_heading vc_gitem-post-data vc_gitem-post-data-source-post_excerpt\" ><p style=\"text-align: left\" >In 1994, the commissioning of the Petit Saut dam in Guyana drowned nearly [...]<\/p><\/div><div class=\"vc_btn3-container vc_btn3-left\"><a class=\"vc_general vc_btn3 vc_btn3-size-md vc_btn3-shape-square vc_btn3-style-flat vc_btn3-color-default\" a href=\"https:\/\/www.samt.fr\/en\/chantier-scierie-et-usine-biomasse-a-petit-saut-guyane-france\/\" title=\"Read more\">Read more<\/a><\/div><\/div><\/div><\/div><\/div><\/div><div class=\"vc_clearfix\"><\/div><\/div><div class=\"vc_grid-item vc_clearfix vc_col-sm-3 vc_grid-item-zone-c-bottom\"><div class=\"vc_grid-item-mini vc_clearfix\"><div class=\"vc_gitem-animated-block\" ><div class=\"vc_gitem-zone vc_gitem-zone-a vc_custom_1643288572048 vc-gitem-zone-height-mode-auto vc-gitem-zone-height-mode-auto-1-1 vc_gitem-is-link\" style=\"background-image: url('https:\/\/www.samt.fr\/wp-content\/uploads\/2023\/08\/samt_mathilde_championnats_du_monde_glasgow_une.jpg') !important;\"><a href=\"https:\/\/www.samt.fr\/en\/allez-mathilde-2\/\" title=\"Allez Mathilde!\" class=\"vc_gitem-link vc-zone-link\"><\/a><img decoding=\"async\" src=\"https:\/\/www.samt.fr\/wp-content\/uploads\/2023\/08\/samt_mathilde_championnats_du_monde_glasgow_une.jpg\" class=\"vc_gitem-zone-img\" alt=\"\"><div class=\"vc_gitem-zone-mini\"><\/div><\/div><\/div><div class=\"vc_gitem-zone vc_gitem-zone-c\"><div class=\"vc_gitem-zone-mini\"><div class=\"vc_gitem_row vc_row vc_gitem-row-position-top\"><div class=\"vc_col-sm-12 vc_gitem-col vc_gitem-col-align-\"><div class=\"vc_empty_space\"   style=\"height: 10px\"><span class=\"vc_empty_space_inner\"><\/span><\/div><div class=\"vc_custom_heading vc_gitem-post-data vc_gitem-post-data-source-post_title\" ><h4 style=\"text-align: left\" >Allez Mathilde!<\/h4><\/div><div class=\"vc_custom_heading vc_gitem-post-data vc_gitem-post-data-source-post_date\" ><div style=\"font-size: 10px;color: #757575;line-height: 20px;text-align: left\" >3 August 2023<\/div><\/div><div class=\"vc_custom_heading vc_gitem-post-data vc_gitem-post-data-source-post_excerpt\" ><p style=\"text-align: left\" >The city of Glasgow in Scotland is hosting this first edition of the 2023 UCI Cycling World Championships  ...]<\/p><\/div><div class=\"vc_btn3-container vc_btn3-left\"><a class=\"vc_general vc_btn3 vc_btn3-size-md vc_btn3-shape-square vc_btn3-style-flat vc_btn3-color-default\" a href=\"https:\/\/www.samt.fr\/en\/allez-mathilde-2\/\" title=\"Read more\">Read more<\/a><\/div><\/div><\/div><\/div><\/div><\/div><div class=\"vc_clearfix\"><\/div><\/div><div class=\"vc_grid-item vc_clearfix vc_col-sm-3 vc_grid-item-zone-c-bottom\"><div class=\"vc_grid-item-mini vc_clearfix\"><div class=\"vc_gitem-animated-block\" ><div class=\"vc_gitem-zone vc_gitem-zone-a vc_custom_1643288572048 vc-gitem-zone-height-mode-auto vc-gitem-zone-height-mode-auto-1-1 vc_gitem-is-link\" style=\"background-image: url('https:\/\/www.samt.fr\/wp-content\/uploads\/2023\/07\/samt_pont_larivot_cayenne_une.jpg') !important;\"><a href=\"https:\/\/www.samt.fr\/en\/chantier-nouveau-pont-du-larivot-a-cayenne-guyane-france\/\" title=\"Construction site: new Larivot bridge in Cayenne, French Guiana, France\" class=\"vc_gitem-link vc-zone-link\"><\/a><img decoding=\"async\" src=\"https:\/\/www.samt.fr\/wp-content\/uploads\/2023\/07\/samt_pont_larivot_cayenne_une.jpg\" class=\"vc_gitem-zone-img\" alt=\"\"><div class=\"vc_gitem-zone-mini\"><\/div><\/div><\/div><div class=\"vc_gitem-zone vc_gitem-zone-c\"><div class=\"vc_gitem-zone-mini\"><div class=\"vc_gitem_row vc_row vc_gitem-row-position-top\"><div class=\"vc_col-sm-12 vc_gitem-col vc_gitem-col-align-\"><div class=\"vc_empty_space\"   style=\"height: 10px\"><span class=\"vc_empty_space_inner\"><\/span><\/div><div class=\"vc_custom_heading vc_gitem-post-data vc_gitem-post-data-source-post_title\" ><h4 style=\"text-align: left\" >Construction site: new Larivot bridge in Cayenne, French Guiana, France<\/h4><\/div><div class=\"vc_custom_heading vc_gitem-post-data vc_gitem-post-data-source-post_date\" ><div style=\"font-size: 10px;color: #757575;line-height: 20px;text-align: left\" >24 July 2023<\/div><\/div><div class=\"vc_custom_heading vc_gitem-post-data vc_gitem-post-data-source-post_excerpt\" ><p style=\"text-align: left\" >The construction of the new Larivot bridge, which will be 1,300 meters long, is qualified as a \"technical [...]<\/p><\/div><div class=\"vc_btn3-container vc_btn3-left\"><a class=\"vc_general vc_btn3 vc_btn3-size-md vc_btn3-shape-square vc_btn3-style-flat vc_btn3-color-default\" a href=\"https:\/\/www.samt.fr\/en\/chantier-nouveau-pont-du-larivot-a-cayenne-guyane-france\/\" title=\"Read more\">Read more<\/a><\/div><\/div><\/div><\/div><\/div><\/div><div class=\"vc_clearfix\"><\/div><\/div><div class=\"vc_grid-item vc_clearfix vc_col-sm-3 vc_grid-item-zone-c-bottom\"><div class=\"vc_grid-item-mini vc_clearfix\"><div class=\"vc_gitem-animated-block\" ><div class=\"vc_gitem-zone vc_gitem-zone-a vc_custom_1643288572048 vc-gitem-zone-height-mode-auto vc-gitem-zone-height-mode-auto-1-1 vc_gitem-is-link\" style=\"background-image: url('https:\/\/www.samt.fr\/wp-content\/uploads\/2023\/07\/samt_iter_jullet_2023_une.jpg') !important;\"><a href=\"https:\/\/www.samt.fr\/en\/chantier-iter-cadarache-france\/\" title=\"Construction site: ITER, Cadarache, France\" class=\"vc_gitem-link vc-zone-link\"><\/a><img decoding=\"async\" src=\"https:\/\/www.samt.fr\/wp-content\/uploads\/2023\/07\/samt_iter_jullet_2023_une.jpg\" class=\"vc_gitem-zone-img\" alt=\"\"><div class=\"vc_gitem-zone-mini\"><\/div><\/div><\/div><div class=\"vc_gitem-zone vc_gitem-zone-c\"><div class=\"vc_gitem-zone-mini\"><div class=\"vc_gitem_row vc_row vc_gitem-row-position-top\"><div class=\"vc_col-sm-12 vc_gitem-col vc_gitem-col-align-\"><div class=\"vc_empty_space\"   style=\"height: 10px\"><span class=\"vc_empty_space_inner\"><\/span><\/div><div class=\"vc_custom_heading vc_gitem-post-data vc_gitem-post-data-source-post_title\" ><h4 style=\"text-align: left\" >Construction site: ITER, Cadarache, France<\/h4><\/div><div class=\"vc_custom_heading vc_gitem-post-data vc_gitem-post-data-source-post_date\" ><div style=\"font-size: 10px;color: #757575;line-height: 20px;text-align: left\" >3 July 2023<\/div><\/div><div class=\"vc_custom_heading vc_gitem-post-data vc_gitem-post-data-source-post_excerpt\" ><p style=\"text-align: left\" >For many years, we have been working on this site, one of the most ambitious projects in the world in the field of energy [...]<\/p><\/div><div class=\"vc_btn3-container vc_btn3-left\"><a class=\"vc_general vc_btn3 vc_btn3-size-md vc_btn3-shape-square vc_btn3-style-flat vc_btn3-color-default\" a href=\"https:\/\/www.samt.fr\/en\/chantier-iter-cadarache-france\/\" title=\"Read more\">Read more<\/a><\/div><\/div><\/div><\/div><\/div><\/div><div class=\"vc_clearfix\"><\/div><\/div><div class=\"vc_grid-item vc_clearfix vc_col-sm-3 vc_grid-item-zone-c-bottom\"><div class=\"vc_grid-item-mini vc_clearfix\"><div class=\"vc_gitem-animated-block\" ><div class=\"vc_gitem-zone vc_gitem-zone-a vc_custom_1643288572048 vc-gitem-zone-height-mode-auto vc-gitem-zone-height-mode-auto-1-1 vc_gitem-is-link\" style=\"background-image: url('https:\/\/www.samt.fr\/wp-content\/uploads\/2023\/06\/samt_35_ans_a_amsterdam_une.jpg') !important;\"><a href=\"https:\/\/www.samt.fr\/en\/35-ans-ca-se-fete\/\" title=\"35 years is something to celebrate\" class=\"vc_gitem-link vc-zone-link\"><\/a><img decoding=\"async\" src=\"https:\/\/www.samt.fr\/wp-content\/uploads\/2023\/06\/samt_35_ans_a_amsterdam_une.jpg\" class=\"vc_gitem-zone-img\" alt=\"\"><div class=\"vc_gitem-zone-mini\"><\/div><\/div><\/div><div class=\"vc_gitem-zone vc_gitem-zone-c\"><div class=\"vc_gitem-zone-mini\"><div class=\"vc_gitem_row vc_row vc_gitem-row-position-top\"><div class=\"vc_col-sm-12 vc_gitem-col vc_gitem-col-align-\"><div class=\"vc_empty_space\"   style=\"height: 10px\"><span class=\"vc_empty_space_inner\"><\/span><\/div><div class=\"vc_custom_heading vc_gitem-post-data vc_gitem-post-data-source-post_title\" ><h4 style=\"text-align: left\" >35 years is something to celebrate<\/h4><\/div><div class=\"vc_custom_heading vc_gitem-post-data vc_gitem-post-data-source-post_date\" ><div style=\"font-size: 10px;color: #757575;line-height: 20px;text-align: left\" >20 June 2023<\/div><\/div><div class=\"vc_custom_heading vc_gitem-post-data vc_gitem-post-data-source-post_excerpt\" ><p style=\"text-align: left\" >Our company, SAMT, created in 1988, is 35 years old this year! [...]<\/p><\/div><div class=\"vc_btn3-container vc_btn3-left\"><a class=\"vc_general vc_btn3 vc_btn3-size-md vc_btn3-shape-square vc_btn3-style-flat vc_btn3-color-default\" a href=\"https:\/\/www.samt.fr\/en\/35-ans-ca-se-fete\/\" title=\"Read more\">Read more<\/a><\/div><\/div><\/div><\/div><\/div><\/div><div class=\"vc_clearfix\"><\/div><\/div><div class=\"vc_grid-item vc_clearfix vc_col-sm-3 vc_grid-item-zone-c-bottom\"><div class=\"vc_grid-item-mini vc_clearfix\"><div class=\"vc_gitem-animated-block\" ><div class=\"vc_gitem-zone vc_gitem-zone-a vc_custom_1643288572048 vc-gitem-zone-height-mode-auto vc-gitem-zone-height-mode-auto-1-1 vc_gitem-is-link\" style=\"background-image: url('https:\/\/www.samt.fr\/wp-content\/uploads\/2023\/06\/samt_pont_garonne_barreau_camelat_agen_une.jpg') !important;\"><a href=\"https:\/\/www.samt.fr\/en\/chantier-pont-sur-la-garonne-barreau-de-camelat-a-agen-france\/\" title=\"Construction site: bridge over the Garonne, Bar of Camelat in Agen, France\" class=\"vc_gitem-link vc-zone-link\"><\/a><img decoding=\"async\" src=\"https:\/\/www.samt.fr\/wp-content\/uploads\/2023\/06\/samt_pont_garonne_barreau_camelat_agen_une.jpg\" class=\"vc_gitem-zone-img\" alt=\"\"><div class=\"vc_gitem-zone-mini\"><\/div><\/div><\/div><div class=\"vc_gitem-zone vc_gitem-zone-c\"><div class=\"vc_gitem-zone-mini\"><div class=\"vc_gitem_row vc_row vc_gitem-row-position-top\"><div class=\"vc_col-sm-12 vc_gitem-col vc_gitem-col-align-\"><div class=\"vc_empty_space\"   style=\"height: 10px\"><span class=\"vc_empty_space_inner\"><\/span><\/div><div class=\"vc_custom_heading vc_gitem-post-data vc_gitem-post-data-source-post_title\" ><h4 style=\"text-align: left\" >Construction site: bridge over the Garonne, Bar of Camelat in Agen, France<\/h4><\/div><div class=\"vc_custom_heading vc_gitem-post-data vc_gitem-post-data-source-post_date\" ><div style=\"font-size: 10px;color: #757575;line-height: 20px;text-align: left\" >13 June 2023<\/div><\/div><div class=\"vc_custom_heading vc_gitem-post-data vc_gitem-post-data-source-post_excerpt\" ><p style=\"text-align: left\" >This project consists of the creation of a third bridge over the Garonne [...]<\/p><\/div><div class=\"vc_btn3-container vc_btn3-left\"><a class=\"vc_general vc_btn3 vc_btn3-size-md vc_btn3-shape-square vc_btn3-style-flat vc_btn3-color-default\" a href=\"https:\/\/www.samt.fr\/en\/chantier-pont-sur-la-garonne-barreau-de-camelat-a-agen-france\/\" title=\"Read more\">Read more<\/a><\/div><\/div><\/div><\/div><\/div><\/div><div class=\"vc_clearfix\"><\/div><\/div><div class=\"vc_grid-item vc_clearfix vc_col-sm-3 vc_grid-item-zone-c-bottom\"><div class=\"vc_grid-item-mini vc_clearfix\"><div class=\"vc_gitem-animated-block\" ><div class=\"vc_gitem-zone vc_gitem-zone-a vc_custom_1643288572048 vc-gitem-zone-height-mode-auto vc-gitem-zone-height-mode-auto-1-1 vc_gitem-is-link\" style=\"background-image: url('https:\/\/www.samt.fr\/wp-content\/uploads\/2023\/05\/samt_delta_junction_birmingham_une.jpg') !important;\"><a href=\"https:\/\/www.samt.fr\/en\/chantier-viaducs-a-voussoirs-prefabriques-de-la-delta-junction-hs2-a-birmingham-royaume-uni\/\" title=\"Construction site: Delta Junction HS2 precast segmental viaducts in Birmingham, UK\" class=\"vc_gitem-link vc-zone-link\"><\/a><img decoding=\"async\" src=\"https:\/\/www.samt.fr\/wp-content\/uploads\/2023\/05\/samt_delta_junction_birmingham_une.jpg\" class=\"vc_gitem-zone-img\" alt=\"\"><div class=\"vc_gitem-zone-mini\"><\/div><\/div><\/div><div class=\"vc_gitem-zone vc_gitem-zone-c\"><div class=\"vc_gitem-zone-mini\"><div class=\"vc_gitem_row vc_row vc_gitem-row-position-top\"><div class=\"vc_col-sm-12 vc_gitem-col vc_gitem-col-align-\"><div class=\"vc_empty_space\"   style=\"height: 10px\"><span class=\"vc_empty_space_inner\"><\/span><\/div><div class=\"vc_custom_heading vc_gitem-post-data vc_gitem-post-data-source-post_title\" ><h4 style=\"text-align: left\" >Construction site: Delta Junction HS2 precast segmental viaducts in Birmingham, UK<\/h4><\/div><div class=\"vc_custom_heading vc_gitem-post-data vc_gitem-post-data-source-post_date\" ><div style=\"font-size: 10px;color: #757575;line-height: 20px;text-align: left\" >22 May 2023<\/div><\/div><div class=\"vc_custom_heading vc_gitem-post-data vc_gitem-post-data-source-post_excerpt\" ><p style=\"text-align: left\" >As part of the new High Speed \u200b\u200b2 (HS2) high-speed line [...]<\/p><\/div><div class=\"vc_btn3-container vc_btn3-left\"><a class=\"vc_general vc_btn3 vc_btn3-size-md vc_btn3-shape-square vc_btn3-style-flat vc_btn3-color-default\" a href=\"https:\/\/www.samt.fr\/en\/chantier-viaducs-a-voussoirs-prefabriques-de-la-delta-junction-hs2-a-birmingham-royaume-uni\/\" title=\"Read more\">Read more<\/a><\/div><\/div><\/div><\/div><\/div><\/div><div class=\"vc_clearfix\"><\/div><\/div><div class=\"vc_grid-item vc_clearfix vc_col-sm-3 vc_grid-item-zone-c-bottom\"><div class=\"vc_grid-item-mini vc_clearfix\"><div class=\"vc_gitem-animated-block\" ><div class=\"vc_gitem-zone vc_gitem-zone-a vc_custom_1643288572048 vc-gitem-zone-height-mode-auto vc-gitem-zone-height-mode-auto-1-1 vc_gitem-is-link\" style=\"background-image: url('https:\/\/www.samt.fr\/wp-content\/uploads\/2023\/04\/samt_viaduc_liaison_a1-m1_2_une.jpg') !important;\"><a href=\"https:\/\/www.samt.fr\/en\/chantier-viaduc-a1-m1-a-lile-maurice\/\" title=\"Construction site: viaduct A1-M1 in Mauritius\" class=\"vc_gitem-link vc-zone-link\"><\/a><img decoding=\"async\" src=\"https:\/\/www.samt.fr\/wp-content\/uploads\/2023\/04\/samt_viaduc_liaison_a1-m1_2_une.jpg\" class=\"vc_gitem-zone-img\" alt=\"\"><div class=\"vc_gitem-zone-mini\"><\/div><\/div><\/div><div class=\"vc_gitem-zone vc_gitem-zone-c\"><div class=\"vc_gitem-zone-mini\"><div class=\"vc_gitem_row vc_row vc_gitem-row-position-top\"><div class=\"vc_col-sm-12 vc_gitem-col vc_gitem-col-align-\"><div class=\"vc_empty_space\"   style=\"height: 10px\"><span class=\"vc_empty_space_inner\"><\/span><\/div><div class=\"vc_custom_heading vc_gitem-post-data vc_gitem-post-data-source-post_title\" ><h4 style=\"text-align: left\" >Construction site: viaduct A1-M1 in Mauritius<\/h4><\/div><div class=\"vc_custom_heading vc_gitem-post-data vc_gitem-post-data-source-post_date\" ><div style=\"font-size: 10px;color: #757575;line-height: 20px;text-align: left\" >18 April 2023<\/div><\/div><div class=\"vc_custom_heading vc_gitem-post-data vc_gitem-post-data-source-post_excerpt\" ><p style=\"text-align: left\" >We are still at work on the A1-M1 connecting viaduct, which spans the cliff [...]<\/p><\/div><div class=\"vc_btn3-container vc_btn3-left\"><a class=\"vc_general vc_btn3 vc_btn3-size-md vc_btn3-shape-square vc_btn3-style-flat vc_btn3-color-default\" a href=\"https:\/\/www.samt.fr\/en\/chantier-viaduc-a1-m1-a-lile-maurice\/\" title=\"Read more\">Read more<\/a><\/div><\/div><\/div><\/div><\/div><\/div><div class=\"vc_clearfix\"><\/div><\/div><div class=\"vc_grid-item vc_clearfix vc_col-sm-3 vc_grid-item-zone-c-bottom\"><div class=\"vc_grid-item-mini vc_clearfix\"><div class=\"vc_gitem-animated-block\" ><div class=\"vc_gitem-zone vc_gitem-zone-a vc_custom_1643288572048 vc-gitem-zone-height-mode-auto vc-gitem-zone-height-mode-auto-1-1 vc_gitem-is-link\" style=\"background-image: url('https:\/\/www.samt.fr\/wp-content\/uploads\/2023\/04\/samt_brises_soleil_centre_hospitalier_princesse_grace_monaco_une.jpg') !important;\"><a href=\"https:\/\/www.samt.fr\/en\/nouveau-chantier-brise-soleil-du-nouveau-centre-hospitalier-princesse-grace-a-monaco\/\" title=\"New construction site: Sunscreens for the new Princess Grace hospital center in Monaco\" class=\"vc_gitem-link vc-zone-link\"><\/a><img decoding=\"async\" src=\"https:\/\/www.samt.fr\/wp-content\/uploads\/2023\/04\/samt_brises_soleil_centre_hospitalier_princesse_grace_monaco_une.jpg\" class=\"vc_gitem-zone-img\" alt=\"\"><div class=\"vc_gitem-zone-mini\"><\/div><\/div><\/div><div class=\"vc_gitem-zone vc_gitem-zone-c\"><div class=\"vc_gitem-zone-mini\"><div class=\"vc_gitem_row vc_row vc_gitem-row-position-top\"><div class=\"vc_col-sm-12 vc_gitem-col vc_gitem-col-align-\"><div class=\"vc_empty_space\"   style=\"height: 10px\"><span class=\"vc_empty_space_inner\"><\/span><\/div><div class=\"vc_custom_heading vc_gitem-post-data vc_gitem-post-data-source-post_title\" ><h4 style=\"text-align: left\" >New construction site: Sunscreens for the new Princess Grace hospital center in Monaco<\/h4><\/div><div class=\"vc_custom_heading vc_gitem-post-data vc_gitem-post-data-source-post_date\" ><div style=\"font-size: 10px;color: #757575;line-height: 20px;text-align: left\" >4 April 2023<\/div><\/div><div class=\"vc_custom_heading vc_gitem-post-data vc_gitem-post-data-source-post_excerpt\" ><p style=\"text-align: left\" >We are going to produce all the reinforcement cages, in stainless steel concrete, for the sunscreen blades [...]<\/p><\/div><div class=\"vc_btn3-container vc_btn3-left\"><a class=\"vc_general vc_btn3 vc_btn3-size-md vc_btn3-shape-square vc_btn3-style-flat vc_btn3-color-default\" a href=\"https:\/\/www.samt.fr\/en\/nouveau-chantier-brise-soleil-du-nouveau-centre-hospitalier-princesse-grace-a-monaco\/\" title=\"Read more\">Read more<\/a><\/div><\/div><\/div><\/div><\/div><\/div><div class=\"vc_clearfix\"><\/div><\/div><div class=\"vc_grid-item vc_clearfix vc_col-sm-3 vc_grid-item-zone-c-bottom\"><div class=\"vc_grid-item-mini vc_clearfix\"><div class=\"vc_gitem-animated-block\" ><div class=\"vc_gitem-zone vc_gitem-zone-a vc_custom_1643288572048 vc-gitem-zone-height-mode-auto vc-gitem-zone-height-mode-auto-1-1 vc_gitem-is-link\" style=\"background-image: url('https:\/\/www.samt.fr\/wp-content\/uploads\/2023\/03\/samt_domes_albioma_3-4_une.jpg') !important;\"><a href=\"https:\/\/www.samt.fr\/en\/chantier-domes-albioma-3-4-le-port-ile-de-la-reunion\/\" title=\"Chantier : d\u00f4mes Albioma 3 &#038; 4, Le Port, \u00eele de la R\u00e9union\" class=\"vc_gitem-link vc-zone-link\"><\/a><img decoding=\"async\" src=\"https:\/\/www.samt.fr\/wp-content\/uploads\/2023\/03\/samt_domes_albioma_3-4_une.jpg\" class=\"vc_gitem-zone-img\" alt=\"\"><div class=\"vc_gitem-zone-mini\"><\/div><\/div><\/div><div class=\"vc_gitem-zone vc_gitem-zone-c\"><div class=\"vc_gitem-zone-mini\"><div class=\"vc_gitem_row vc_row vc_gitem-row-position-top\"><div class=\"vc_col-sm-12 vc_gitem-col vc_gitem-col-align-\"><div class=\"vc_empty_space\"   style=\"height: 10px\"><span class=\"vc_empty_space_inner\"><\/span><\/div><div class=\"vc_custom_heading vc_gitem-post-data vc_gitem-post-data-source-post_title\" ><h4 style=\"text-align: left\" >Construction site: Albioma domes 3 &amp; 4, Le Port, Reunion Island<\/h4><\/div><div class=\"vc_custom_heading vc_gitem-post-data vc_gitem-post-data-source-post_date\" ><div style=\"font-size: 10px;color: #757575;line-height: 20px;text-align: left\" >29 March 2023<\/div><\/div><div class=\"vc_custom_heading vc_gitem-post-data vc_gitem-post-data-source-post_excerpt\" ><p style=\"text-align: left\" >A great operation perfectly mastered by our Reunionese teams. Prefabrication in the factory of two beams 24 m long [...]<\/p><\/div><div class=\"vc_btn3-container vc_btn3-left\"><a class=\"vc_general vc_btn3 vc_btn3-size-md vc_btn3-shape-square vc_btn3-style-flat vc_btn3-color-default\" a href=\"https:\/\/www.samt.fr\/en\/chantier-domes-albioma-3-4-le-port-ile-de-la-reunion\/\" title=\"Read more\">Read more<\/a><\/div><\/div><\/div><\/div><\/div><\/div><div class=\"vc_clearfix\"><\/div><\/div><div class=\"vc_grid-item vc_clearfix vc_col-sm-3 vc_grid-item-zone-c-bottom\"><div class=\"vc_grid-item-mini vc_clearfix\"><div class=\"vc_gitem-animated-block\" ><div class=\"vc_gitem-zone vc_gitem-zone-a vc_custom_1643288572048 vc-gitem-zone-height-mode-auto vc-gitem-zone-height-mode-auto-1-1 vc_gitem-is-link\" style=\"background-image: url('https:\/\/www.samt.fr\/wp-content\/uploads\/2023\/03\/samt_passerelle_rapas_avancement_une.jpg') !important;\"><a href=\"https:\/\/www.samt.fr\/en\/chantier-la-passerelle-rapas-a-toulouse\/\" title=\"Construction site: the Rapas footbridge in Toulouse\" class=\"vc_gitem-link vc-zone-link\"><\/a><img decoding=\"async\" src=\"https:\/\/www.samt.fr\/wp-content\/uploads\/2023\/03\/samt_passerelle_rapas_avancement_une.jpg\" class=\"vc_gitem-zone-img\" alt=\"\"><div class=\"vc_gitem-zone-mini\"><\/div><\/div><\/div><div class=\"vc_gitem-zone vc_gitem-zone-c\"><div class=\"vc_gitem-zone-mini\"><div class=\"vc_gitem_row vc_row vc_gitem-row-position-top\"><div class=\"vc_col-sm-12 vc_gitem-col vc_gitem-col-align-\"><div class=\"vc_empty_space\"   style=\"height: 10px\"><span class=\"vc_empty_space_inner\"><\/span><\/div><div class=\"vc_custom_heading vc_gitem-post-data vc_gitem-post-data-source-post_title\" ><h4 style=\"text-align: left\" >Construction site: the Rapas footbridge in Toulouse<\/h4><\/div><div class=\"vc_custom_heading vc_gitem-post-data vc_gitem-post-data-source-post_date\" ><div style=\"font-size: 10px;color: #757575;line-height: 20px;text-align: left\" >2 March 2023<\/div><\/div><div class=\"vc_custom_heading vc_gitem-post-data vc_gitem-post-data-source-post_excerpt\" ><p style=\"text-align: left\" >We are nearing the end of our Rapas footbridge project, which will connect the Ile du [...]<\/p><\/div><div class=\"vc_btn3-container vc_btn3-left\"><a class=\"vc_general vc_btn3 vc_btn3-size-md vc_btn3-shape-square vc_btn3-style-flat vc_btn3-color-default\" a href=\"https:\/\/www.samt.fr\/en\/chantier-la-passerelle-rapas-a-toulouse\/\" title=\"Read more\">Read more<\/a><\/div><\/div><\/div><\/div><\/div><\/div><div class=\"vc_clearfix\"><\/div><\/div><div class=\"vc_grid-item vc_clearfix vc_col-sm-3 vc_grid-item-zone-c-bottom\"><div class=\"vc_grid-item-mini vc_clearfix\"><div class=\"vc_gitem-animated-block\" ><div class=\"vc_gitem-zone vc_gitem-zone-a vc_custom_1643288572048 vc-gitem-zone-height-mode-auto vc-gitem-zone-height-mode-auto-1-1 vc_gitem-is-link\" style=\"background-image: url('https:\/\/www.samt.fr\/wp-content\/uploads\/2023\/02\/samt_armatures_inoxydables_une.jpg') !important;\"><a href=\"https:\/\/www.samt.fr\/en\/armatures-inoxydables\/\" title=\"Stainless reinforcements\" class=\"vc_gitem-link vc-zone-link\"><\/a><img decoding=\"async\" src=\"https:\/\/www.samt.fr\/wp-content\/uploads\/2023\/02\/samt_armatures_inoxydables_une.jpg\" class=\"vc_gitem-zone-img\" alt=\"\"><div class=\"vc_gitem-zone-mini\"><\/div><\/div><\/div><div class=\"vc_gitem-zone vc_gitem-zone-c\"><div class=\"vc_gitem-zone-mini\"><div class=\"vc_gitem_row vc_row vc_gitem-row-position-top\"><div class=\"vc_col-sm-12 vc_gitem-col vc_gitem-col-align-\"><div class=\"vc_empty_space\"   style=\"height: 10px\"><span class=\"vc_empty_space_inner\"><\/span><\/div><div class=\"vc_custom_heading vc_gitem-post-data vc_gitem-post-data-source-post_title\" ><h4 style=\"text-align: left\" >Stainless reinforcements<\/h4><\/div><div class=\"vc_custom_heading vc_gitem-post-data vc_gitem-post-data-source-post_date\" ><div style=\"font-size: 10px;color: #757575;line-height: 20px;text-align: left\" >23 February 2023<\/div><\/div><div class=\"vc_custom_heading vc_gitem-post-data vc_gitem-post-data-source-post_excerpt\" ><p style=\"text-align: left\" >Production is launched in our new \u201cwhite\u201d workshop, where stainless concrete steels [...]<\/p><\/div><div class=\"vc_btn3-container vc_btn3-left\"><a class=\"vc_general vc_btn3 vc_btn3-size-md vc_btn3-shape-square vc_btn3-style-flat vc_btn3-color-default\" a href=\"https:\/\/www.samt.fr\/en\/armatures-inoxydables\/\" title=\"Read more\">Read more<\/a><\/div><\/div><\/div><\/div><\/div><\/div><div class=\"vc_clearfix\"><\/div><\/div><div class=\"vc_grid-item vc_clearfix vc_col-sm-3 vc_grid-item-zone-c-bottom\"><div class=\"vc_grid-item-mini vc_clearfix\"><div class=\"vc_gitem-animated-block\" ><div class=\"vc_gitem-zone vc_gitem-zone-a vc_custom_1643288572048 vc-gitem-zone-height-mode-auto vc-gitem-zone-height-mode-auto-1-1 vc_gitem-is-link\" style=\"background-image: url('https:\/\/www.samt.fr\/wp-content\/uploads\/2023\/01\/samt_pas_de_tir_ariane_6_une.jpg') !important;\"><a href=\"https:\/\/www.samt.fr\/en\/chantier-pas-de-tir-dariane-6-kourou-guyane\/\" title=\"Construction site: Ariane 6 launch pad, Kourou, French Guiana\" class=\"vc_gitem-link vc-zone-link\"><\/a><img decoding=\"async\" src=\"https:\/\/www.samt.fr\/wp-content\/uploads\/2023\/01\/samt_pas_de_tir_ariane_6_une.jpg\" class=\"vc_gitem-zone-img\" alt=\"\"><div class=\"vc_gitem-zone-mini\"><\/div><\/div><\/div><div class=\"vc_gitem-zone vc_gitem-zone-c\"><div class=\"vc_gitem-zone-mini\"><div class=\"vc_gitem_row vc_row vc_gitem-row-position-top\"><div class=\"vc_col-sm-12 vc_gitem-col vc_gitem-col-align-\"><div class=\"vc_empty_space\"   style=\"height: 10px\"><span class=\"vc_empty_space_inner\"><\/span><\/div><div class=\"vc_custom_heading vc_gitem-post-data vc_gitem-post-data-source-post_title\" ><h4 style=\"text-align: left\" >Construction site: Ariane 6 launch pad, Kourou, French Guiana<\/h4><\/div><div class=\"vc_custom_heading vc_gitem-post-data vc_gitem-post-data-source-post_date\" ><div style=\"font-size: 10px;color: #757575;line-height: 20px;text-align: left\" >19 January 2023<\/div><\/div><div class=\"vc_custom_heading vc_gitem-post-data vc_gitem-post-data-source-post_excerpt\" ><p style=\"text-align: left\" >2023 should be the year of Ariane 6's first take-off. We are very proud to have taken part in [...]<\/p><\/div><div class=\"vc_btn3-container vc_btn3-left\"><a class=\"vc_general vc_btn3 vc_btn3-size-md vc_btn3-shape-square vc_btn3-style-flat vc_btn3-color-default\" a href=\"https:\/\/www.samt.fr\/en\/chantier-pas-de-tir-dariane-6-kourou-guyane\/\" title=\"Read more\">Read more<\/a><\/div><\/div><\/div><\/div><\/div><\/div><div class=\"vc_clearfix\"><\/div><\/div><div class=\"vc_grid-item vc_clearfix vc_col-sm-3 vc_grid-item-zone-c-bottom\"><div class=\"vc_grid-item-mini vc_clearfix\"><div class=\"vc_gitem-animated-block\" ><div class=\"vc_gitem-zone vc_gitem-zone-a vc_custom_1643288572048 vc-gitem-zone-height-mode-auto vc-gitem-zone-height-mode-auto-1-1 vc_gitem-is-link\" style=\"background-image: url('https:\/\/www.samt.fr\/wp-content\/uploads\/2023\/01\/mathilde_gros_roubaix_2023_une.jpg') !important;\"><a href=\"https:\/\/www.samt.fr\/en\/victoires\/\" title=\"Victory\" class=\"vc_gitem-link vc-zone-link\"><\/a><img decoding=\"async\" src=\"https:\/\/www.samt.fr\/wp-content\/uploads\/2023\/01\/mathilde_gros_roubaix_2023_une.jpg\" class=\"vc_gitem-zone-img\" alt=\"\"><div class=\"vc_gitem-zone-mini\"><\/div><\/div><\/div><div class=\"vc_gitem-zone vc_gitem-zone-c\"><div class=\"vc_gitem-zone-mini\"><div class=\"vc_gitem_row vc_row vc_gitem-row-position-top\"><div class=\"vc_col-sm-12 vc_gitem-col vc_gitem-col-align-\"><div class=\"vc_empty_space\"   style=\"height: 10px\"><span class=\"vc_empty_space_inner\"><\/span><\/div><div class=\"vc_custom_heading vc_gitem-post-data vc_gitem-post-data-source-post_title\" ><h4 style=\"text-align: left\" >Victory<\/h4><\/div><div class=\"vc_custom_heading vc_gitem-post-data vc_gitem-post-data-source-post_date\" ><div style=\"font-size: 10px;color: #757575;line-height: 20px;text-align: left\" >10 January 2023<\/div><\/div><div class=\"vc_custom_heading vc_gitem-post-data vc_gitem-post-data-source-post_excerpt\" ><p style=\"text-align: left\" >We are very happy and very proud to support Mathilde Gros and her Salon Cyclosport club [...]<\/p><\/div><div class=\"vc_btn3-container vc_btn3-left\"><a class=\"vc_general vc_btn3 vc_btn3-size-md vc_btn3-shape-square vc_btn3-style-flat vc_btn3-color-default\" a href=\"https:\/\/www.samt.fr\/en\/victoires\/\" title=\"Read more\">Read more<\/a><\/div><\/div><\/div><\/div><\/div><\/div><div class=\"vc_clearfix\"><\/div><\/div><div class=\"vc_grid-item vc_clearfix vc_col-sm-3 vc_grid-item-zone-c-bottom\"><div class=\"vc_grid-item-mini vc_clearfix\"><div class=\"vc_gitem-animated-block\" ><div class=\"vc_gitem-zone vc_gitem-zone-a vc_custom_1643288572048 vc-gitem-zone-height-mode-auto vc-gitem-zone-height-mode-auto-1-1 vc_gitem-is-link\" style=\"background-image: url('https:\/\/www.samt.fr\/wp-content\/uploads\/2023\/01\/carte_de_voeux_samt_2023.gif') !important;\"><a href=\"https:\/\/www.samt.fr\/en\/meilleurs-voeux-pour-2023\/\" title=\"Best wishes for 2023\" class=\"vc_gitem-link vc-zone-link\"><\/a><img decoding=\"async\" src=\"https:\/\/www.samt.fr\/wp-content\/uploads\/2023\/01\/carte_de_voeux_samt_2023.gif\" class=\"vc_gitem-zone-img\" alt=\"\"><div class=\"vc_gitem-zone-mini\"><\/div><\/div><\/div><div class=\"vc_gitem-zone vc_gitem-zone-c\"><div class=\"vc_gitem-zone-mini\"><div class=\"vc_gitem_row vc_row vc_gitem-row-position-top\"><div class=\"vc_col-sm-12 vc_gitem-col vc_gitem-col-align-\"><div class=\"vc_empty_space\"   style=\"height: 10px\"><span class=\"vc_empty_space_inner\"><\/span><\/div><div class=\"vc_custom_heading vc_gitem-post-data vc_gitem-post-data-source-post_title\" ><h4 style=\"text-align: left\" >Best wishes for 2023<\/h4><\/div><div class=\"vc_custom_heading vc_gitem-post-data vc_gitem-post-data-source-post_date\" ><div style=\"font-size: 10px;color: #757575;line-height: 20px;text-align: left\" >3 January 2023<\/div><\/div><div class=\"vc_custom_heading vc_gitem-post-data vc_gitem-post-data-source-post_excerpt\" ><p style=\"text-align: left\" >The entire SAMT team wishes you a year 2023 full of energy!<\/p><\/div><div class=\"vc_btn3-container vc_btn3-left\"><a class=\"vc_general vc_btn3 vc_btn3-size-md vc_btn3-shape-square vc_btn3-style-flat vc_btn3-color-default\" a href=\"https:\/\/www.samt.fr\/en\/meilleurs-voeux-pour-2023\/\" title=\"Read more\">Read more<\/a><\/div><\/div><\/div><\/div><\/div><\/div><div class=\"vc_clearfix\"><\/div><\/div><div class=\"vc_grid-item vc_clearfix vc_col-sm-3 vc_grid-item-zone-c-bottom\"><div class=\"vc_grid-item-mini vc_clearfix\"><div class=\"vc_gitem-animated-block\" ><div class=\"vc_gitem-zone vc_gitem-zone-a vc_custom_1643288572048 vc-gitem-zone-height-mode-auto vc-gitem-zone-height-mode-auto-1-1 vc_gitem-is-link\" style=\"background-image: url('https:\/\/www.samt.fr\/wp-content\/uploads\/2022\/12\/samt_domes_albioma_3e_radier_une.jpg') !important;\"><a href=\"https:\/\/www.samt.fr\/en\/chantier-domes-albioma-le-port-ile-de-la-reunion\/\" title=\"Construction site: Albioma domes, Le Port, Reunion Island\" class=\"vc_gitem-link vc-zone-link\"><\/a><img decoding=\"async\" src=\"https:\/\/www.samt.fr\/wp-content\/uploads\/2022\/12\/samt_domes_albioma_3e_radier_une.jpg\" class=\"vc_gitem-zone-img\" alt=\"\"><div class=\"vc_gitem-zone-mini\"><\/div><\/div><\/div><div class=\"vc_gitem-zone vc_gitem-zone-c\"><div class=\"vc_gitem-zone-mini\"><div class=\"vc_gitem_row vc_row vc_gitem-row-position-top\"><div class=\"vc_col-sm-12 vc_gitem-col vc_gitem-col-align-\"><div class=\"vc_empty_space\"   style=\"height: 10px\"><span class=\"vc_empty_space_inner\"><\/span><\/div><div class=\"vc_custom_heading vc_gitem-post-data vc_gitem-post-data-source-post_title\" ><h4 style=\"text-align: left\" >Construction site: Albioma domes, Le Port, Reunion Island<\/h4><\/div><div class=\"vc_custom_heading vc_gitem-post-data vc_gitem-post-data-source-post_date\" ><div style=\"font-size: 10px;color: #757575;line-height: 20px;text-align: left\" >20 December 2022<\/div><\/div><div class=\"vc_custom_heading vc_gitem-post-data vc_gitem-post-data-source-post_excerpt\" ><p style=\"text-align: left\" >Before going on vacation for the construction holidays on Reunion Island, our teams [...]<\/p><\/div><div class=\"vc_btn3-container vc_btn3-left\"><a class=\"vc_general vc_btn3 vc_btn3-size-md vc_btn3-shape-square vc_btn3-style-flat vc_btn3-color-default\" a href=\"https:\/\/www.samt.fr\/en\/chantier-domes-albioma-le-port-ile-de-la-reunion\/\" title=\"Read more\">Read more<\/a><\/div><\/div><\/div><\/div><\/div><\/div><div class=\"vc_clearfix\"><\/div><\/div><div class=\"vc_grid-item vc_clearfix vc_col-sm-3 vc_grid-item-zone-c-bottom\"><div class=\"vc_grid-item-mini vc_clearfix\"><div class=\"vc_gitem-animated-block\" ><div class=\"vc_gitem-zone vc_gitem-zone-a vc_custom_1643288572048 vc-gitem-zone-height-mode-auto vc-gitem-zone-height-mode-auto-1-1 vc_gitem-is-link\" style=\"background-image: url('https:\/\/www.samt.fr\/wp-content\/uploads\/2022\/11\/samt_voussoirs_hs2_birmingham_une.jpg') !important;\"><a href=\"https:\/\/www.samt.fr\/en\/chantier-viaducs-ferroviaires-delta-junction-hs2-a-birmingham-royaume-uni\/\" title=\"Construction site: Delta Junction HS2 railway viaducts in Birmingham, UK\" class=\"vc_gitem-link vc-zone-link\"><\/a><img decoding=\"async\" src=\"https:\/\/www.samt.fr\/wp-content\/uploads\/2022\/11\/samt_voussoirs_hs2_birmingham_une.jpg\" class=\"vc_gitem-zone-img\" alt=\"\"><div class=\"vc_gitem-zone-mini\"><\/div><\/div><\/div><div class=\"vc_gitem-zone vc_gitem-zone-c\"><div class=\"vc_gitem-zone-mini\"><div class=\"vc_gitem_row vc_row vc_gitem-row-position-top\"><div class=\"vc_col-sm-12 vc_gitem-col vc_gitem-col-align-\"><div class=\"vc_empty_space\"   style=\"height: 10px\"><span class=\"vc_empty_space_inner\"><\/span><\/div><div class=\"vc_custom_heading vc_gitem-post-data vc_gitem-post-data-source-post_title\" ><h4 style=\"text-align: left\" >Construction site: Delta Junction HS2 railway viaducts in Birmingham, UK<\/h4><\/div><div class=\"vc_custom_heading vc_gitem-post-data vc_gitem-post-data-source-post_date\" ><div style=\"font-size: 10px;color: #757575;line-height: 20px;text-align: left\" >29 November 2022<\/div><\/div><div class=\"vc_custom_heading vc_gitem-post-data vc_gitem-post-data-source-post_excerpt\" ><p style=\"text-align: left\" >As part of the new High Speed \u200b\u200b2 (HS2) high-speed line, we are starting [...]<\/p><\/div><div class=\"vc_btn3-container vc_btn3-left\"><a class=\"vc_general vc_btn3 vc_btn3-size-md vc_btn3-shape-square vc_btn3-style-flat vc_btn3-color-default\" a href=\"https:\/\/www.samt.fr\/en\/chantier-viaducs-ferroviaires-delta-junction-hs2-a-birmingham-royaume-uni\/\" title=\"Read more\">Read more<\/a><\/div><\/div><\/div><\/div><\/div><\/div><div class=\"vc_clearfix\"><\/div><\/div><div class=\"vc_grid-item vc_clearfix vc_col-sm-3 vc_grid-item-zone-c-bottom\"><div class=\"vc_grid-item-mini vc_clearfix\"><div class=\"vc_gitem-animated-block\" ><div class=\"vc_gitem-zone vc_gitem-zone-a vc_custom_1643288572048 vc-gitem-zone-height-mode-auto vc-gitem-zone-height-mode-auto-1-1 vc_gitem-is-link\" style=\"background-image: url('https:\/\/www.samt.fr\/wp-content\/uploads\/2022\/11\/samt_viaduc_liaison_a1-m1_une.jpg') !important;\"><a href=\"https:\/\/www.samt.fr\/en\/chantier-a-l-ile-maurice-2\/\" title=\"Construction site in Mauritius\" class=\"vc_gitem-link vc-zone-link\"><\/a><img decoding=\"async\" src=\"https:\/\/www.samt.fr\/wp-content\/uploads\/2022\/11\/samt_viaduc_liaison_a1-m1_une.jpg\" class=\"vc_gitem-zone-img\" alt=\"\"><div class=\"vc_gitem-zone-mini\"><\/div><\/div><\/div><div class=\"vc_gitem-zone vc_gitem-zone-c\"><div class=\"vc_gitem-zone-mini\"><div class=\"vc_gitem_row vc_row vc_gitem-row-position-top\"><div class=\"vc_col-sm-12 vc_gitem-col vc_gitem-col-align-\"><div class=\"vc_empty_space\"   style=\"height: 10px\"><span class=\"vc_empty_space_inner\"><\/span><\/div><div class=\"vc_custom_heading vc_gitem-post-data vc_gitem-post-data-source-post_title\" ><h4 style=\"text-align: left\" >Construction site in Mauritius<\/h4><\/div><div class=\"vc_custom_heading vc_gitem-post-data vc_gitem-post-data-source-post_date\" ><div style=\"font-size: 10px;color: #757575;line-height: 20px;text-align: left\" >4 November 2022<\/div><\/div><div class=\"vc_custom_heading vc_gitem-post-data vc_gitem-post-data-source-post_excerpt\" ><p style=\"text-align: left\" >Our SAMT Mauritius team is still at work on the A1-M1 connecting viaduct [...]<\/p><\/div><div class=\"vc_btn3-container vc_btn3-left\"><a class=\"vc_general vc_btn3 vc_btn3-size-md vc_btn3-shape-square vc_btn3-style-flat vc_btn3-color-default\" a href=\"https:\/\/www.samt.fr\/en\/chantier-a-l-ile-maurice-2\/\" title=\"Read more\">Read more<\/a><\/div><\/div><\/div><\/div><\/div><\/div><div class=\"vc_clearfix\"><\/div><\/div><div class=\"vc_grid-item vc_clearfix vc_col-sm-3 vc_grid-item-zone-c-bottom\"><div class=\"vc_grid-item-mini vc_clearfix\"><div class=\"vc_gitem-animated-block\" ><div class=\"vc_gitem-zone vc_gitem-zone-a vc_custom_1643288572048 vc-gitem-zone-height-mode-auto vc-gitem-zone-height-mode-auto-1-1 vc_gitem-is-link\" style=\"background-image: url('https:\/\/www.samt.fr\/wp-content\/uploads\/2022\/11\/samt_passerelle_rapas_une.jpg') !important;\"><a href=\"https:\/\/www.samt.fr\/en\/histoire-dune-armature\/\" title=\"History of a frame\" class=\"vc_gitem-link vc-zone-link\"><\/a><img decoding=\"async\" src=\"https:\/\/www.samt.fr\/wp-content\/uploads\/2022\/11\/samt_passerelle_rapas_une.jpg\" class=\"vc_gitem-zone-img\" alt=\"\"><div class=\"vc_gitem-zone-mini\"><\/div><\/div><\/div><div class=\"vc_gitem-zone vc_gitem-zone-c\"><div class=\"vc_gitem-zone-mini\"><div class=\"vc_gitem_row vc_row vc_gitem-row-position-top\"><div class=\"vc_col-sm-12 vc_gitem-col vc_gitem-col-align-\"><div class=\"vc_empty_space\"   style=\"height: 10px\"><span class=\"vc_empty_space_inner\"><\/span><\/div><div class=\"vc_custom_heading vc_gitem-post-data vc_gitem-post-data-source-post_title\" ><h4 style=\"text-align: left\" >History of a frame<\/h4><\/div><div class=\"vc_custom_heading vc_gitem-post-data vc_gitem-post-data-source-post_date\" ><div style=\"font-size: 10px;color: #757575;line-height: 20px;text-align: left\" >29 October 2022<\/div><\/div><div class=\"vc_custom_heading vc_gitem-post-data vc_gitem-post-data-source-post_excerpt\" ><p style=\"text-align: left\" >A few months ago, we told you about this new construction site: the Rapas footbridge [...]<\/p><\/div><div class=\"vc_btn3-container vc_btn3-left\"><a class=\"vc_general vc_btn3 vc_btn3-size-md vc_btn3-shape-square vc_btn3-style-flat vc_btn3-color-default\" a href=\"https:\/\/www.samt.fr\/en\/histoire-dune-armature\/\" title=\"Read more\">Read more<\/a><\/div><\/div><\/div><\/div><\/div><\/div><div class=\"vc_clearfix\"><\/div><\/div><div class=\"vc_grid-item vc_clearfix vc_col-sm-3 vc_grid-item-zone-c-bottom\"><div class=\"vc_grid-item-mini vc_clearfix\"><div class=\"vc_gitem-animated-block\" ><div class=\"vc_gitem-zone vc_gitem-zone-a vc_custom_1643288572048 vc-gitem-zone-height-mode-auto vc-gitem-zone-height-mode-auto-1-1 vc_gitem-is-link\" style=\"background-image: url('https:\/\/www.samt.fr\/wp-content\/uploads\/2022\/11\/victoire_mathilde_gros_une.jpg') !important;\"><a href=\"https:\/\/www.samt.fr\/en\/victoire\/\" title=\"Victory!\" class=\"vc_gitem-link vc-zone-link\"><\/a><img decoding=\"async\" src=\"https:\/\/www.samt.fr\/wp-content\/uploads\/2022\/11\/victoire_mathilde_gros_une.jpg\" class=\"vc_gitem-zone-img\" alt=\"\"><div class=\"vc_gitem-zone-mini\"><\/div><\/div><\/div><div class=\"vc_gitem-zone vc_gitem-zone-c\"><div class=\"vc_gitem-zone-mini\"><div class=\"vc_gitem_row vc_row vc_gitem-row-position-top\"><div class=\"vc_col-sm-12 vc_gitem-col vc_gitem-col-align-\"><div class=\"vc_empty_space\"   style=\"height: 10px\"><span class=\"vc_empty_space_inner\"><\/span><\/div><div class=\"vc_custom_heading vc_gitem-post-data vc_gitem-post-data-source-post_title\" ><h4 style=\"text-align: left\" >Victory!<\/h4><\/div><div class=\"vc_custom_heading vc_gitem-post-data vc_gitem-post-data-source-post_date\" ><div style=\"font-size: 10px;color: #757575;line-height: 20px;text-align: left\" >15 October 2022<\/div><\/div><div class=\"vc_custom_heading vc_gitem-post-data vc_gitem-post-data-source-post_excerpt\" ><p style=\"text-align: left\" >WORLD CHAMPION: Mathilde Gros becomes world champion in individual track speed [...]<\/p><\/div><div class=\"vc_btn3-container vc_btn3-left\"><a class=\"vc_general vc_btn3 vc_btn3-size-md vc_btn3-shape-square vc_btn3-style-flat vc_btn3-color-default\" a href=\"https:\/\/www.samt.fr\/en\/victoire\/\" title=\"Read more\">Read more<\/a><\/div><\/div><\/div><\/div><\/div><\/div><div class=\"vc_clearfix\"><\/div><\/div><div class=\"vc_grid-item vc_clearfix vc_col-sm-3 vc_grid-item-zone-c-bottom\"><div class=\"vc_grid-item-mini vc_clearfix\"><div class=\"vc_gitem-animated-block\" ><div class=\"vc_gitem-zone vc_gitem-zone-a vc_custom_1643288572048 vc-gitem-zone-height-mode-auto vc-gitem-zone-height-mode-auto-1-1 vc_gitem-is-link\" style=\"background-image: url('https:\/\/www.samt.fr\/wp-content\/uploads\/2022\/11\/mathilde_gros_une.jpg') !important;\"><a href=\"https:\/\/www.samt.fr\/en\/allez-mathilde\/\" title=\"Allez Mathilde!\" class=\"vc_gitem-link vc-zone-link\"><\/a><img decoding=\"async\" src=\"https:\/\/www.samt.fr\/wp-content\/uploads\/2022\/11\/mathilde_gros_une.jpg\" class=\"vc_gitem-zone-img\" alt=\"\"><div class=\"vc_gitem-zone-mini\"><\/div><\/div><\/div><div class=\"vc_gitem-zone vc_gitem-zone-c\"><div class=\"vc_gitem-zone-mini\"><div class=\"vc_gitem_row vc_row vc_gitem-row-position-top\"><div class=\"vc_col-sm-12 vc_gitem-col vc_gitem-col-align-\"><div class=\"vc_empty_space\"   style=\"height: 10px\"><span class=\"vc_empty_space_inner\"><\/span><\/div><div class=\"vc_custom_heading vc_gitem-post-data vc_gitem-post-data-source-post_title\" ><h4 style=\"text-align: left\" >Allez Mathilde!<\/h4><\/div><div class=\"vc_custom_heading vc_gitem-post-data vc_gitem-post-data-source-post_date\" ><div style=\"font-size: 10px;color: #757575;line-height: 20px;text-align: left\" >9 October 2022<\/div><\/div><div class=\"vc_custom_heading vc_gitem-post-data vc_gitem-post-data-source-post_excerpt\" ><p style=\"text-align: left\" >From October 12 to 16, the track cycling world championships will take place in Saint-Quentin-en-Yvelines [...]<\/p><\/div><div class=\"vc_btn3-container vc_btn3-left\"><a class=\"vc_general vc_btn3 vc_btn3-size-md vc_btn3-shape-square vc_btn3-style-flat vc_btn3-color-default\" a href=\"https:\/\/www.samt.fr\/en\/allez-mathilde\/\" title=\"Read more\">Read more<\/a><\/div><\/div><\/div><\/div><\/div><\/div><div class=\"vc_clearfix\"><\/div><\/div><div class=\"vc_grid-item vc_clearfix vc_col-sm-3 vc_grid-item-zone-c-bottom\"><div class=\"vc_grid-item-mini vc_clearfix\"><div class=\"vc_gitem-animated-block\" ><div class=\"vc_gitem-zone vc_gitem-zone-a vc_custom_1643288572048 vc-gitem-zone-height-mode-auto vc-gitem-zone-height-mode-auto-1-1 vc_gitem-is-link\" style=\"background-image: url('https:\/\/www.samt.fr\/wp-content\/uploads\/2022\/09\/SAMT_livret_beton_arme-1024x1024.jpg') !important;\"><a href=\"https:\/\/www.samt.fr\/en\/je-decouvre-le-beton-arme\/\" title=\"La fabuleuse histoire du b\u00e9ton arm\u00e9\" class=\"vc_gitem-link vc-zone-link\"><\/a><img decoding=\"async\" src=\"https:\/\/www.samt.fr\/wp-content\/uploads\/2022\/09\/SAMT_livret_beton_arme-1024x1024.jpg\" class=\"vc_gitem-zone-img\" alt=\"\"><div class=\"vc_gitem-zone-mini\"><\/div><\/div><\/div><div class=\"vc_gitem-zone vc_gitem-zone-c\"><div class=\"vc_gitem-zone-mini\"><div class=\"vc_gitem_row vc_row vc_gitem-row-position-top\"><div class=\"vc_col-sm-12 vc_gitem-col vc_gitem-col-align-\"><div class=\"vc_empty_space\"   style=\"height: 10px\"><span class=\"vc_empty_space_inner\"><\/span><\/div><div class=\"vc_custom_heading vc_gitem-post-data vc_gitem-post-data-source-post_title\" ><h4 style=\"text-align: left\" >La fabuleuse histoire du b\u00e9ton arm\u00e9<\/h4><\/div><div class=\"vc_custom_heading vc_gitem-post-data vc_gitem-post-data-source-post_date\" ><div style=\"font-size: 10px;color: #757575;line-height: 20px;text-align: left\" >27 September 2022<\/div><\/div><div class=\"vc_custom_heading vc_gitem-post-data vc_gitem-post-data-source-post_excerpt\" ><p style=\"text-align: left\" >Si vous cherchez une belle histoire \u00e0 raconter le soir \u00e0 vos enfants, voici celle du [...]<\/p><\/div><div class=\"vc_btn3-container vc_btn3-left\"><a class=\"vc_general vc_btn3 vc_btn3-size-md vc_btn3-shape-square vc_btn3-style-flat vc_btn3-color-default\" a href=\"https:\/\/www.samt.fr\/en\/je-decouvre-le-beton-arme\/\" title=\"Read more\">Read more<\/a><\/div><\/div><\/div><\/div><\/div><\/div><div class=\"vc_clearfix\"><\/div><\/div><div class=\"vc_grid-item vc_clearfix vc_col-sm-3 vc_grid-item-zone-c-bottom\"><div class=\"vc_grid-item-mini vc_clearfix\"><div class=\"vc_gitem-animated-block\" ><div class=\"vc_gitem-zone vc_gitem-zone-a vc_custom_1643288572048 vc-gitem-zone-height-mode-auto vc-gitem-zone-height-mode-auto-1-1 vc_gitem-is-link\" style=\"background-image: url('https:\/\/www.samt.fr\/wp-content\/uploads\/2022\/09\/samt_viaducs_ferroviaires_Birmingham_une.jpg') !important;\"><a href=\"https:\/\/www.samt.fr\/en\/nouveaux-chantiers-viaducs-ferroviaires-pres-de-birmingham-royaume-uni\/\" title=\"New construction sites: railway viaducts near Birmingham, UK\" class=\"vc_gitem-link vc-zone-link\"><\/a><img decoding=\"async\" src=\"https:\/\/www.samt.fr\/wp-content\/uploads\/2022\/09\/samt_viaducs_ferroviaires_Birmingham_une.jpg\" class=\"vc_gitem-zone-img\" alt=\"\"><div class=\"vc_gitem-zone-mini\"><\/div><\/div><\/div><div class=\"vc_gitem-zone vc_gitem-zone-c\"><div class=\"vc_gitem-zone-mini\"><div class=\"vc_gitem_row vc_row vc_gitem-row-position-top\"><div class=\"vc_col-sm-12 vc_gitem-col vc_gitem-col-align-\"><div class=\"vc_empty_space\"   style=\"height: 10px\"><span class=\"vc_empty_space_inner\"><\/span><\/div><div class=\"vc_custom_heading vc_gitem-post-data vc_gitem-post-data-source-post_title\" ><h4 style=\"text-align: left\" >New construction sites: railway viaducts near Birmingham, UK<\/h4><\/div><div class=\"vc_custom_heading vc_gitem-post-data vc_gitem-post-data-source-post_date\" ><div style=\"font-size: 10px;color: #757575;line-height: 20px;text-align: left\" >20 September 2022<\/div><\/div><div class=\"vc_custom_heading vc_gitem-post-data vc_gitem-post-data-source-post_excerpt\" ><p style=\"text-align: left\" >As part of the new High Speed \u200b\u200b2 (HS2) high-speed line, we are starting [...]<\/p><\/div><div class=\"vc_btn3-container vc_btn3-left\"><a class=\"vc_general vc_btn3 vc_btn3-size-md vc_btn3-shape-square vc_btn3-style-flat vc_btn3-color-default\" a href=\"https:\/\/www.samt.fr\/en\/nouveaux-chantiers-viaducs-ferroviaires-pres-de-birmingham-royaume-uni\/\" title=\"Read more\">Read more<\/a><\/div><\/div><\/div><\/div><\/div><\/div><div class=\"vc_clearfix\"><\/div><\/div><div class=\"vc_grid-item vc_clearfix vc_col-sm-3 vc_grid-item-zone-c-bottom\"><div class=\"vc_grid-item-mini vc_clearfix\"><div class=\"vc_gitem-animated-block\" ><div class=\"vc_gitem-zone vc_gitem-zone-a vc_custom_1643288572048 vc-gitem-zone-height-mode-auto vc-gitem-zone-height-mode-auto-1-1 vc_gitem-is-link\" style=\"background-image: url('https:\/\/www.samt.fr\/wp-content\/uploads\/2022\/09\/samt_ouverture_nrl_une.jpg') !important;\"><a href=\"https:\/\/www.samt.fr\/en\/ouverture-la-nouvelle-route-du-littoral-ile-de-la-reunion\/\" title=\"Opening: the New Coastal Road, Reunion Island]\" class=\"vc_gitem-link vc-zone-link\"><\/a><img decoding=\"async\" src=\"https:\/\/www.samt.fr\/wp-content\/uploads\/2022\/09\/samt_ouverture_nrl_une.jpg\" class=\"vc_gitem-zone-img\" alt=\"\"><div class=\"vc_gitem-zone-mini\"><\/div><\/div><\/div><div class=\"vc_gitem-zone vc_gitem-zone-c\"><div class=\"vc_gitem-zone-mini\"><div class=\"vc_gitem_row vc_row vc_gitem-row-position-top\"><div class=\"vc_col-sm-12 vc_gitem-col vc_gitem-col-align-\"><div class=\"vc_empty_space\"   style=\"height: 10px\"><span class=\"vc_empty_space_inner\"><\/span><\/div><div class=\"vc_custom_heading vc_gitem-post-data vc_gitem-post-data-source-post_title\" ><h4 style=\"text-align: left\" >Opening: the New Coastal Road, Reunion Island]<\/h4><\/div><div class=\"vc_custom_heading vc_gitem-post-data vc_gitem-post-data-source-post_date\" ><div style=\"font-size: 10px;color: #757575;line-height: 20px;text-align: left\" >15 September 2022<\/div><\/div><div class=\"vc_custom_heading vc_gitem-post-data vc_gitem-post-data-source-post_excerpt\" ><p style=\"text-align: left\" >On Sunday August 28, 2022, the New Coastal Road of Reunion was opened to traffic [...]<\/p><\/div><div class=\"vc_btn3-container vc_btn3-left\"><a class=\"vc_general vc_btn3 vc_btn3-size-md vc_btn3-shape-square vc_btn3-style-flat vc_btn3-color-default\" a href=\"https:\/\/www.samt.fr\/en\/ouverture-la-nouvelle-route-du-littoral-ile-de-la-reunion\/\" title=\"Read more\">Read more<\/a><\/div><\/div><\/div><\/div><\/div><\/div><div class=\"vc_clearfix\"><\/div><\/div><div class=\"vc_grid-item vc_clearfix vc_col-sm-3 vc_grid-item-zone-c-bottom\"><div class=\"vc_grid-item-mini vc_clearfix\"><div class=\"vc_gitem-animated-block\" ><div class=\"vc_gitem-zone vc_gitem-zone-a vc_custom_1643288572048 vc-gitem-zone-height-mode-auto vc-gitem-zone-height-mode-auto-1-1 vc_gitem-is-link\" style=\"background-image: url('https:\/\/www.samt.fr\/wp-content\/uploads\/2022\/07\/samt_pont_larivot_guyane_1.jpg') !important;\"><a href=\"https:\/\/www.samt.fr\/en\/nouveau-chantier-le-nouveau-pont-du-larivot-en-guyane\/\" title=\"New construction site: the new Larivot bridge in Guyana\" class=\"vc_gitem-link vc-zone-link\"><\/a><img decoding=\"async\" src=\"https:\/\/www.samt.fr\/wp-content\/uploads\/2022\/07\/samt_pont_larivot_guyane_1.jpg\" class=\"vc_gitem-zone-img\" alt=\"\"><div class=\"vc_gitem-zone-mini\"><\/div><\/div><\/div><div class=\"vc_gitem-zone vc_gitem-zone-c\"><div class=\"vc_gitem-zone-mini\"><div class=\"vc_gitem_row vc_row vc_gitem-row-position-top\"><div class=\"vc_col-sm-12 vc_gitem-col vc_gitem-col-align-\"><div class=\"vc_empty_space\"   style=\"height: 10px\"><span class=\"vc_empty_space_inner\"><\/span><\/div><div class=\"vc_custom_heading vc_gitem-post-data vc_gitem-post-data-source-post_title\" ><h4 style=\"text-align: left\" >New construction site: the new Larivot bridge in Guyana<\/h4><\/div><div class=\"vc_custom_heading vc_gitem-post-data vc_gitem-post-data-source-post_date\" ><div style=\"font-size: 10px;color: #757575;line-height: 20px;text-align: left\" >11 July 2022<\/div><\/div><div class=\"vc_custom_heading vc_gitem-post-data vc_gitem-post-data-source-post_excerpt\" ><p style=\"text-align: left\" >This project consists of doubling the existing bridge which will accommodate road traffic going in the direction [...]<\/p><\/div><div class=\"vc_btn3-container vc_btn3-left\"><a class=\"vc_general vc_btn3 vc_btn3-size-md vc_btn3-shape-square vc_btn3-style-flat vc_btn3-color-default\" a href=\"https:\/\/www.samt.fr\/en\/nouveau-chantier-le-nouveau-pont-du-larivot-en-guyane\/\" title=\"Read more\">Read more<\/a><\/div><\/div><\/div><\/div><\/div><\/div><div class=\"vc_clearfix\"><\/div><\/div><div class=\"vc_grid-item vc_clearfix vc_col-sm-3 vc_grid-item-zone-c-bottom\"><div class=\"vc_grid-item-mini vc_clearfix\"><div class=\"vc_gitem-animated-block\" ><div class=\"vc_gitem-zone vc_gitem-zone-a vc_custom_1643288572048 vc-gitem-zone-height-mode-auto vc-gitem-zone-height-mode-auto-1-1 vc_gitem-is-link\" style=\"background-image: url('https:\/\/www.samt.fr\/wp-content\/uploads\/2022\/06\/samt_uve_saint-pierre_la_reunion_1.jpg') !important;\"><a href=\"https:\/\/www.samt.fr\/en\/chantier-usine-de-valorisation-des-dechets-uve-de-saint-pierre-ile-de-la-reunion\/\" title=\"Construction site: waste recovery plant (UVE) of Saint-Pierre, Reunion Island\" class=\"vc_gitem-link vc-zone-link\"><\/a><img decoding=\"async\" src=\"https:\/\/www.samt.fr\/wp-content\/uploads\/2022\/06\/samt_uve_saint-pierre_la_reunion_1.jpg\" class=\"vc_gitem-zone-img\" alt=\"\"><div class=\"vc_gitem-zone-mini\"><\/div><\/div><\/div><div class=\"vc_gitem-zone vc_gitem-zone-c\"><div class=\"vc_gitem-zone-mini\"><div class=\"vc_gitem_row vc_row vc_gitem-row-position-top\"><div class=\"vc_col-sm-12 vc_gitem-col vc_gitem-col-align-\"><div class=\"vc_empty_space\"   style=\"height: 10px\"><span class=\"vc_empty_space_inner\"><\/span><\/div><div class=\"vc_custom_heading vc_gitem-post-data vc_gitem-post-data-source-post_title\" ><h4 style=\"text-align: left\" >Construction site: waste recovery plant (UVE) of Saint-Pierre, Reunion Island<\/h4><\/div><div class=\"vc_custom_heading vc_gitem-post-data vc_gitem-post-data-source-post_date\" ><div style=\"font-size: 10px;color: #757575;line-height: 20px;text-align: left\" >27 June 2022<\/div><\/div><div class=\"vc_custom_heading vc_gitem-post-data vc_gitem-post-data-source-post_excerpt\" ><p style=\"text-align: left\" >After several months of work, our teams are still working on the UVE of Saint-Pierre with in particular [...]<\/p><\/div><div class=\"vc_btn3-container vc_btn3-left\"><a class=\"vc_general vc_btn3 vc_btn3-size-md vc_btn3-shape-square vc_btn3-style-flat vc_btn3-color-default\" a href=\"https:\/\/www.samt.fr\/en\/chantier-usine-de-valorisation-des-dechets-uve-de-saint-pierre-ile-de-la-reunion\/\" title=\"Read more\">Read more<\/a><\/div><\/div><\/div><\/div><\/div><\/div><div class=\"vc_clearfix\"><\/div><\/div><div class=\"vc_grid-item vc_clearfix vc_col-sm-3 vc_grid-item-zone-c-bottom\"><div class=\"vc_grid-item-mini vc_clearfix\"><div class=\"vc_gitem-animated-block\" ><div class=\"vc_gitem-zone vc_gitem-zone-a vc_custom_1643288572048 vc-gitem-zone-height-mode-auto vc-gitem-zone-height-mode-auto-1-1 vc_gitem-is-link\" style=\"background-image: url('https:\/\/www.samt.fr\/wp-content\/uploads\/2022\/06\/samt_gare_rer_e_porte_maillot_1.jpg') !important;\"><a href=\"https:\/\/www.samt.fr\/en\/chantier-nouvelle-gare-rer-e-de-la-porte-maillot-a-paris\/\" title=\"Construction site: New RER E station at Porte Maillot in Paris\" class=\"vc_gitem-link vc-zone-link\"><\/a><img decoding=\"async\" src=\"https:\/\/www.samt.fr\/wp-content\/uploads\/2022\/06\/samt_gare_rer_e_porte_maillot_1.jpg\" class=\"vc_gitem-zone-img\" alt=\"\"><div class=\"vc_gitem-zone-mini\"><\/div><\/div><\/div><div class=\"vc_gitem-zone vc_gitem-zone-c\"><div class=\"vc_gitem-zone-mini\"><div class=\"vc_gitem_row vc_row vc_gitem-row-position-top\"><div class=\"vc_col-sm-12 vc_gitem-col vc_gitem-col-align-\"><div class=\"vc_empty_space\"   style=\"height: 10px\"><span class=\"vc_empty_space_inner\"><\/span><\/div><div class=\"vc_custom_heading vc_gitem-post-data vc_gitem-post-data-source-post_title\" ><h4 style=\"text-align: left\" >Construction site: New RER E station at Porte Maillot in Paris<\/h4><\/div><div class=\"vc_custom_heading vc_gitem-post-data vc_gitem-post-data-source-post_date\" ><div style=\"font-size: 10px;color: #757575;line-height: 20px;text-align: left\" >21 June 2022<\/div><\/div><div class=\"vc_custom_heading vc_gitem-post-data vc_gitem-post-data-source-post_excerpt\" ><p style=\"text-align: left\" >For more than 3 years, our teams have been working on the construction of the future RER E station [...]<\/p><\/div><div class=\"vc_btn3-container vc_btn3-left\"><a class=\"vc_general vc_btn3 vc_btn3-size-md vc_btn3-shape-square vc_btn3-style-flat vc_btn3-color-default\" a href=\"https:\/\/www.samt.fr\/en\/chantier-nouvelle-gare-rer-e-de-la-porte-maillot-a-paris\/\" title=\"Read more\">Read more<\/a><\/div><\/div><\/div><\/div><\/div><\/div><div class=\"vc_clearfix\"><\/div><\/div><div class=\"vc_grid-item vc_clearfix vc_col-sm-3 vc_grid-item-zone-c-bottom\"><div class=\"vc_grid-item-mini vc_clearfix\"><div class=\"vc_gitem-animated-block\" ><div class=\"vc_gitem-zone vc_gitem-zone-a vc_custom_1643288572048 vc-gitem-zone-height-mode-auto vc-gitem-zone-height-mode-auto-1-1 vc_gitem-is-link\" style=\"background-image: url('https:\/\/www.samt.fr\/wp-content\/uploads\/2022\/06\/samt_passerelle_haubanee_rapas_toulouse_1.jpg') !important;\"><a href=\"https:\/\/www.samt.fr\/en\/nouveau-chantier-la-passerelle-rapas-a-toulouse\/\" title=\"New construction site: the Rapas footbridge in Toulouse\" class=\"vc_gitem-link vc-zone-link\"><\/a><img decoding=\"async\" src=\"https:\/\/www.samt.fr\/wp-content\/uploads\/2022\/06\/samt_passerelle_haubanee_rapas_toulouse_1.jpg\" class=\"vc_gitem-zone-img\" alt=\"\"><div class=\"vc_gitem-zone-mini\"><\/div><\/div><\/div><div class=\"vc_gitem-zone vc_gitem-zone-c\"><div class=\"vc_gitem-zone-mini\"><div class=\"vc_gitem_row vc_row vc_gitem-row-position-top\"><div class=\"vc_col-sm-12 vc_gitem-col vc_gitem-col-align-\"><div class=\"vc_empty_space\"   style=\"height: 10px\"><span class=\"vc_empty_space_inner\"><\/span><\/div><div class=\"vc_custom_heading vc_gitem-post-data vc_gitem-post-data-source-post_title\" ><h4 style=\"text-align: left\" >New construction site: the Rapas footbridge in Toulouse<\/h4><\/div><div class=\"vc_custom_heading vc_gitem-post-data vc_gitem-post-data-source-post_date\" ><div style=\"font-size: 10px;color: #757575;line-height: 20px;text-align: left\" >14 June 2022<\/div><\/div><div class=\"vc_custom_heading vc_gitem-post-data vc_gitem-post-data-source-post_excerpt\" ><p style=\"text-align: left\" >We will soon be supplying and installing the frames of the Rapas cable-stayed footbridge [...]<\/p><\/div><div class=\"vc_btn3-container vc_btn3-left\"><a class=\"vc_general vc_btn3 vc_btn3-size-md vc_btn3-shape-square vc_btn3-style-flat vc_btn3-color-default\" a href=\"https:\/\/www.samt.fr\/en\/nouveau-chantier-la-passerelle-rapas-a-toulouse\/\" title=\"Read more\">Read more<\/a><\/div><\/div><\/div><\/div><\/div><\/div><div class=\"vc_clearfix\"><\/div><\/div><div class=\"vc_grid-item vc_clearfix vc_col-sm-3 vc_grid-item-zone-c-bottom\"><div class=\"vc_grid-item-mini vc_clearfix\"><div class=\"vc_gitem-animated-block\" ><div class=\"vc_gitem-zone vc_gitem-zone-a vc_custom_1643288572048 vc-gitem-zone-height-mode-auto vc-gitem-zone-height-mode-auto-1-1 vc_gitem-is-link\" style=\"background-image: url('https:\/\/www.samt.fr\/wp-content\/uploads\/2022\/06\/samt_batiments_guadeloupe_1.jpg') !important;\"><a href=\"https:\/\/www.samt.fr\/en\/chantier-batiments-guadeloupe\/\" title=\"Construction site: buildings, Guadeloupe\" class=\"vc_gitem-link vc-zone-link\"><\/a><img decoding=\"async\" src=\"https:\/\/www.samt.fr\/wp-content\/uploads\/2022\/06\/samt_batiments_guadeloupe_1.jpg\" class=\"vc_gitem-zone-img\" alt=\"\"><div class=\"vc_gitem-zone-mini\"><\/div><\/div><\/div><div class=\"vc_gitem-zone vc_gitem-zone-c\"><div class=\"vc_gitem-zone-mini\"><div class=\"vc_gitem_row vc_row vc_gitem-row-position-top\"><div class=\"vc_col-sm-12 vc_gitem-col vc_gitem-col-align-\"><div class=\"vc_empty_space\"   style=\"height: 10px\"><span class=\"vc_empty_space_inner\"><\/span><\/div><div class=\"vc_custom_heading vc_gitem-post-data vc_gitem-post-data-source-post_title\" ><h4 style=\"text-align: left\" >Construction site: buildings, Guadeloupe<\/h4><\/div><div class=\"vc_custom_heading vc_gitem-post-data vc_gitem-post-data-source-post_date\" ><div style=\"font-size: 10px;color: #757575;line-height: 20px;text-align: left\" >9 June 2022<\/div><\/div><div class=\"vc_custom_heading vc_gitem-post-data vc_gitem-post-data-source-post_excerpt\" ><p style=\"text-align: left\" >The island of Guadeloupe is the most seismic department in France. In construction [...]<\/p><\/div><div class=\"vc_btn3-container vc_btn3-left\"><a class=\"vc_general vc_btn3 vc_btn3-size-md vc_btn3-shape-square vc_btn3-style-flat vc_btn3-color-default\" a href=\"https:\/\/www.samt.fr\/en\/chantier-batiments-guadeloupe\/\" title=\"Read more\">Read more<\/a><\/div><\/div><\/div><\/div><\/div><\/div><div class=\"vc_clearfix\"><\/div><\/div><div class=\"vc_grid-item vc_clearfix vc_col-sm-3 vc_grid-item-zone-c-bottom\"><div class=\"vc_grid-item-mini vc_clearfix\"><div class=\"vc_gitem-animated-block\" ><div class=\"vc_gitem-zone vc_gitem-zone-a vc_custom_1643288572048 vc-gitem-zone-height-mode-auto vc-gitem-zone-height-mode-auto-1-1 vc_gitem-is-link\" style=\"background-image: url('https:\/\/www.samt.fr\/wp-content\/uploads\/2022\/06\/samt_parc_eolien_macouba_1.jpg') !important;\"><a href=\"https:\/\/www.samt.fr\/en\/parc-eolien-de-macouba-ile-de-la-martinique\/\" title=\"Macouba, Martinique island]\" class=\"vc_gitem-link vc-zone-link\"><\/a><img decoding=\"async\" src=\"https:\/\/www.samt.fr\/wp-content\/uploads\/2022\/06\/samt_parc_eolien_macouba_1.jpg\" class=\"vc_gitem-zone-img\" alt=\"\"><div class=\"vc_gitem-zone-mini\"><\/div><\/div><\/div><div class=\"vc_gitem-zone vc_gitem-zone-c\"><div class=\"vc_gitem-zone-mini\"><div class=\"vc_gitem_row vc_row vc_gitem-row-position-top\"><div class=\"vc_col-sm-12 vc_gitem-col vc_gitem-col-align-\"><div class=\"vc_empty_space\"   style=\"height: 10px\"><span class=\"vc_empty_space_inner\"><\/span><\/div><div class=\"vc_custom_heading vc_gitem-post-data vc_gitem-post-data-source-post_title\" ><h4 style=\"text-align: left\" >Macouba, Martinique island]<\/h4><\/div><div class=\"vc_custom_heading vc_gitem-post-data vc_gitem-post-data-source-post_date\" ><div style=\"font-size: 10px;color: #757575;line-height: 20px;text-align: left\" >6 June 2022<\/div><\/div><div class=\"vc_custom_heading vc_gitem-post-data vc_gitem-post-data-source-post_excerpt\" ><p style=\"text-align: left\" >Let's go for the 6 wind turbine foundations in Macouba, in the north of Martinique. Our team [...]<\/p><\/div><div class=\"vc_btn3-container vc_btn3-left\"><a class=\"vc_general vc_btn3 vc_btn3-size-md vc_btn3-shape-square vc_btn3-style-flat vc_btn3-color-default\" a href=\"https:\/\/www.samt.fr\/en\/parc-eolien-de-macouba-ile-de-la-martinique\/\" title=\"Read more\">Read more<\/a><\/div><\/div><\/div><\/div><\/div><\/div><div class=\"vc_clearfix\"><\/div><\/div><div class=\"vc_grid-item vc_clearfix vc_col-sm-3 vc_grid-item-zone-c-bottom\"><div class=\"vc_grid-item-mini vc_clearfix\"><div class=\"vc_gitem-animated-block\" ><div class=\"vc_gitem-zone vc_gitem-zone-a vc_custom_1643288572048 vc-gitem-zone-height-mode-auto vc-gitem-zone-height-mode-auto-1-1 vc_gitem-is-link\" style=\"background-image: url('https:\/\/www.samt.fr\/wp-content\/uploads\/2022\/06\/samt_viaduc_de_liaison_a1-m1_ile_maurice_1.jpg') !important;\"><a href=\"https:\/\/www.samt.fr\/en\/chantier-a-lile-maurice\/\" title=\"Construction site in Mauritius\" class=\"vc_gitem-link vc-zone-link\"><\/a><img decoding=\"async\" src=\"https:\/\/www.samt.fr\/wp-content\/uploads\/2022\/06\/samt_viaduc_de_liaison_a1-m1_ile_maurice_1.jpg\" class=\"vc_gitem-zone-img\" alt=\"\"><div class=\"vc_gitem-zone-mini\"><\/div><\/div><\/div><div class=\"vc_gitem-zone vc_gitem-zone-c\"><div class=\"vc_gitem-zone-mini\"><div class=\"vc_gitem_row vc_row vc_gitem-row-position-top\"><div class=\"vc_col-sm-12 vc_gitem-col vc_gitem-col-align-\"><div class=\"vc_empty_space\"   style=\"height: 10px\"><span class=\"vc_empty_space_inner\"><\/span><\/div><div class=\"vc_custom_heading vc_gitem-post-data vc_gitem-post-data-source-post_title\" ><h4 style=\"text-align: left\" >Construction site in Mauritius<\/h4><\/div><div class=\"vc_custom_heading vc_gitem-post-data vc_gitem-post-data-source-post_date\" ><div style=\"font-size: 10px;color: #757575;line-height: 20px;text-align: left\" >31 May 2022<\/div><\/div><div class=\"vc_custom_heading vc_gitem-post-data vc_gitem-post-data-source-post_excerpt\" ><p style=\"text-align: left\" >Our SAMT Mauritius team, on a technical assistance mission for the installation of reinforcement, is still at work [...]<\/p><\/div><div class=\"vc_btn3-container vc_btn3-left\"><a class=\"vc_general vc_btn3 vc_btn3-size-md vc_btn3-shape-square vc_btn3-style-flat vc_btn3-color-default\" a href=\"https:\/\/www.samt.fr\/en\/chantier-a-lile-maurice\/\" title=\"Read more\">Read more<\/a><\/div><\/div><\/div><\/div><\/div><\/div><div class=\"vc_clearfix\"><\/div><\/div><div class=\"vc_grid-item vc_clearfix vc_col-sm-3 vc_grid-item-zone-c-bottom\"><div class=\"vc_grid-item-mini vc_clearfix\"><div class=\"vc_gitem-animated-block\" ><div class=\"vc_gitem-zone vc_gitem-zone-a vc_custom_1643288572048 vc-gitem-zone-height-mode-auto vc-gitem-zone-height-mode-auto-1-1 vc_gitem-is-link\" style=\"background-image: url('https:\/\/www.samt.fr\/wp-content\/uploads\/2022\/06\/samt_coeur_aeroport_marseille-provence_1.jpg') !important;\"><a href=\"https:\/\/www.samt.fr\/en\/coeur-aeroport-marseille-provence\/\" title=\"Heart Marseille-Provence airport\" class=\"vc_gitem-link vc-zone-link\"><\/a><img decoding=\"async\" src=\"https:\/\/www.samt.fr\/wp-content\/uploads\/2022\/06\/samt_coeur_aeroport_marseille-provence_1.jpg\" class=\"vc_gitem-zone-img\" alt=\"\"><div class=\"vc_gitem-zone-mini\"><\/div><\/div><\/div><div class=\"vc_gitem-zone vc_gitem-zone-c\"><div class=\"vc_gitem-zone-mini\"><div class=\"vc_gitem_row vc_row vc_gitem-row-position-top\"><div class=\"vc_col-sm-12 vc_gitem-col vc_gitem-col-align-\"><div class=\"vc_empty_space\"   style=\"height: 10px\"><span class=\"vc_empty_space_inner\"><\/span><\/div><div class=\"vc_custom_heading vc_gitem-post-data vc_gitem-post-data-source-post_title\" ><h4 style=\"text-align: left\" >Heart Marseille-Provence airport<\/h4><\/div><div class=\"vc_custom_heading vc_gitem-post-data vc_gitem-post-data-source-post_date\" ><div style=\"font-size: 10px;color: #757575;line-height: 20px;text-align: left\" >27 May 2022<\/div><\/div><div class=\"vc_custom_heading vc_gitem-post-data vc_gitem-post-data-source-post_excerpt\" ><p style=\"text-align: left\" >After just a few weeks of work, the installation of the 700 tons of reinforcement [...]<\/p><\/div><div class=\"vc_btn3-container vc_btn3-left\"><a class=\"vc_general vc_btn3 vc_btn3-size-md vc_btn3-shape-square vc_btn3-style-flat vc_btn3-color-default\" a href=\"https:\/\/www.samt.fr\/en\/coeur-aeroport-marseille-provence\/\" title=\"Read more\">Read more<\/a><\/div><\/div><\/div><\/div><\/div><\/div><div class=\"vc_clearfix\"><\/div><\/div><div class=\"vc_grid-item vc_clearfix vc_col-sm-3 vc_grid-item-zone-c-bottom\"><div class=\"vc_grid-item-mini vc_clearfix\"><div class=\"vc_gitem-animated-block\" ><div class=\"vc_gitem-zone vc_gitem-zone-a vc_custom_1643288572048 vc-gitem-zone-height-mode-auto vc-gitem-zone-height-mode-auto-1-1 vc_gitem-is-link\" style=\"background-image: url('https:\/\/www.samt.fr\/wp-content\/uploads\/2022\/05\/samt_nouvelle_identite_1.jpg') !important;\"><a href=\"https:\/\/www.samt.fr\/en\/communication\/\" title=\"Communication\" class=\"vc_gitem-link vc-zone-link\"><\/a><img decoding=\"async\" src=\"https:\/\/www.samt.fr\/wp-content\/uploads\/2022\/05\/samt_nouvelle_identite_1.jpg\" class=\"vc_gitem-zone-img\" alt=\"\"><div class=\"vc_gitem-zone-mini\"><\/div><\/div><\/div><div class=\"vc_gitem-zone vc_gitem-zone-c\"><div class=\"vc_gitem-zone-mini\"><div class=\"vc_gitem_row vc_row vc_gitem-row-position-top\"><div class=\"vc_col-sm-12 vc_gitem-col vc_gitem-col-align-\"><div class=\"vc_empty_space\"   style=\"height: 10px\"><span class=\"vc_empty_space_inner\"><\/span><\/div><div class=\"vc_custom_heading vc_gitem-post-data vc_gitem-post-data-source-post_title\" ><h4 style=\"text-align: left\" >Communication<\/h4><\/div><div class=\"vc_custom_heading vc_gitem-post-data vc_gitem-post-data-source-post_date\" ><div style=\"font-size: 10px;color: #757575;line-height: 20px;text-align: left\" >24 May 2022<\/div><\/div><div class=\"vc_custom_heading vc_gitem-post-data vc_gitem-post-data-source-post_excerpt\" ><p style=\"text-align: left\" >The SAMT is changing its visual identity (group and subsidiaries), to gain impact and visibility [...]<\/p><\/div><div class=\"vc_btn3-container vc_btn3-left\"><a class=\"vc_general vc_btn3 vc_btn3-size-md vc_btn3-shape-square vc_btn3-style-flat vc_btn3-color-default\" a href=\"https:\/\/www.samt.fr\/en\/communication\/\" title=\"Read more\">Read more<\/a><\/div><\/div><\/div><\/div><\/div><\/div><div class=\"vc_clearfix\"><\/div><\/div><div class=\"vc_grid-item vc_clearfix vc_col-sm-3 vc_grid-item-zone-c-bottom\"><div class=\"vc_grid-item-mini vc_clearfix\"><div class=\"vc_gitem-animated-block\" ><div class=\"vc_gitem-zone vc_gitem-zone-a vc_custom_1643288572048 vc-gitem-zone-height-mode-auto vc-gitem-zone-height-mode-auto-1-1 vc_gitem-is-link\" style=\"background-image: url('https:\/\/www.samt.fr\/wp-content\/uploads\/2022\/06\/samt_nice_saint-augustin_1.jpg') !important;\"><a href=\"https:\/\/www.samt.fr\/en\/chantier-magique-a-la-gare-routiere-de-nice-saint-augustin\/\" title=\"Magic construction site at the Nice Saint Augustin bus station\" class=\"vc_gitem-link vc-zone-link\"><\/a><img decoding=\"async\" src=\"https:\/\/www.samt.fr\/wp-content\/uploads\/2022\/06\/samt_nice_saint-augustin_1.jpg\" class=\"vc_gitem-zone-img\" alt=\"\"><div class=\"vc_gitem-zone-mini\"><\/div><\/div><\/div><div class=\"vc_gitem-zone vc_gitem-zone-c\"><div class=\"vc_gitem-zone-mini\"><div class=\"vc_gitem_row vc_row vc_gitem-row-position-top\"><div class=\"vc_col-sm-12 vc_gitem-col vc_gitem-col-align-\"><div class=\"vc_empty_space\"   style=\"height: 10px\"><span class=\"vc_empty_space_inner\"><\/span><\/div><div class=\"vc_custom_heading vc_gitem-post-data vc_gitem-post-data-source-post_title\" ><h4 style=\"text-align: left\" >Magic construction site at the Nice Saint Augustin bus station<\/h4><\/div><div class=\"vc_custom_heading vc_gitem-post-data vc_gitem-post-data-source-post_date\" ><div style=\"font-size: 10px;color: #757575;line-height: 20px;text-align: left\" >18 May 2022<\/div><\/div><div class=\"vc_custom_heading vc_gitem-post-data vc_gitem-post-data-source-post_excerpt\" ><p style=\"text-align: left\" >For those who dream of transparent concrete, some images of the frames of the posts, arches and beams [...]<\/p><\/div><div class=\"vc_btn3-container vc_btn3-left\"><a class=\"vc_general vc_btn3 vc_btn3-size-md vc_btn3-shape-square vc_btn3-style-flat vc_btn3-color-default\" a href=\"https:\/\/www.samt.fr\/en\/chantier-magique-a-la-gare-routiere-de-nice-saint-augustin\/\" title=\"Read more\">Read more<\/a><\/div><\/div><\/div><\/div><\/div><\/div><div class=\"vc_clearfix\"><\/div><\/div><div class=\"vc_grid-item vc_clearfix vc_col-sm-3 vc_grid-item-zone-c-bottom\"><div class=\"vc_grid-item-mini vc_clearfix\"><div class=\"vc_gitem-animated-block\" ><div class=\"vc_gitem-zone vc_gitem-zone-a vc_custom_1643288572048 vc-gitem-zone-height-mode-auto vc-gitem-zone-height-mode-auto-1-1 vc_gitem-is-link\" style=\"background-image: url('https:\/\/www.samt.fr\/wp-content\/uploads\/2022\/06\/samt_dome_albioma_1.jpg') !important;\"><a href=\"https:\/\/www.samt.fr\/en\/domes-spectaculaires-sur-l-ile-de-la-reunion\/\" title=\"Spectacular domes on Reunion Island\" class=\"vc_gitem-link vc-zone-link\"><\/a><img decoding=\"async\" src=\"https:\/\/www.samt.fr\/wp-content\/uploads\/2022\/06\/samt_dome_albioma_1.jpg\" class=\"vc_gitem-zone-img\" alt=\"\"><div class=\"vc_gitem-zone-mini\"><\/div><\/div><\/div><div class=\"vc_gitem-zone vc_gitem-zone-c\"><div class=\"vc_gitem-zone-mini\"><div class=\"vc_gitem_row vc_row vc_gitem-row-position-top\"><div class=\"vc_col-sm-12 vc_gitem-col vc_gitem-col-align-\"><div class=\"vc_empty_space\"   style=\"height: 10px\"><span class=\"vc_empty_space_inner\"><\/span><\/div><div class=\"vc_custom_heading vc_gitem-post-data vc_gitem-post-data-source-post_title\" ><h4 style=\"text-align: left\" >Spectacular domes on Reunion Island<\/h4><\/div><div class=\"vc_custom_heading vc_gitem-post-data vc_gitem-post-data-source-post_date\" ><div style=\"font-size: 10px;color: #757575;line-height: 20px;text-align: left\" >16 May 2022<\/div><\/div><div class=\"vc_custom_heading vc_gitem-post-data vc_gitem-post-data-source-post_excerpt\" ><p style=\"text-align: left\" >With the reinforcement of the inclined sides inside the domes, we are coming to the end of our work [...]<\/p><\/div><div class=\"vc_btn3-container vc_btn3-left\"><a class=\"vc_general vc_btn3 vc_btn3-size-md vc_btn3-shape-square vc_btn3-style-flat vc_btn3-color-default\" a href=\"https:\/\/www.samt.fr\/en\/domes-spectaculaires-sur-l-ile-de-la-reunion\/\" title=\"Read more\">Read more<\/a><\/div><\/div><\/div><\/div><\/div><\/div><div class=\"vc_clearfix\"><\/div><\/div><div class=\"vc_grid-item vc_clearfix vc_col-sm-3 vc_grid-item-zone-c-bottom\"><div class=\"vc_grid-item-mini vc_clearfix\"><div class=\"vc_gitem-animated-block\" ><div class=\"vc_gitem-zone vc_gitem-zone-a vc_custom_1643288572048 vc-gitem-zone-height-mode-auto vc-gitem-zone-height-mode-auto-1-1 vc_gitem-is-link\" style=\"background-image: url('https:\/\/www.samt.fr\/wp-content\/uploads\/2022\/04\/quai_joannes_couvert_1-1024x1024.jpg') !important;\"><a href=\"https:\/\/www.samt.fr\/en\/chantier-du-quai-joannes-couvert-le-havre\/\" title=\"Construction site of Quai Joann\u00e8s Couvert, Le Havre\" class=\"vc_gitem-link vc-zone-link\"><\/a><img decoding=\"async\" src=\"https:\/\/www.samt.fr\/wp-content\/uploads\/2022\/04\/quai_joannes_couvert_1-1024x1024.jpg\" class=\"vc_gitem-zone-img\" alt=\"\"><div class=\"vc_gitem-zone-mini\"><\/div><\/div><\/div><div class=\"vc_gitem-zone vc_gitem-zone-c\"><div class=\"vc_gitem-zone-mini\"><div class=\"vc_gitem_row vc_row vc_gitem-row-position-top\"><div class=\"vc_col-sm-12 vc_gitem-col vc_gitem-col-align-\"><div class=\"vc_empty_space\"   style=\"height: 10px\"><span class=\"vc_empty_space_inner\"><\/span><\/div><div class=\"vc_custom_heading vc_gitem-post-data vc_gitem-post-data-source-post_title\" ><h4 style=\"text-align: left\" >Construction site of Quai Joann\u00e8s Couvert, Le Havre<\/h4><\/div><div class=\"vc_custom_heading vc_gitem-post-data vc_gitem-post-data-source-post_date\" ><div style=\"font-size: 10px;color: #757575;line-height: 20px;text-align: left\" >4 April 2022<\/div><\/div><div class=\"vc_custom_heading vc_gitem-post-data vc_gitem-post-data-source-post_excerpt\" ><p style=\"text-align: left\" >While the navvies and founders are busy on the platform, our teams have started the prefabrication [...]<\/p><\/div><div class=\"vc_btn3-container vc_btn3-left\"><a class=\"vc_general vc_btn3 vc_btn3-size-md vc_btn3-shape-square vc_btn3-style-flat vc_btn3-color-default\" a href=\"https:\/\/www.samt.fr\/en\/chantier-du-quai-joannes-couvert-le-havre\/\" title=\"Read more\">Read more<\/a><\/div><\/div><\/div><\/div><\/div><\/div><div class=\"vc_clearfix\"><\/div><\/div><div class=\"vc_grid-item vc_clearfix vc_col-sm-3 vc_grid-item-zone-c-bottom\"><div class=\"vc_grid-item-mini vc_clearfix\"><div class=\"vc_gitem-animated-block\" ><div class=\"vc_gitem-zone vc_gitem-zone-a vc_custom_1643288572048 vc-gitem-zone-height-mode-auto vc-gitem-zone-height-mode-auto-1-1 vc_gitem-is-link\" style=\"background-image: url('https:\/\/www.samt.fr\/wp-content\/uploads\/2022\/04\/derniere_ligne_droite_parc_eolien_fecamp_1-1024x768.jpg') !important;\"><a href=\"https:\/\/www.samt.fr\/en\/derniere-ligne-droite-pour-le-parc-eolien-en-mer-de-fecamp\/\" title=\"Last straight line for the F\u00e9camp offshore wind farm\" class=\"vc_gitem-link vc-zone-link\"><\/a><img decoding=\"async\" src=\"https:\/\/www.samt.fr\/wp-content\/uploads\/2022\/04\/derniere_ligne_droite_parc_eolien_fecamp_1-1024x768.jpg\" class=\"vc_gitem-zone-img\" alt=\"\"><div class=\"vc_gitem-zone-mini\"><\/div><\/div><\/div><div class=\"vc_gitem-zone vc_gitem-zone-c\"><div class=\"vc_gitem-zone-mini\"><div class=\"vc_gitem_row vc_row vc_gitem-row-position-top\"><div class=\"vc_col-sm-12 vc_gitem-col vc_gitem-col-align-\"><div class=\"vc_empty_space\"   style=\"height: 10px\"><span class=\"vc_empty_space_inner\"><\/span><\/div><div class=\"vc_custom_heading vc_gitem-post-data vc_gitem-post-data-source-post_title\" ><h4 style=\"text-align: left\" >Last straight line for the F\u00e9camp offshore wind farm<\/h4><\/div><div class=\"vc_custom_heading vc_gitem-post-data vc_gitem-post-data-source-post_date\" ><div style=\"font-size: 10px;color: #757575;line-height: 20px;text-align: left\" >28 March 2022<\/div><\/div><div class=\"vc_custom_heading vc_gitem-post-data vc_gitem-post-data-source-post_excerpt\" ><p style=\"text-align: left\" >After 14 months of effort, we are in the home stretch with the last top rings [...]<\/p><\/div><div class=\"vc_btn3-container vc_btn3-left\"><a class=\"vc_general vc_btn3 vc_btn3-size-md vc_btn3-shape-square vc_btn3-style-flat vc_btn3-color-default\" a href=\"https:\/\/www.samt.fr\/en\/derniere-ligne-droite-pour-le-parc-eolien-en-mer-de-fecamp\/\" title=\"Read more\">Read more<\/a><\/div><\/div><\/div><\/div><\/div><\/div><div class=\"vc_clearfix\"><\/div><\/div><div class=\"vc_grid-item vc_clearfix vc_col-sm-3 vc_grid-item-zone-c-bottom\"><div class=\"vc_grid-item-mini vc_clearfix\"><div class=\"vc_gitem-animated-block\" ><div class=\"vc_gitem-zone vc_gitem-zone-a vc_custom_1643288572048 vc-gitem-zone-height-mode-auto vc-gitem-zone-height-mode-auto-1-1 vc_gitem-is-link\" style=\"background-image: url('https:\/\/www.samt.fr\/wp-content\/uploads\/2022\/04\/chantier_aeroport_marseille_provence-1024x627.jpg') !important;\"><a href=\"https:\/\/www.samt.fr\/en\/nouveau-chantier-laeroport-de-marseille-provence\/\" title=\"New project: Marseille Provence airport\" class=\"vc_gitem-link vc-zone-link\"><\/a><img decoding=\"async\" src=\"https:\/\/www.samt.fr\/wp-content\/uploads\/2022\/04\/chantier_aeroport_marseille_provence-1024x627.jpg\" class=\"vc_gitem-zone-img\" alt=\"\"><div class=\"vc_gitem-zone-mini\"><\/div><\/div><\/div><div class=\"vc_gitem-zone vc_gitem-zone-c\"><div class=\"vc_gitem-zone-mini\"><div class=\"vc_gitem_row vc_row vc_gitem-row-position-top\"><div class=\"vc_col-sm-12 vc_gitem-col vc_gitem-col-align-\"><div class=\"vc_empty_space\"   style=\"height: 10px\"><span class=\"vc_empty_space_inner\"><\/span><\/div><div class=\"vc_custom_heading vc_gitem-post-data vc_gitem-post-data-source-post_title\" ><h4 style=\"text-align: left\" >New project: Marseille Provence airport<\/h4><\/div><div class=\"vc_custom_heading vc_gitem-post-data vc_gitem-post-data-source-post_date\" ><div style=\"font-size: 10px;color: #757575;line-height: 20px;text-align: left\" >24 January 2022<\/div><\/div><div class=\"vc_custom_heading vc_gitem-post-data vc_gitem-post-data-source-post_excerpt\" ><p style=\"text-align: left\" ><p>In the \u201cairports\u201d series, in 2022 we will provide the reinforcements for the extension of Marseille-Provence airport [\u2026]<\/p>\n<\/p><\/div><div class=\"vc_btn3-container vc_btn3-left\"><a class=\"vc_general vc_btn3 vc_btn3-size-md vc_btn3-shape-square vc_btn3-style-flat vc_btn3-color-default\" a href=\"https:\/\/www.samt.fr\/en\/nouveau-chantier-laeroport-de-marseille-provence\/\" title=\"Read more\">Read more<\/a><\/div><\/div><\/div><\/div><\/div><\/div><div class=\"vc_clearfix\"><\/div><\/div><div class=\"vc_grid-item vc_clearfix vc_col-sm-3 vc_grid-item-zone-c-bottom\"><div class=\"vc_grid-item-mini vc_clearfix\"><div class=\"vc_gitem-animated-block\" ><div class=\"vc_gitem-zone vc_gitem-zone-a vc_custom_1643288572048 vc-gitem-zone-height-mode-auto vc-gitem-zone-height-mode-auto-1-1 vc_gitem-is-link\" style=\"background-image: url('https:\/\/www.samt.fr\/wp-content\/uploads\/2022\/04\/aeroport_la_reunion_hall_arrivee_aia_fife-1024x683.jpg') !important;\"><a href=\"https:\/\/www.samt.fr\/en\/nouveau-chantier-laeroport-rolland-garros-a-la-reunion\/\" title=\"New project: Rolland Garros airport in R\u00e9union\" class=\"vc_gitem-link vc-zone-link\"><\/a><img decoding=\"async\" src=\"https:\/\/www.samt.fr\/wp-content\/uploads\/2022\/04\/aeroport_la_reunion_hall_arrivee_aia_fife-1024x683.jpg\" class=\"vc_gitem-zone-img\" alt=\"\"><div class=\"vc_gitem-zone-mini\"><\/div><\/div><\/div><div class=\"vc_gitem-zone vc_gitem-zone-c\"><div class=\"vc_gitem-zone-mini\"><div class=\"vc_gitem_row vc_row vc_gitem-row-position-top\"><div class=\"vc_col-sm-12 vc_gitem-col vc_gitem-col-align-\"><div class=\"vc_empty_space\"   style=\"height: 10px\"><span class=\"vc_empty_space_inner\"><\/span><\/div><div class=\"vc_custom_heading vc_gitem-post-data vc_gitem-post-data-source-post_title\" ><h4 style=\"text-align: left\" >New project: Rolland Garros airport in R\u00e9union<\/h4><\/div><div class=\"vc_custom_heading vc_gitem-post-data vc_gitem-post-data-source-post_date\" ><div style=\"font-size: 10px;color: #757575;line-height: 20px;text-align: left\" >6 January 2022<\/div><\/div><div class=\"vc_custom_heading vc_gitem-post-data vc_gitem-post-data-source-post_excerpt\" ><p style=\"text-align: left\" ><p>From the beginning of 2022, our teams on Reunion Island will supply [\u2026]<\/p>\n<\/p><\/div><div class=\"vc_btn3-container vc_btn3-left\"><a class=\"vc_general vc_btn3 vc_btn3-size-md vc_btn3-shape-square vc_btn3-style-flat vc_btn3-color-default\" a href=\"https:\/\/www.samt.fr\/en\/nouveau-chantier-laeroport-rolland-garros-a-la-reunion\/\" title=\"Read more\">Read more<\/a><\/div><\/div><\/div><\/div><\/div><\/div><div class=\"vc_clearfix\"><\/div><\/div><div class=\"vc_grid-item vc_clearfix vc_col-sm-3 vc_grid-item-zone-c-bottom\"><div class=\"vc_grid-item-mini vc_clearfix\"><div class=\"vc_gitem-animated-block\" ><div class=\"vc_gitem-zone vc_gitem-zone-a vc_custom_1643288572048 vc-gitem-zone-height-mode-auto vc-gitem-zone-height-mode-auto-1-1 vc_gitem-is-link\" style=\"background-image: url('https:\/\/www.samt.fr\/wp-content\/uploads\/2022\/04\/samt_des_eoliennes_et_des_iles_2-1024x1024.jpg') !important;\"><a href=\"https:\/\/www.samt.fr\/en\/des-eoliennes-et-des-iles\/\" title=\"Wind turbines and islands\" class=\"vc_gitem-link vc-zone-link\"><\/a><img decoding=\"async\" src=\"https:\/\/www.samt.fr\/wp-content\/uploads\/2022\/04\/samt_des_eoliennes_et_des_iles_2-1024x1024.jpg\" class=\"vc_gitem-zone-img\" alt=\"\"><div class=\"vc_gitem-zone-mini\"><\/div><\/div><\/div><div class=\"vc_gitem-zone vc_gitem-zone-c\"><div class=\"vc_gitem-zone-mini\"><div class=\"vc_gitem_row vc_row vc_gitem-row-position-top\"><div class=\"vc_col-sm-12 vc_gitem-col vc_gitem-col-align-\"><div class=\"vc_empty_space\"   style=\"height: 10px\"><span class=\"vc_empty_space_inner\"><\/span><\/div><div class=\"vc_custom_heading vc_gitem-post-data vc_gitem-post-data-source-post_title\" ><h4 style=\"text-align: left\" >Wind turbines and islands<\/h4><\/div><div class=\"vc_custom_heading vc_gitem-post-data vc_gitem-post-data-source-post_date\" ><div style=\"font-size: 10px;color: #757575;line-height: 20px;text-align: left\" >30 November 2021<\/div><\/div><div class=\"vc_custom_heading vc_gitem-post-data vc_gitem-post-data-source-post_excerpt\" ><p style=\"text-align: left\" >Beyond the foundations of offshore wind turbines currently being built in F\u00e9camp, we are working on numerous wind projects [...]<\/p><\/div><div class=\"vc_btn3-container vc_btn3-left\"><a class=\"vc_general vc_btn3 vc_btn3-size-md vc_btn3-shape-square vc_btn3-style-flat vc_btn3-color-default\" a href=\"https:\/\/www.samt.fr\/en\/des-eoliennes-et-des-iles\/\" title=\"Read more\">Read more<\/a><\/div><\/div><\/div><\/div><\/div><\/div><div class=\"vc_clearfix\"><\/div><\/div><div class=\"vc_grid-item vc_clearfix vc_col-sm-3 vc_grid-item-zone-c-bottom\"><div class=\"vc_grid-item-mini vc_clearfix\"><div class=\"vc_gitem-animated-block\" ><div class=\"vc_gitem-zone vc_gitem-zone-a vc_custom_1643288572048 vc-gitem-zone-height-mode-auto vc-gitem-zone-height-mode-auto-1-1 vc_gitem-is-link\" style=\"background-image: url('https:\/\/www.samt.fr\/wp-content\/uploads\/2022\/12\/carte_de_voeux_samt_2022.gif') !important;\"><a href=\"https:\/\/www.samt.fr\/en\/meilleurs-voeux-pour-2022\/\" title=\"Best wishes for 2022\" class=\"vc_gitem-link vc-zone-link\"><\/a><img decoding=\"async\" src=\"https:\/\/www.samt.fr\/wp-content\/uploads\/2022\/12\/carte_de_voeux_samt_2022.gif\" class=\"vc_gitem-zone-img\" alt=\"\"><div class=\"vc_gitem-zone-mini\"><\/div><\/div><\/div><div class=\"vc_gitem-zone vc_gitem-zone-c\"><div class=\"vc_gitem-zone-mini\"><div class=\"vc_gitem_row vc_row vc_gitem-row-position-top\"><div class=\"vc_col-sm-12 vc_gitem-col vc_gitem-col-align-\"><div class=\"vc_empty_space\"   style=\"height: 10px\"><span class=\"vc_empty_space_inner\"><\/span><\/div><div class=\"vc_custom_heading vc_gitem-post-data vc_gitem-post-data-source-post_title\" ><h4 style=\"text-align: left\" >Best wishes for 2022<\/h4><\/div><div class=\"vc_custom_heading vc_gitem-post-data vc_gitem-post-data-source-post_date\" ><div style=\"font-size: 10px;color: #757575;line-height: 20px;text-align: left\" >3 January 2021<\/div><\/div><div class=\"vc_custom_heading vc_gitem-post-data vc_gitem-post-data-source-post_excerpt\" ><p style=\"text-align: left\" >The entire SAMT team wishes you a very successful 2022!<\/p><\/div><div class=\"vc_btn3-container vc_btn3-left\"><a class=\"vc_general vc_btn3 vc_btn3-size-md vc_btn3-shape-square vc_btn3-style-flat vc_btn3-color-default\" a href=\"https:\/\/www.samt.fr\/en\/meilleurs-voeux-pour-2022\/\" title=\"Read more\">Read more<\/a><\/div><\/div><\/div><\/div><\/div><\/div><div class=\"vc_clearfix\"><\/div><\/div><div class=\"vc_grid-item vc_clearfix vc_col-sm-3 vc_grid-item-zone-c-bottom\"><div class=\"vc_grid-item-mini vc_clearfix\"><div class=\"vc_gitem-animated-block\" ><div class=\"vc_gitem-zone vc_gitem-zone-a vc_custom_1643288572048 vc-gitem-zone-height-mode-auto vc-gitem-zone-height-mode-auto-1-1 vc_gitem-is-link\" style=\"background-image: url('https:\/\/www.samt.fr\/wp-content\/uploads\/2021\/10\/samt-tokamak-iter-0-resized-400x400-1.jpeg') !important;\"><a href=\"https:\/\/www.samt.fr\/en\/tokamak-diter-des-nouvelles\/\" title=\"Tokamak d&rsquo;ITER, des nouvelles\u2026\" class=\"vc_gitem-link vc-zone-link\"><\/a><img decoding=\"async\" src=\"https:\/\/www.samt.fr\/wp-content\/uploads\/2021\/10\/samt-tokamak-iter-0-resized-400x400-1.jpeg\" class=\"vc_gitem-zone-img\" alt=\"\"><div class=\"vc_gitem-zone-mini\"><\/div><\/div><\/div><div class=\"vc_gitem-zone vc_gitem-zone-c\"><div class=\"vc_gitem-zone-mini\"><div class=\"vc_gitem_row vc_row vc_gitem-row-position-top\"><div class=\"vc_col-sm-12 vc_gitem-col vc_gitem-col-align-\"><div class=\"vc_empty_space\"   style=\"height: 10px\"><span class=\"vc_empty_space_inner\"><\/span><\/div><div class=\"vc_custom_heading vc_gitem-post-data vc_gitem-post-data-source-post_title\" ><h4 style=\"text-align: left\" >Tokamak d&rsquo;ITER, des nouvelles\u2026<\/h4><\/div><div class=\"vc_custom_heading vc_gitem-post-data vc_gitem-post-data-source-post_date\" ><div style=\"font-size: 10px;color: #757575;line-height: 20px;text-align: left\" >12 April 2019<\/div><\/div><div class=\"vc_custom_heading vc_gitem-post-data vc_gitem-post-data-source-post_excerpt\" ><p style=\"text-align: left\" >Nous arrivons au bout du m\u00e9ga corbeau pour le pont roulant du Tokamak d\u2019ITER\u2026 conception, mod\u00e9lisation, [...]<\/p><\/div><div class=\"vc_btn3-container vc_btn3-left\"><a class=\"vc_general vc_btn3 vc_btn3-size-md vc_btn3-shape-square vc_btn3-style-flat vc_btn3-color-default\" a href=\"https:\/\/www.samt.fr\/en\/tokamak-diter-des-nouvelles\/\" title=\"Read more\">Read more<\/a><\/div><\/div><\/div><\/div><\/div><\/div><div class=\"vc_clearfix\"><\/div><\/div><div class=\"vc_grid-item vc_clearfix vc_col-sm-3 vc_grid-item-zone-c-bottom\"><div class=\"vc_grid-item-mini vc_clearfix\"><div class=\"vc_gitem-animated-block\" ><div class=\"vc_gitem-zone vc_gitem-zone-a vc_custom_1643288572048 vc-gitem-zone-height-mode-auto vc-gitem-zone-height-mode-auto-1-1 vc_gitem-is-link\" style=\"background-image: url('https:\/\/www.samt.fr\/wp-content\/uploads\/2021\/10\/La-Provence-SAMT-Les-Armaturiers-171212-resized-400x256-1.jpeg') !important;\"><a href=\"https:\/\/www.samt.fr\/en\/samt-les-armaturiers-a-la-base-du-squelette-qui-fait-tenir-le-tokamak\/\" title=\"SAMT Les Armaturiers : \u00c0 la base du squelette qui fait tenir le Tokamak\" class=\"vc_gitem-link vc-zone-link\"><\/a><img decoding=\"async\" src=\"https:\/\/www.samt.fr\/wp-content\/uploads\/2021\/10\/La-Provence-SAMT-Les-Armaturiers-171212-resized-400x256-1.jpeg\" class=\"vc_gitem-zone-img\" alt=\"\"><div class=\"vc_gitem-zone-mini\"><\/div><\/div><\/div><div class=\"vc_gitem-zone vc_gitem-zone-c\"><div class=\"vc_gitem-zone-mini\"><div class=\"vc_gitem_row vc_row vc_gitem-row-position-top\"><div class=\"vc_col-sm-12 vc_gitem-col vc_gitem-col-align-\"><div class=\"vc_empty_space\"   style=\"height: 10px\"><span class=\"vc_empty_space_inner\"><\/span><\/div><div class=\"vc_custom_heading vc_gitem-post-data vc_gitem-post-data-source-post_title\" ><h4 style=\"text-align: left\" >SAMT Les Armaturiers : \u00c0 la base du squelette qui fait tenir le Tokamak<\/h4><\/div><div class=\"vc_custom_heading vc_gitem-post-data vc_gitem-post-data-source-post_date\" ><div style=\"font-size: 10px;color: #757575;line-height: 20px;text-align: left\" >18 December 2017<\/div><\/div><div class=\"vc_custom_heading vc_gitem-post-data vc_gitem-post-data-source-post_excerpt\" ><p style=\"text-align: left\" ><p>Ils ont l\u2019habitude d\u2019\u0153uvrer dans l\u2019ombre de plus grands. De faire le travail obscur, celui qui, [&hellip;]<\/p>\n<\/p><\/div><div class=\"vc_btn3-container vc_btn3-left\"><a class=\"vc_general vc_btn3 vc_btn3-size-md vc_btn3-shape-square vc_btn3-style-flat vc_btn3-color-default\" a href=\"https:\/\/www.samt.fr\/en\/samt-les-armaturiers-a-la-base-du-squelette-qui-fait-tenir-le-tokamak\/\" title=\"Read more\">Read more<\/a><\/div><\/div><\/div><\/div><\/div><\/div><div class=\"vc_clearfix\"><\/div><\/div><div class=\"vc_grid-item vc_clearfix vc_col-sm-3 vc_grid-item-zone-c-bottom\"><div class=\"vc_grid-item-mini vc_clearfix\"><div class=\"vc_gitem-animated-block\" ><div class=\"vc_gitem-zone vc_gitem-zone-a vc_custom_1643288572048 vc-gitem-zone-height-mode-auto vc-gitem-zone-height-mode-auto-1-1 vc_gitem-is-link\" style=\"background-image: url('https:\/\/www.samt.fr\/wp-content\/uploads\/2021\/10\/communique-de-presse-samt-nov2017-resized-400x256-1.jpeg') !important;\"><a href=\"https:\/\/www.samt.fr\/en\/2017-les-armaturiers-de-la-samt-engrangent-les-succes\/\" title=\"2017 : Les Armaturiers de la SAMT engrangent les succ\u00e8s !\" class=\"vc_gitem-link vc-zone-link\"><\/a><img decoding=\"async\" src=\"https:\/\/www.samt.fr\/wp-content\/uploads\/2021\/10\/communique-de-presse-samt-nov2017-resized-400x256-1.jpeg\" class=\"vc_gitem-zone-img\" alt=\"\"><div class=\"vc_gitem-zone-mini\"><\/div><\/div><\/div><div class=\"vc_gitem-zone vc_gitem-zone-c\"><div class=\"vc_gitem-zone-mini\"><div class=\"vc_gitem_row vc_row vc_gitem-row-position-top\"><div class=\"vc_col-sm-12 vc_gitem-col vc_gitem-col-align-\"><div class=\"vc_empty_space\"   style=\"height: 10px\"><span class=\"vc_empty_space_inner\"><\/span><\/div><div class=\"vc_custom_heading vc_gitem-post-data vc_gitem-post-data-source-post_title\" ><h4 style=\"text-align: left\" >2017 : Les Armaturiers de la SAMT engrangent les succ\u00e8s !<\/h4><\/div><div class=\"vc_custom_heading vc_gitem-post-data vc_gitem-post-data-source-post_date\" ><div style=\"font-size: 10px;color: #757575;line-height: 20px;text-align: left\" >3 November 2017<\/div><\/div><div class=\"vc_custom_heading vc_gitem-post-data vc_gitem-post-data-source-post_excerpt\" ><p style=\"text-align: left\" ><p>La soci\u00e9t\u00e9 SAMT (13 Saint-Chamas et Le Port, La R\u00e9union), sp\u00e9cialiste de l\u2019armature des grands ouvrages [&hellip;]<\/p>\n<\/p><\/div><div class=\"vc_btn3-container vc_btn3-left\"><a class=\"vc_general vc_btn3 vc_btn3-size-md vc_btn3-shape-square vc_btn3-style-flat vc_btn3-color-default\" a href=\"https:\/\/www.samt.fr\/en\/2017-les-armaturiers-de-la-samt-engrangent-les-succes\/\" title=\"Read more\">Read more<\/a><\/div><\/div><\/div><\/div><\/div><\/div><div class=\"vc_clearfix\"><\/div><\/div><div class=\"vc_grid-item vc_clearfix vc_col-sm-3 vc_grid-item-zone-c-bottom\"><div class=\"vc_grid-item-mini vc_clearfix\"><div class=\"vc_gitem-animated-block\" ><div class=\"vc_gitem-zone vc_gitem-zone-a vc_custom_1643288572048 vc-gitem-zone-height-mode-auto vc-gitem-zone-height-mode-auto-1-1 vc_gitem-is-link\" style=\"background-image: url('https:\/\/www.samt.fr\/wp-content\/uploads\/2021\/10\/samt-herisson-iter-mag-10-resized-400x256-1.jpeg') !important;\"><a href=\"https:\/\/www.samt.fr\/en\/lastucieux-petit-manchon\/\" title=\"L&rsquo;astucieux petit manchon\" class=\"vc_gitem-link vc-zone-link\"><\/a><img decoding=\"async\" src=\"https:\/\/www.samt.fr\/wp-content\/uploads\/2021\/10\/samt-herisson-iter-mag-10-resized-400x256-1.jpeg\" class=\"vc_gitem-zone-img\" alt=\"\"><div class=\"vc_gitem-zone-mini\"><\/div><\/div><\/div><div class=\"vc_gitem-zone vc_gitem-zone-c\"><div class=\"vc_gitem-zone-mini\"><div class=\"vc_gitem_row vc_row vc_gitem-row-position-top\"><div class=\"vc_col-sm-12 vc_gitem-col vc_gitem-col-align-\"><div class=\"vc_empty_space\"   style=\"height: 10px\"><span class=\"vc_empty_space_inner\"><\/span><\/div><div class=\"vc_custom_heading vc_gitem-post-data vc_gitem-post-data-source-post_title\" ><h4 style=\"text-align: left\" >L&rsquo;astucieux petit manchon<\/h4><\/div><div class=\"vc_custom_heading vc_gitem-post-data vc_gitem-post-data-source-post_date\" ><div style=\"font-size: 10px;color: #757575;line-height: 20px;text-align: left\" >15 September 2017<\/div><\/div><div class=\"vc_custom_heading vc_gitem-post-data vc_gitem-post-data-source-post_excerpt\" ><p style=\"text-align: left\" ><p>L&rsquo;acier et le b\u00e9ton se sont rencontr\u00e9s dans les derni\u00e8res ann\u00e9es du XIXe\u00a0si\u00e8cle et ne se [&hellip;]<\/p>\n<\/p><\/div><div class=\"vc_btn3-container vc_btn3-left\"><a class=\"vc_general vc_btn3 vc_btn3-size-md vc_btn3-shape-square vc_btn3-style-flat vc_btn3-color-default\" a href=\"https:\/\/www.samt.fr\/en\/lastucieux-petit-manchon\/\" title=\"Read more\">Read more<\/a><\/div><\/div><\/div><\/div><\/div><\/div><div class=\"vc_clearfix\"><\/div><\/div><div class=\"vc_grid-item vc_clearfix vc_col-sm-3 vc_grid-item-zone-c-bottom\"><div class=\"vc_grid-item-mini vc_clearfix\"><div class=\"vc_gitem-animated-block\" ><div class=\"vc_gitem-zone vc_gitem-zone-a vc_custom_1643288572048 vc-gitem-zone-height-mode-auto vc-gitem-zone-height-mode-auto-1-1 vc_gitem-is-link\" style=\"background-image: url('https:\/\/www.samt.fr\/wp-content\/uploads\/2021\/10\/SAMT-Ocean-Indien-film-NRL-deplacer-des-montagnes-resized-400x256-1.jpeg') !important;\"><a href=\"https:\/\/www.samt.fr\/en\/nrl-lincroyable-defi-deplacer-des-montagnes\/\" title=\"NRL, l&rsquo;incroyable d\u00e9fi : d\u00e9placer des montagnes\" class=\"vc_gitem-link vc-zone-link\"><\/a><img decoding=\"async\" src=\"https:\/\/www.samt.fr\/wp-content\/uploads\/2021\/10\/SAMT-Ocean-Indien-film-NRL-deplacer-des-montagnes-resized-400x256-1.jpeg\" class=\"vc_gitem-zone-img\" alt=\"\"><div class=\"vc_gitem-zone-mini\"><\/div><\/div><\/div><div class=\"vc_gitem-zone vc_gitem-zone-c\"><div class=\"vc_gitem-zone-mini\"><div class=\"vc_gitem_row vc_row vc_gitem-row-position-top\"><div class=\"vc_col-sm-12 vc_gitem-col vc_gitem-col-align-\"><div class=\"vc_empty_space\"   style=\"height: 10px\"><span class=\"vc_empty_space_inner\"><\/span><\/div><div class=\"vc_custom_heading vc_gitem-post-data vc_gitem-post-data-source-post_title\" ><h4 style=\"text-align: left\" >NRL, l&rsquo;incroyable d\u00e9fi : d\u00e9placer des montagnes<\/h4><\/div><div class=\"vc_custom_heading vc_gitem-post-data vc_gitem-post-data-source-post_date\" ><div style=\"font-size: 10px;color: #757575;line-height: 20px;text-align: left\" >22 May 2017<\/div><\/div><div class=\"vc_custom_heading vc_gitem-post-data vc_gitem-post-data-source-post_excerpt\" ><p style=\"text-align: left\" >48 piles sont n\u00e9cessaires pour construire le grand viaduc de la Nouvelle Route du Littoral. C'est [...]<\/p><\/div><div class=\"vc_btn3-container vc_btn3-left\"><a class=\"vc_general vc_btn3 vc_btn3-size-md vc_btn3-shape-square vc_btn3-style-flat vc_btn3-color-default\" a href=\"https:\/\/www.samt.fr\/en\/nrl-lincroyable-defi-deplacer-des-montagnes\/\" title=\"Read more\">Read more<\/a><\/div><\/div><\/div><\/div><\/div><\/div><div class=\"vc_clearfix\"><\/div><\/div><div class=\"vc_grid-item vc_clearfix vc_col-sm-3 vc_grid-item-zone-c-bottom\"><div class=\"vc_grid-item-mini vc_clearfix\"><div class=\"vc_gitem-animated-block\" ><div class=\"vc_gitem-zone vc_gitem-zone-a vc_custom_1643288572048 vc-gitem-zone-height-mode-auto vc-gitem-zone-height-mode-auto-1-1 vc_gitem-is-link\" style=\"background-image: url('https:\/\/www.samt.fr\/wp-content\/uploads\/2021\/10\/SAMT-Ocean-Indien-film-hommes-d-acier-O-tv-La-Reunion-resized-400x225-1.jpeg') !important;\"><a href=\"https:\/\/www.samt.fr\/en\/nrl-lincroyable-defi-les-hommes-dacier\/\" title=\"NRL, l&rsquo;incroyable d\u00e9fi : les Hommes d&rsquo;acier\" class=\"vc_gitem-link vc-zone-link\"><\/a><img decoding=\"async\" src=\"https:\/\/www.samt.fr\/wp-content\/uploads\/2021\/10\/SAMT-Ocean-Indien-film-hommes-d-acier-O-tv-La-Reunion-resized-400x225-1.jpeg\" class=\"vc_gitem-zone-img\" alt=\"\"><div class=\"vc_gitem-zone-mini\"><\/div><\/div><\/div><div class=\"vc_gitem-zone vc_gitem-zone-c\"><div class=\"vc_gitem-zone-mini\"><div class=\"vc_gitem_row vc_row vc_gitem-row-position-top\"><div class=\"vc_col-sm-12 vc_gitem-col vc_gitem-col-align-\"><div class=\"vc_empty_space\"   style=\"height: 10px\"><span class=\"vc_empty_space_inner\"><\/span><\/div><div class=\"vc_custom_heading vc_gitem-post-data vc_gitem-post-data-source-post_title\" ><h4 style=\"text-align: left\" >NRL, l&rsquo;incroyable d\u00e9fi : les Hommes d&rsquo;acier<\/h4><\/div><div class=\"vc_custom_heading vc_gitem-post-data vc_gitem-post-data-source-post_date\" ><div style=\"font-size: 10px;color: #757575;line-height: 20px;text-align: left\" >20 April 2017<\/div><\/div><div class=\"vc_custom_heading vc_gitem-post-data vc_gitem-post-data-source-post_excerpt\" ><p style=\"text-align: left\" ><p>Les Armaturiers r\u00e9alisent le \u00ab\u00a0squelette\u00a0\u00bb en m\u00e9tal des m\u00e9ga-structures de la Nouvelle Route du Littoral. Ils [&hellip;]<\/p>\n<\/p><\/div><div class=\"vc_btn3-container vc_btn3-left\"><a class=\"vc_general vc_btn3 vc_btn3-size-md vc_btn3-shape-square vc_btn3-style-flat vc_btn3-color-default\" a href=\"https:\/\/www.samt.fr\/en\/nrl-lincroyable-defi-les-hommes-dacier\/\" title=\"Read more\">Read more<\/a><\/div><\/div><\/div><\/div><\/div><\/div><div class=\"vc_clearfix\"><\/div><\/div><div class=\"vc_grid-item vc_clearfix vc_col-sm-3 vc_grid-item-zone-c-bottom\"><div class=\"vc_grid-item-mini vc_clearfix\"><div class=\"vc_gitem-animated-block\" ><div class=\"vc_gitem-zone vc_gitem-zone-a vc_custom_1643288572048 vc-gitem-zone-height-mode-auto vc-gitem-zone-height-mode-auto-1-1 vc_gitem-is-link\" style=\"background-image: url('https:\/\/www.samt.fr\/wp-content\/uploads\/2021\/10\/affiche-region-nrl-la-reunion-zoom-resized-400x256-1.jpeg') !important;\"><a href=\"https:\/\/www.samt.fr\/en\/des-reunionnais-engages\/\" title=\"Des R\u00e9unionnais engag\u00e9s !\" class=\"vc_gitem-link vc-zone-link\"><\/a><img decoding=\"async\" src=\"https:\/\/www.samt.fr\/wp-content\/uploads\/2021\/10\/affiche-region-nrl-la-reunion-zoom-resized-400x256-1.jpeg\" class=\"vc_gitem-zone-img\" alt=\"\"><div class=\"vc_gitem-zone-mini\"><\/div><\/div><\/div><div class=\"vc_gitem-zone vc_gitem-zone-c\"><div class=\"vc_gitem-zone-mini\"><div class=\"vc_gitem_row vc_row vc_gitem-row-position-top\"><div class=\"vc_col-sm-12 vc_gitem-col vc_gitem-col-align-\"><div class=\"vc_empty_space\"   style=\"height: 10px\"><span class=\"vc_empty_space_inner\"><\/span><\/div><div class=\"vc_custom_heading vc_gitem-post-data vc_gitem-post-data-source-post_title\" ><h4 style=\"text-align: left\" >Des R\u00e9unionnais engag\u00e9s !<\/h4><\/div><div class=\"vc_custom_heading vc_gitem-post-data vc_gitem-post-data-source-post_date\" ><div style=\"font-size: 10px;color: #757575;line-height: 20px;text-align: left\" >27 January 2017<\/div><\/div><div class=\"vc_custom_heading vc_gitem-post-data vc_gitem-post-data-source-post_excerpt\" ><p style=\"text-align: left\" >Un armaturier au travail sur le panneau appos\u00e9 par la R\u00e9gion \u00e0 l\u2019entr\u00e9e du chantier de [...]<\/p><\/div><div class=\"vc_btn3-container vc_btn3-left\"><a class=\"vc_general vc_btn3 vc_btn3-size-md vc_btn3-shape-square vc_btn3-style-flat vc_btn3-color-default\" a href=\"https:\/\/www.samt.fr\/en\/des-reunionnais-engages\/\" title=\"Read more\">Read more<\/a><\/div><\/div><\/div><\/div><\/div><\/div><div class=\"vc_clearfix\"><\/div><\/div><div class=\"vc_grid-item vc_clearfix vc_col-sm-3 vc_grid-item-zone-c-bottom\"><div class=\"vc_grid-item-mini vc_clearfix\"><div class=\"vc_gitem-animated-block\" ><div class=\"vc_gitem-zone vc_gitem-zone-a vc_custom_1643288572048 vc-gitem-zone-height-mode-auto vc-gitem-zone-height-mode-auto-1-1 vc_gitem-is-link\" style=\"background-image: url('https:\/\/www.samt.fr\/wp-content\/uploads\/2021\/10\/the-little-coupler-that-could-resized-400x256-1.jpeg') !important;\"><a href=\"https:\/\/www.samt.fr\/en\/the-little-coupler-that-could-iter-org\/\" title=\"The little coupler that could &#8211; iter.org\" class=\"vc_gitem-link vc-zone-link\"><\/a><img decoding=\"async\" src=\"https:\/\/www.samt.fr\/wp-content\/uploads\/2021\/10\/the-little-coupler-that-could-resized-400x256-1.jpeg\" class=\"vc_gitem-zone-img\" alt=\"\"><div class=\"vc_gitem-zone-mini\"><\/div><\/div><\/div><div class=\"vc_gitem-zone vc_gitem-zone-c\"><div class=\"vc_gitem-zone-mini\"><div class=\"vc_gitem_row vc_row vc_gitem-row-position-top\"><div class=\"vc_col-sm-12 vc_gitem-col vc_gitem-col-align-\"><div class=\"vc_empty_space\"   style=\"height: 10px\"><span class=\"vc_empty_space_inner\"><\/span><\/div><div class=\"vc_custom_heading vc_gitem-post-data vc_gitem-post-data-source-post_title\" ><h4 style=\"text-align: left\" >The little coupler that could &#8211; iter.org<\/h4><\/div><div class=\"vc_custom_heading vc_gitem-post-data vc_gitem-post-data-source-post_date\" ><div style=\"font-size: 10px;color: #757575;line-height: 20px;text-align: left\" >18 January 2017<\/div><\/div><div class=\"vc_custom_heading vc_gitem-post-data vc_gitem-post-data-source-post_excerpt\" ><p style=\"text-align: left\" ><p>Concrete and steel met at the end of the 19th century, never to part again. From [&hellip;]<\/p>\n<\/p><\/div><div class=\"vc_btn3-container vc_btn3-left\"><a class=\"vc_general vc_btn3 vc_btn3-size-md vc_btn3-shape-square vc_btn3-style-flat vc_btn3-color-default\" a href=\"https:\/\/www.samt.fr\/en\/the-little-coupler-that-could-iter-org\/\" title=\"Read more\">Read more<\/a><\/div><\/div><\/div><\/div><\/div><\/div><div class=\"vc_clearfix\"><\/div><\/div><div class=\"vc_grid-item vc_clearfix vc_col-sm-3 vc_grid-item-zone-c-bottom\"><div class=\"vc_grid-item-mini vc_clearfix\"><div class=\"vc_gitem-animated-block\" ><div class=\"vc_gitem-zone vc_gitem-zone-a vc_custom_1643288572048 vc-gitem-zone-height-mode-auto vc-gitem-zone-height-mode-auto-1-1 vc_gitem-is-link\" style=\"background-image: url('https:\/\/www.samt.fr\/wp-content\/uploads\/2021\/10\/video-otv-resized-400x256-1.jpeg') !important;\"><a href=\"https:\/\/www.samt.fr\/en\/les-armaturiers-fer-de-lance-des-ouvrages-exceptionnels\/\" title=\"Les armaturiers : fer de lance des ouvrages exceptionnels\" class=\"vc_gitem-link vc-zone-link\"><\/a><img decoding=\"async\" src=\"https:\/\/www.samt.fr\/wp-content\/uploads\/2021\/10\/video-otv-resized-400x256-1.jpeg\" class=\"vc_gitem-zone-img\" alt=\"\"><div class=\"vc_gitem-zone-mini\"><\/div><\/div><\/div><div class=\"vc_gitem-zone vc_gitem-zone-c\"><div class=\"vc_gitem-zone-mini\"><div class=\"vc_gitem_row vc_row vc_gitem-row-position-top\"><div class=\"vc_col-sm-12 vc_gitem-col vc_gitem-col-align-\"><div class=\"vc_empty_space\"   style=\"height: 10px\"><span class=\"vc_empty_space_inner\"><\/span><\/div><div class=\"vc_custom_heading vc_gitem-post-data vc_gitem-post-data-source-post_title\" ><h4 style=\"text-align: left\" >Les armaturiers : fer de lance des ouvrages exceptionnels<\/h4><\/div><div class=\"vc_custom_heading vc_gitem-post-data vc_gitem-post-data-source-post_date\" ><div style=\"font-size: 10px;color: #757575;line-height: 20px;text-align: left\" >22 September 2016<\/div><\/div><div class=\"vc_custom_heading vc_gitem-post-data vc_gitem-post-data-source-post_excerpt\" ><p style=\"text-align: left\" >Un reportage vid\u00e9o de\u00a0O'tv Regardez La R\u00e9union\u00a0sur le chantier de la Nouvelle Route du Littoral \u00e0 [...]<\/p><\/div><div class=\"vc_btn3-container vc_btn3-left\"><a class=\"vc_general vc_btn3 vc_btn3-size-md vc_btn3-shape-square vc_btn3-style-flat vc_btn3-color-default\" a href=\"https:\/\/www.samt.fr\/en\/les-armaturiers-fer-de-lance-des-ouvrages-exceptionnels\/\" title=\"Read more\">Read more<\/a><\/div><\/div><\/div><\/div><\/div><\/div><div class=\"vc_clearfix\"><\/div><\/div><div class=\"vc_grid-item vc_clearfix vc_col-sm-3 vc_grid-item-zone-c-bottom\"><div class=\"vc_grid-item-mini vc_clearfix\"><div class=\"vc_gitem-animated-block\" ><div class=\"vc_gitem-zone vc_gitem-zone-a vc_custom_1643288572048 vc-gitem-zone-height-mode-auto vc-gitem-zone-height-mode-auto-1-1 vc_gitem-is-link\" style=\"background-image: url('https:\/\/www.samt.fr\/wp-content\/uploads\/2021\/10\/armaturier-veritable-metier-d-art-resized-400x256-1.jpeg') !important;\"><a href=\"https:\/\/www.samt.fr\/en\/armaturier-un-veritable-metier-dart\/\" title=\"Armaturier, un v\u00e9ritable m\u00e9tier d&rsquo;art\" class=\"vc_gitem-link vc-zone-link\"><\/a><img decoding=\"async\" src=\"https:\/\/www.samt.fr\/wp-content\/uploads\/2021\/10\/armaturier-veritable-metier-d-art-resized-400x256-1.jpeg\" class=\"vc_gitem-zone-img\" alt=\"\"><div class=\"vc_gitem-zone-mini\"><\/div><\/div><\/div><div class=\"vc_gitem-zone vc_gitem-zone-c\"><div class=\"vc_gitem-zone-mini\"><div class=\"vc_gitem_row vc_row vc_gitem-row-position-top\"><div class=\"vc_col-sm-12 vc_gitem-col vc_gitem-col-align-\"><div class=\"vc_empty_space\"   style=\"height: 10px\"><span class=\"vc_empty_space_inner\"><\/span><\/div><div class=\"vc_custom_heading vc_gitem-post-data vc_gitem-post-data-source-post_title\" ><h4 style=\"text-align: left\" >Armaturier, un v\u00e9ritable m\u00e9tier d&rsquo;art<\/h4><\/div><div class=\"vc_custom_heading vc_gitem-post-data vc_gitem-post-data-source-post_date\" ><div style=\"font-size: 10px;color: #757575;line-height: 20px;text-align: left\" >2 September 2016<\/div><\/div><div class=\"vc_custom_heading vc_gitem-post-data vc_gitem-post-data-source-post_excerpt\" ><p style=\"text-align: left\" ><p>Un tr\u00e8s bel article sur notre m\u00e9tier, paru aujourd&rsquo;hui, dans le suppl\u00e9ment NRL du Journal de [&hellip;]<\/p>\n<\/p><\/div><div class=\"vc_btn3-container vc_btn3-left\"><a class=\"vc_general vc_btn3 vc_btn3-size-md vc_btn3-shape-square vc_btn3-style-flat vc_btn3-color-default\" a href=\"https:\/\/www.samt.fr\/en\/armaturier-un-veritable-metier-dart\/\" title=\"Read more\">Read more<\/a><\/div><\/div><\/div><\/div><\/div><\/div><div class=\"vc_clearfix\"><\/div><\/div><div class=\"vc_grid-item vc_clearfix vc_col-sm-3 vc_grid-item-zone-c-bottom\"><div class=\"vc_grid-item-mini vc_clearfix\"><div class=\"vc_gitem-animated-block\" ><div class=\"vc_gitem-zone vc_gitem-zone-a vc_custom_1643288572048 vc-gitem-zone-height-mode-auto vc-gitem-zone-height-mode-auto-1-1 vc_gitem-is-link\" style=\"background-image: url('https:\/\/www.samt.fr\/wp-content\/uploads\/2021\/10\/deviation-miramas-1-resized-400x256-1.jpeg') !important;\"><a href=\"https:\/\/www.samt.fr\/en\/deviation-de-miramas-france\/\" title=\"Miramas bypass main engineered structure (France)\" class=\"vc_gitem-link vc-zone-link\"><\/a><img decoding=\"async\" src=\"https:\/\/www.samt.fr\/wp-content\/uploads\/2021\/10\/deviation-miramas-1-resized-400x256-1.jpeg\" class=\"vc_gitem-zone-img\" alt=\"\"><div class=\"vc_gitem-zone-mini\"><\/div><\/div><\/div><div class=\"vc_gitem-zone vc_gitem-zone-c\"><div class=\"vc_gitem-zone-mini\"><div class=\"vc_gitem_row vc_row vc_gitem-row-position-top\"><div class=\"vc_col-sm-12 vc_gitem-col vc_gitem-col-align-\"><div class=\"vc_empty_space\"   style=\"height: 10px\"><span class=\"vc_empty_space_inner\"><\/span><\/div><div class=\"vc_custom_heading vc_gitem-post-data vc_gitem-post-data-source-post_title\" ><h4 style=\"text-align: left\" >Miramas bypass main engineered structure (France)<\/h4><\/div><div class=\"vc_custom_heading vc_gitem-post-data vc_gitem-post-data-source-post_date\" ><div style=\"font-size: 10px;color: #757575;line-height: 20px;text-align: left\" >13 November 2015<\/div><\/div><div class=\"vc_custom_heading vc_gitem-post-data vc_gitem-post-data-source-post_excerpt\" ><p style=\"text-align: left\" >The fixing team of SAMT Pose have just completed the Miramas, France, [...]<\/p><\/div><div class=\"vc_btn3-container vc_btn3-left\"><a class=\"vc_general vc_btn3 vc_btn3-size-md vc_btn3-shape-square vc_btn3-style-flat vc_btn3-color-default\" a href=\"https:\/\/www.samt.fr\/en\/deviation-de-miramas-france\/\" title=\"Read more\">Read more<\/a><\/div><\/div><\/div><\/div><\/div><\/div><div class=\"vc_clearfix\"><\/div><\/div><div class=\"vc_grid-item vc_clearfix vc_col-sm-3 vc_grid-item-zone-c-bottom\"><div class=\"vc_grid-item-mini vc_clearfix\"><div class=\"vc_gitem-animated-block\" ><div class=\"vc_gitem-zone vc_gitem-zone-a vc_custom_1643288572048 vc-gitem-zone-height-mode-auto vc-gitem-zone-height-mode-auto-1-1 vc_gitem-is-link\" style=\"background-image: url('https:\/\/www.samt.fr\/wp-content\/uploads\/2021\/10\/nrl-echangeur-de-la-possession-resized-400x256-1.jpeg') !important;\"><a href=\"https:\/\/www.samt.fr\/en\/nouvelle-route-du-littoral-ile-de-la-reunion\/\" title=\"New coastal road, Reunion island\" class=\"vc_gitem-link vc-zone-link\"><\/a><img decoding=\"async\" src=\"https:\/\/www.samt.fr\/wp-content\/uploads\/2021\/10\/nrl-echangeur-de-la-possession-resized-400x256-1.jpeg\" class=\"vc_gitem-zone-img\" alt=\"\"><div class=\"vc_gitem-zone-mini\"><\/div><\/div><\/div><div class=\"vc_gitem-zone vc_gitem-zone-c\"><div class=\"vc_gitem-zone-mini\"><div class=\"vc_gitem_row vc_row vc_gitem-row-position-top\"><div class=\"vc_col-sm-12 vc_gitem-col vc_gitem-col-align-\"><div class=\"vc_empty_space\"   style=\"height: 10px\"><span class=\"vc_empty_space_inner\"><\/span><\/div><div class=\"vc_custom_heading vc_gitem-post-data vc_gitem-post-data-source-post_title\" ><h4 style=\"text-align: left\" >New coastal road, Reunion island<\/h4><\/div><div class=\"vc_custom_heading vc_gitem-post-data vc_gitem-post-data-source-post_date\" ><div style=\"font-size: 10px;color: #757575;line-height: 20px;text-align: left\" >5 November 2015<\/div><\/div><div class=\"vc_custom_heading vc_gitem-post-data vc_gitem-post-data-source-post_excerpt\" ><p style=\"text-align: left\" ><p>Our Reunion island team has just completed the reinforcement of both carriageway bridge decks [\u2026]<\/p>\n<\/p><\/div><div class=\"vc_btn3-container vc_btn3-left\"><a class=\"vc_general vc_btn3 vc_btn3-size-md vc_btn3-shape-square vc_btn3-style-flat vc_btn3-color-default\" a href=\"https:\/\/www.samt.fr\/en\/nouvelle-route-du-littoral-ile-de-la-reunion\/\" title=\"Read more\">Read more<\/a><\/div><\/div><\/div><\/div><\/div><\/div><div class=\"vc_clearfix\"><\/div><\/div><div class=\"vc_grid-item vc_clearfix vc_col-sm-3 vc_grid-item-zone-c-bottom\"><div class=\"vc_grid-item-mini vc_clearfix\"><div class=\"vc_gitem-animated-block\" ><div class=\"vc_gitem-zone vc_gitem-zone-a vc_custom_1643288572048 vc-gitem-zone-height-mode-auto vc-gitem-zone-height-mode-auto-1-1 vc_gitem-is-link\" style=\"background-image: url('https:\/\/www.samt.fr\/wp-content\/uploads\/2021\/10\/lgv-nimes-montpellier1-resized-400x256-1.jpeg') !important;\"><a href=\"https:\/\/www.samt.fr\/en\/ligne-grande-vitesse-contournement-nimes-montpellier-france\/\" title=\"High-speed train line N\u00eemes-Montpellier (France)\" class=\"vc_gitem-link vc-zone-link\"><\/a><img decoding=\"async\" src=\"https:\/\/www.samt.fr\/wp-content\/uploads\/2021\/10\/lgv-nimes-montpellier1-resized-400x256-1.jpeg\" class=\"vc_gitem-zone-img\" alt=\"\"><div class=\"vc_gitem-zone-mini\"><\/div><\/div><\/div><div class=\"vc_gitem-zone vc_gitem-zone-c\"><div class=\"vc_gitem-zone-mini\"><div class=\"vc_gitem_row vc_row vc_gitem-row-position-top\"><div class=\"vc_col-sm-12 vc_gitem-col vc_gitem-col-align-\"><div class=\"vc_empty_space\"   style=\"height: 10px\"><span class=\"vc_empty_space_inner\"><\/span><\/div><div class=\"vc_custom_heading vc_gitem-post-data vc_gitem-post-data-source-post_title\" ><h4 style=\"text-align: left\" >High-speed train line N\u00eemes-Montpellier (France)<\/h4><\/div><div class=\"vc_custom_heading vc_gitem-post-data vc_gitem-post-data-source-post_date\" ><div style=\"font-size: 10px;color: #757575;line-height: 20px;text-align: left\" >27 October 2015<\/div><\/div><div class=\"vc_custom_heading vc_gitem-post-data vc_gitem-post-data-source-post_excerpt\" ><p style=\"text-align: left\" >Focus on the under-tracks structure of Manduel (Gard).\nFollowing the 1000 lm[...]<\/p><\/div><div class=\"vc_btn3-container vc_btn3-left\"><a class=\"vc_general vc_btn3 vc_btn3-size-md vc_btn3-shape-square vc_btn3-style-flat vc_btn3-color-default\" a href=\"https:\/\/www.samt.fr\/en\/ligne-grande-vitesse-contournement-nimes-montpellier-france\/\" title=\"Read more\">Read more<\/a><\/div><\/div><\/div><\/div><\/div><\/div><div class=\"vc_clearfix\"><\/div><\/div><div class=\"vc_grid-item vc_clearfix vc_col-sm-3 vc_grid-item-zone-c-bottom\"><div class=\"vc_grid-item-mini vc_clearfix\"><div class=\"vc_gitem-animated-block\" ><div class=\"vc_gitem-zone vc_gitem-zone-a vc_custom_1643288572048 vc-gitem-zone-height-mode-auto vc-gitem-zone-height-mode-auto-1-1 vc_gitem-is-link\" style=\"background-image: url('https:\/\/www.samt.fr\/wp-content\/uploads\/2021\/10\/150813-Quotidien-resized-400x256-1.jpeg') !important;\"><a href=\"https:\/\/www.samt.fr\/en\/des-apprentis-armaturiers-pour-la-nouvelle-route-du-littoral-la-reunion\/\" title=\"Apprentices Fixers for the New Coastal Road (Reunion Island)\" class=\"vc_gitem-link vc-zone-link\"><\/a><img decoding=\"async\" src=\"https:\/\/www.samt.fr\/wp-content\/uploads\/2021\/10\/150813-Quotidien-resized-400x256-1.jpeg\" class=\"vc_gitem-zone-img\" alt=\"\"><div class=\"vc_gitem-zone-mini\"><\/div><\/div><\/div><div class=\"vc_gitem-zone vc_gitem-zone-c\"><div class=\"vc_gitem-zone-mini\"><div class=\"vc_gitem_row vc_row vc_gitem-row-position-top\"><div class=\"vc_col-sm-12 vc_gitem-col vc_gitem-col-align-\"><div class=\"vc_empty_space\"   style=\"height: 10px\"><span class=\"vc_empty_space_inner\"><\/span><\/div><div class=\"vc_custom_heading vc_gitem-post-data vc_gitem-post-data-source-post_title\" ><h4 style=\"text-align: left\" >Apprentices Fixers for the New Coastal Road (Reunion Island)<\/h4><\/div><div class=\"vc_custom_heading vc_gitem-post-data vc_gitem-post-data-source-post_date\" ><div style=\"font-size: 10px;color: #757575;line-height: 20px;text-align: left\" >12 October 2015<\/div><\/div><div class=\"vc_custom_heading vc_gitem-post-data vc_gitem-post-data-source-post_excerpt\" ><p style=\"text-align: left\" >To satisfy the specific needs of this exceptional project we have launched a dedicated training course together with [...]<\/p><\/div><div class=\"vc_btn3-container vc_btn3-left\"><a class=\"vc_general vc_btn3 vc_btn3-size-md vc_btn3-shape-square vc_btn3-style-flat vc_btn3-color-default\" a href=\"https:\/\/www.samt.fr\/en\/des-apprentis-armaturiers-pour-la-nouvelle-route-du-littoral-la-reunion\/\" title=\"Read more\">Read more<\/a><\/div><\/div><\/div><\/div><\/div><\/div><div class=\"vc_clearfix\"><\/div><\/div><div class=\"vc_grid-item vc_clearfix vc_col-sm-3 vc_grid-item-zone-c-bottom\"><div class=\"vc_grid-item-mini vc_clearfix\"><div class=\"vc_gitem-animated-block\" ><div class=\"vc_gitem-zone vc_gitem-zone-a vc_custom_1643288572048 vc-gitem-zone-height-mode-auto vc-gitem-zone-height-mode-auto-1-1 vc_gitem-is-link\" style=\"background-image: url('https:\/\/www.samt.fr\/wp-content\/uploads\/2021\/10\/Cyrille-Genel-Paris-Brest-SAMT-1-resized-400x256-1.jpeg') !important;\"><a href=\"https:\/\/www.samt.fr\/en\/samt-sur-le-paris-brest-paris-2015-france\/\" title=\"SAMT and the Paris-Brest-Paris race (France)\" class=\"vc_gitem-link vc-zone-link\"><\/a><img decoding=\"async\" src=\"https:\/\/www.samt.fr\/wp-content\/uploads\/2021\/10\/Cyrille-Genel-Paris-Brest-SAMT-1-resized-400x256-1.jpeg\" class=\"vc_gitem-zone-img\" alt=\"\"><div class=\"vc_gitem-zone-mini\"><\/div><\/div><\/div><div class=\"vc_gitem-zone vc_gitem-zone-c\"><div class=\"vc_gitem-zone-mini\"><div class=\"vc_gitem_row vc_row vc_gitem-row-position-top\"><div class=\"vc_col-sm-12 vc_gitem-col vc_gitem-col-align-\"><div class=\"vc_empty_space\"   style=\"height: 10px\"><span class=\"vc_empty_space_inner\"><\/span><\/div><div class=\"vc_custom_heading vc_gitem-post-data vc_gitem-post-data-source-post_title\" ><h4 style=\"text-align: left\" >SAMT and the Paris-Brest-Paris race (France)<\/h4><\/div><div class=\"vc_custom_heading vc_gitem-post-data vc_gitem-post-data-source-post_date\" ><div style=\"font-size: 10px;color: #757575;line-height: 20px;text-align: left\" >31 August 2015<\/div><\/div><div class=\"vc_custom_heading vc_gitem-post-data vc_gitem-post-data-source-post_excerpt\" ><p style=\"text-align: left\" >Cyclist, Cyrille Genel, has honoured the SAMT Group whilst performing [...]<\/p><\/div><div class=\"vc_btn3-container vc_btn3-left\"><a class=\"vc_general vc_btn3 vc_btn3-size-md vc_btn3-shape-square vc_btn3-style-flat vc_btn3-color-default\" a href=\"https:\/\/www.samt.fr\/en\/samt-sur-le-paris-brest-paris-2015-france\/\" title=\"Read more\">Read more<\/a><\/div><\/div><\/div><\/div><\/div><\/div><div class=\"vc_clearfix\"><\/div><\/div><div class=\"vc_grid-item vc_clearfix vc_col-sm-3 vc_grid-item-zone-c-bottom\"><div class=\"vc_grid-item-mini vc_clearfix\"><div class=\"vc_gitem-animated-block\" ><div class=\"vc_gitem-zone vc_gitem-zone-a vc_custom_1643288572048 vc-gitem-zone-height-mode-auto vc-gitem-zone-height-mode-auto-1-1 vc_gitem-is-link\" style=\"background-image: url('https:\/\/www.samt.fr\/wp-content\/uploads\/2021\/10\/bioshield-1-resized-400x256-1.jpeg') !important;\"><a href=\"https:\/\/www.samt.fr\/en\/iter-tokamak-lot-tb03-cadarache-france-3\/\" title=\"ITER Tokamak TB03 section (Cadarache, France)\" class=\"vc_gitem-link vc-zone-link\"><\/a><img decoding=\"async\" src=\"https:\/\/www.samt.fr\/wp-content\/uploads\/2021\/10\/bioshield-1-resized-400x256-1.jpeg\" class=\"vc_gitem-zone-img\" alt=\"\"><div class=\"vc_gitem-zone-mini\"><\/div><\/div><\/div><div class=\"vc_gitem-zone vc_gitem-zone-c\"><div class=\"vc_gitem-zone-mini\"><div class=\"vc_gitem_row vc_row vc_gitem-row-position-top\"><div class=\"vc_col-sm-12 vc_gitem-col vc_gitem-col-align-\"><div class=\"vc_empty_space\"   style=\"height: 10px\"><span class=\"vc_empty_space_inner\"><\/span><\/div><div class=\"vc_custom_heading vc_gitem-post-data vc_gitem-post-data-source-post_title\" ><h4 style=\"text-align: left\" >ITER Tokamak TB03 section (Cadarache, France)<\/h4><\/div><div class=\"vc_custom_heading vc_gitem-post-data vc_gitem-post-data-source-post_date\" ><div style=\"font-size: 10px;color: #757575;line-height: 20px;text-align: left\" >27 July 2015<\/div><\/div><div class=\"vc_custom_heading vc_gitem-post-data vc_gitem-post-data-source-post_excerpt\" ><p style=\"text-align: left\" >Following SAMT Ingenierie 3D modelling of the reinforcement for the Bioshield, SAMT Pose is now delivering [...]<\/p><\/div><div class=\"vc_btn3-container vc_btn3-left\"><a class=\"vc_general vc_btn3 vc_btn3-size-md vc_btn3-shape-square vc_btn3-style-flat vc_btn3-color-default\" a href=\"https:\/\/www.samt.fr\/en\/iter-tokamak-lot-tb03-cadarache-france-3\/\" title=\"Read more\">Read more<\/a><\/div><\/div><\/div><\/div><\/div><\/div><div class=\"vc_clearfix\"><\/div><\/div><div class=\"vc_grid-item vc_clearfix vc_col-sm-3 vc_grid-item-zone-c-bottom\"><div class=\"vc_grid-item-mini vc_clearfix\"><div class=\"vc_gitem-animated-block\" ><div class=\"vc_gitem-zone vc_gitem-zone-a vc_custom_1643288572048 vc-gitem-zone-height-mode-auto vc-gitem-zone-height-mode-auto-1-1 vc_gitem-is-link\" style=\"background-image: url('https:\/\/www.samt.fr\/wp-content\/uploads\/2021\/10\/Presentation-BIOSHIELD-03092015-Plot-2-Central-PIT-VFR-SAMT-SENG-22-resized-400x.jpeg') !important;\"><a href=\"https:\/\/www.samt.fr\/en\/iter-tokamak-lot-tb03-cadarache-france-2\/\" title=\"ITER Tokamak TB03 section (Cadarache, France)\" class=\"vc_gitem-link vc-zone-link\"><\/a><img decoding=\"async\" src=\"https:\/\/www.samt.fr\/wp-content\/uploads\/2021\/10\/Presentation-BIOSHIELD-03092015-Plot-2-Central-PIT-VFR-SAMT-SENG-22-resized-400x.jpeg\" class=\"vc_gitem-zone-img\" alt=\"\"><div class=\"vc_gitem-zone-mini\"><\/div><\/div><\/div><div class=\"vc_gitem-zone vc_gitem-zone-c\"><div class=\"vc_gitem-zone-mini\"><div class=\"vc_gitem_row vc_row vc_gitem-row-position-top\"><div class=\"vc_col-sm-12 vc_gitem-col vc_gitem-col-align-\"><div class=\"vc_empty_space\"   style=\"height: 10px\"><span class=\"vc_empty_space_inner\"><\/span><\/div><div class=\"vc_custom_heading vc_gitem-post-data vc_gitem-post-data-source-post_title\" ><h4 style=\"text-align: left\" >ITER Tokamak TB03 section (Cadarache, France)<\/h4><\/div><div class=\"vc_custom_heading vc_gitem-post-data vc_gitem-post-data-source-post_date\" ><div style=\"font-size: 10px;color: #757575;line-height: 20px;text-align: left\" >20 July 2015<\/div><\/div><div class=\"vc_custom_heading vc_gitem-post-data vc_gitem-post-data-source-post_excerpt\" ><p style=\"text-align: left\" ><p>Through its partnership with STRUCTURES ENGINEERING, SAMT Ing\u00e9nierie is actively taking part into the Bioshield conception (Tokamak central [\u2026]<\/p>\n<\/p><\/div><div class=\"vc_btn3-container vc_btn3-left\"><a class=\"vc_general vc_btn3 vc_btn3-size-md vc_btn3-shape-square vc_btn3-style-flat vc_btn3-color-default\" a href=\"https:\/\/www.samt.fr\/en\/iter-tokamak-lot-tb03-cadarache-france-2\/\" title=\"Read more\">Read more<\/a><\/div><\/div><\/div><\/div><\/div><\/div><div class=\"vc_clearfix\"><\/div><\/div><div class=\"vc_grid-item vc_clearfix vc_col-sm-3 vc_grid-item-zone-c-bottom\"><div class=\"vc_grid-item-mini vc_clearfix\"><div class=\"vc_gitem-animated-block\" ><div class=\"vc_gitem-zone vc_gitem-zone-a vc_custom_1643288572048 vc-gitem-zone-height-mode-auto vc-gitem-zone-height-mode-auto-1-1 vc_gitem-is-link\" style=\"background-image: url('https:\/\/www.samt.fr\/wp-content\/uploads\/2021\/10\/lot-iter-tb03-1-resized-400x256-1.jpeg') !important;\"><a href=\"https:\/\/www.samt.fr\/en\/iter-tokamak-lot-tb03-cadarache-france\/\" title=\"ITER Tokamak TB03 section (Cadarache, France)\" class=\"vc_gitem-link vc-zone-link\"><\/a><img decoding=\"async\" src=\"https:\/\/www.samt.fr\/wp-content\/uploads\/2021\/10\/lot-iter-tb03-1-resized-400x256-1.jpeg\" class=\"vc_gitem-zone-img\" alt=\"\"><div class=\"vc_gitem-zone-mini\"><\/div><\/div><\/div><div class=\"vc_gitem-zone vc_gitem-zone-c\"><div class=\"vc_gitem-zone-mini\"><div class=\"vc_gitem_row vc_row vc_gitem-row-position-top\"><div class=\"vc_col-sm-12 vc_gitem-col vc_gitem-col-align-\"><div class=\"vc_empty_space\"   style=\"height: 10px\"><span class=\"vc_empty_space_inner\"><\/span><\/div><div class=\"vc_custom_heading vc_gitem-post-data vc_gitem-post-data-source-post_title\" ><h4 style=\"text-align: left\" >ITER Tokamak TB03 section (Cadarache, France)<\/h4><\/div><div class=\"vc_custom_heading vc_gitem-post-data vc_gitem-post-data-source-post_date\" ><div style=\"font-size: 10px;color: #757575;line-height: 20px;text-align: left\" >25 June 2015<\/div><\/div><div class=\"vc_custom_heading vc_gitem-post-data vc_gitem-post-data-source-post_excerpt\" ><p style=\"text-align: left\" >First level of ITER's main building at Cadarache which will house the international reactor [\u2026]<\/p><\/div><div class=\"vc_btn3-container vc_btn3-left\"><a class=\"vc_general vc_btn3 vc_btn3-size-md vc_btn3-shape-square vc_btn3-style-flat vc_btn3-color-default\" a href=\"https:\/\/www.samt.fr\/en\/iter-tokamak-lot-tb03-cadarache-france\/\" title=\"Read more\">Read more<\/a><\/div><\/div><\/div><\/div><\/div><\/div><div class=\"vc_clearfix\"><\/div><\/div><div class=\"vc_grid-item vc_clearfix vc_col-sm-3 vc_grid-item-zone-c-bottom\"><div class=\"vc_grid-item-mini vc_clearfix\"><div class=\"vc_gitem-animated-block\" ><div class=\"vc_gitem-zone vc_gitem-zone-a vc_custom_1643288572048 vc-gitem-zone-height-mode-auto vc-gitem-zone-height-mode-auto-1-1 vc_gitem-is-link\" style=\"background-image: url('https:\/\/www.samt.fr\/wp-content\/uploads\/2021\/10\/lgv-contournement-nimes-montpellier1-resized-400x256-1.jpeg') !important;\"><a href=\"https:\/\/www.samt.fr\/en\/lgv-contournement-nimes-montpellier-france\/\" title=\"High-speed train line N\u00eemes-Montpellier (France)\" class=\"vc_gitem-link vc-zone-link\"><\/a><img decoding=\"async\" src=\"https:\/\/www.samt.fr\/wp-content\/uploads\/2021\/10\/lgv-contournement-nimes-montpellier1-resized-400x256-1.jpeg\" class=\"vc_gitem-zone-img\" alt=\"\"><div class=\"vc_gitem-zone-mini\"><\/div><\/div><\/div><div class=\"vc_gitem-zone vc_gitem-zone-c\"><div class=\"vc_gitem-zone-mini\"><div class=\"vc_gitem_row vc_row vc_gitem-row-position-top\"><div class=\"vc_col-sm-12 vc_gitem-col vc_gitem-col-align-\"><div class=\"vc_empty_space\"   style=\"height: 10px\"><span class=\"vc_empty_space_inner\"><\/span><\/div><div class=\"vc_custom_heading vc_gitem-post-data vc_gitem-post-data-source-post_title\" ><h4 style=\"text-align: left\" >High-speed train line N\u00eemes-Montpellier (France)<\/h4><\/div><div class=\"vc_custom_heading vc_gitem-post-data vc_gitem-post-data-source-post_date\" ><div style=\"font-size: 10px;color: #757575;line-height: 20px;text-align: left\" >29 May 2015<\/div><\/div><div class=\"vc_custom_heading vc_gitem-post-data vc_gitem-post-data-source-post_excerpt\" ><p style=\"text-align: left\" >Currently supplying and fixing 34 engineering structures on the high-speed train line N\u00eemes-Montpellier on [\u2026]<\/p><\/div><div class=\"vc_btn3-container vc_btn3-left\"><a class=\"vc_general vc_btn3 vc_btn3-size-md vc_btn3-shape-square vc_btn3-style-flat vc_btn3-color-default\" a href=\"https:\/\/www.samt.fr\/en\/lgv-contournement-nimes-montpellier-france\/\" title=\"Read more\">Read more<\/a><\/div><\/div><\/div><\/div><\/div><\/div><div class=\"vc_clearfix\"><\/div><\/div><div class=\"vc_grid-item vc_clearfix vc_col-sm-3 vc_grid-item-zone-c-bottom\"><div class=\"vc_grid-item-mini vc_clearfix\"><div class=\"vc_gitem-animated-block\" ><div class=\"vc_gitem-zone vc_gitem-zone-a vc_custom_1643288572048 vc-gitem-zone-height-mode-auto vc-gitem-zone-height-mode-auto-1-1 vc_gitem-is-link\" style=\"background-image: url('https:\/\/www.samt.fr\/wp-content\/uploads\/2021\/10\/memento-la-reunion-resized-400x256-1.jpeg') !important;\"><a href=\"https:\/\/www.samt.fr\/en\/un-lifting-industriel-majeur-pour-samt-ocean-indien\/\" title=\"A major industrial revamp for SAMT Indian Ocean\" class=\"vc_gitem-link vc-zone-link\"><\/a><img decoding=\"async\" src=\"https:\/\/www.samt.fr\/wp-content\/uploads\/2021\/10\/memento-la-reunion-resized-400x256-1.jpeg\" class=\"vc_gitem-zone-img\" alt=\"\"><div class=\"vc_gitem-zone-mini\"><\/div><\/div><\/div><div class=\"vc_gitem-zone vc_gitem-zone-c\"><div class=\"vc_gitem-zone-mini\"><div class=\"vc_gitem_row vc_row vc_gitem-row-position-top\"><div class=\"vc_col-sm-12 vc_gitem-col vc_gitem-col-align-\"><div class=\"vc_empty_space\"   style=\"height: 10px\"><span class=\"vc_empty_space_inner\"><\/span><\/div><div class=\"vc_custom_heading vc_gitem-post-data vc_gitem-post-data-source-post_title\" ><h4 style=\"text-align: left\" >A major industrial revamp for SAMT Indian Ocean<\/h4><\/div><div class=\"vc_custom_heading vc_gitem-post-data vc_gitem-post-data-source-post_date\" ><div style=\"font-size: 10px;color: #757575;line-height: 20px;text-align: left\" >16 March 2015<\/div><\/div><div class=\"vc_custom_heading vc_gitem-post-data vc_gitem-post-data-source-post_excerpt\" ><p style=\"text-align: left\" >\"SAMT Indian Ocean, the specialist steel reinforcement fabricator for civil engineering on Reunion island, has won the New Coastal [\u2026]<\/p><\/div><div class=\"vc_btn3-container vc_btn3-left\"><a class=\"vc_general vc_btn3 vc_btn3-size-md vc_btn3-shape-square vc_btn3-style-flat vc_btn3-color-default\" a href=\"https:\/\/www.samt.fr\/en\/un-lifting-industriel-majeur-pour-samt-ocean-indien\/\" title=\"Read more\">Read more<\/a><\/div><\/div><\/div><\/div><\/div><\/div><div class=\"vc_clearfix\"><\/div><\/div><div class=\"vc_grid-item vc_clearfix vc_col-sm-3 vc_grid-item-zone-c-bottom\"><div class=\"vc_grid-item-mini vc_clearfix\"><div class=\"vc_gitem-animated-block\" ><div class=\"vc_gitem-zone vc_gitem-zone-a vc_custom_1643288572048 vc-gitem-zone-height-mode-auto vc-gitem-zone-height-mode-auto-1-1 vc_gitem-is-link\" style=\"background-image: url('https:\/\/www.samt.fr\/wp-content\/uploads\/2021\/10\/frederic-thirion-jt-reunion-1ere-resized-400x256-1.jpeg') !important;\"><a href=\"https:\/\/www.samt.fr\/en\/samt-ocean-indien-en-avant-la-nouvelle-route-du-littoral-ile-de-la-reunion\/\" title=\"SAMT Indian Ocean : Let\u2019s go for the New Coastal Road ! (Reunion Island)\" class=\"vc_gitem-link vc-zone-link\"><\/a><img decoding=\"async\" src=\"https:\/\/www.samt.fr\/wp-content\/uploads\/2021\/10\/frederic-thirion-jt-reunion-1ere-resized-400x256-1.jpeg\" class=\"vc_gitem-zone-img\" alt=\"\"><div class=\"vc_gitem-zone-mini\"><\/div><\/div><\/div><div class=\"vc_gitem-zone vc_gitem-zone-c\"><div class=\"vc_gitem-zone-mini\"><div class=\"vc_gitem_row vc_row vc_gitem-row-position-top\"><div class=\"vc_col-sm-12 vc_gitem-col vc_gitem-col-align-\"><div class=\"vc_empty_space\"   style=\"height: 10px\"><span class=\"vc_empty_space_inner\"><\/span><\/div><div class=\"vc_custom_heading vc_gitem-post-data vc_gitem-post-data-source-post_title\" ><h4 style=\"text-align: left\" >SAMT Indian Ocean : Let\u2019s go for the New Coastal Road ! (Reunion Island)<\/h4><\/div><div class=\"vc_custom_heading vc_gitem-post-data vc_gitem-post-data-source-post_date\" ><div style=\"font-size: 10px;color: #757575;line-height: 20px;text-align: left\" >9 February 2015<\/div><\/div><div class=\"vc_custom_heading vc_gitem-post-data vc_gitem-post-data-source-post_excerpt\" ><p style=\"text-align: left\" >2 video to watch:\n\n- a tv coverage by the 19\/20 program on Reunion 1\u00e8re channel, 9th february [\u2026]<\/p><\/div><div class=\"vc_btn3-container vc_btn3-left\"><a class=\"vc_general vc_btn3 vc_btn3-size-md vc_btn3-shape-square vc_btn3-style-flat vc_btn3-color-default\" a href=\"https:\/\/www.samt.fr\/en\/samt-ocean-indien-en-avant-la-nouvelle-route-du-littoral-ile-de-la-reunion\/\" title=\"Read more\">Read more<\/a><\/div><\/div><\/div><\/div><\/div><\/div><div class=\"vc_clearfix\"><\/div><\/div><div class=\"vc_grid-item vc_clearfix vc_col-sm-3 vc_grid-item-zone-c-bottom\"><div class=\"vc_grid-item-mini vc_clearfix\"><div class=\"vc_gitem-animated-block\" ><div class=\"vc_gitem-zone vc_gitem-zone-a vc_custom_1643288572048 vc-gitem-zone-height-mode-auto vc-gitem-zone-height-mode-auto-1-1 vc_gitem-is-link\" style=\"background-image: url('https:\/\/www.samt.fr\/wp-content\/uploads\/2021\/10\/samt-oi-jackson-richardson-resized-400x256-1.jpeg') !important;\"><a href=\"https:\/\/www.samt.fr\/en\/tous-avec-jackson-richardson\/\" title=\"All united with Jackson Richardson...\" class=\"vc_gitem-link vc-zone-link\"><\/a><img decoding=\"async\" src=\"https:\/\/www.samt.fr\/wp-content\/uploads\/2021\/10\/samt-oi-jackson-richardson-resized-400x256-1.jpeg\" class=\"vc_gitem-zone-img\" alt=\"\"><div class=\"vc_gitem-zone-mini\"><\/div><\/div><\/div><div class=\"vc_gitem-zone vc_gitem-zone-c\"><div class=\"vc_gitem-zone-mini\"><div class=\"vc_gitem_row vc_row vc_gitem-row-position-top\"><div class=\"vc_col-sm-12 vc_gitem-col vc_gitem-col-align-\"><div class=\"vc_empty_space\"   style=\"height: 10px\"><span class=\"vc_empty_space_inner\"><\/span><\/div><div class=\"vc_custom_heading vc_gitem-post-data vc_gitem-post-data-source-post_title\" ><h4 style=\"text-align: left\" >All united with Jackson Richardson...<\/h4><\/div><div class=\"vc_custom_heading vc_gitem-post-data vc_gitem-post-data-source-post_date\" ><div style=\"font-size: 10px;color: #757575;line-height: 20px;text-align: left\" >15 January 2015<\/div><\/div><div class=\"vc_custom_heading vc_gitem-post-data vc_gitem-post-data-source-post_excerpt\" ><p style=\"text-align: left\" ><p>Famous Reunion island-born handballer, double world champion with the French team, known as \"les Barjots\", in 1995 and 2001, Jackson Ricardson [\u2026]<\/p>\n<\/p><\/div><div class=\"vc_btn3-container vc_btn3-left\"><a class=\"vc_general vc_btn3 vc_btn3-size-md vc_btn3-shape-square vc_btn3-style-flat vc_btn3-color-default\" a href=\"https:\/\/www.samt.fr\/en\/tous-avec-jackson-richardson\/\" title=\"Read more\">Read more<\/a><\/div><\/div><\/div><\/div><\/div><\/div><div class=\"vc_clearfix\"><\/div><\/div><div class=\"vc_grid-item vc_clearfix vc_col-sm-3 vc_grid-item-zone-c-bottom\"><div class=\"vc_grid-item-mini vc_clearfix\"><div class=\"vc_gitem-animated-block\" ><div class=\"vc_gitem-zone vc_gitem-zone-a vc_custom_1643288572048 vc-gitem-zone-height-mode-auto vc-gitem-zone-height-mode-auto-1-1 vc_gitem-is-link\" style=\"background-image: url('https:\/\/www.samt.fr\/wp-content\/uploads\/2021\/10\/samt-ocean-indien-grue-1-resized-400x256-1.jpeg') !important;\"><a href=\"https:\/\/www.samt.fr\/en\/une-grue-qui-fait-peau-neuve-a-la-reunion\/\" title=\"A &quot;face-lift&quot; crane in Reunion island\" class=\"vc_gitem-link vc-zone-link\"><\/a><img decoding=\"async\" src=\"https:\/\/www.samt.fr\/wp-content\/uploads\/2021\/10\/samt-ocean-indien-grue-1-resized-400x256-1.jpeg\" class=\"vc_gitem-zone-img\" alt=\"\"><div class=\"vc_gitem-zone-mini\"><\/div><\/div><\/div><div class=\"vc_gitem-zone vc_gitem-zone-c\"><div class=\"vc_gitem-zone-mini\"><div class=\"vc_gitem_row vc_row vc_gitem-row-position-top\"><div class=\"vc_col-sm-12 vc_gitem-col vc_gitem-col-align-\"><div class=\"vc_empty_space\"   style=\"height: 10px\"><span class=\"vc_empty_space_inner\"><\/span><\/div><div class=\"vc_custom_heading vc_gitem-post-data vc_gitem-post-data-source-post_title\" ><h4 style=\"text-align: left\" >A \"face-lift\" crane in Reunion island<\/h4><\/div><div class=\"vc_custom_heading vc_gitem-post-data vc_gitem-post-data-source-post_date\" ><div style=\"font-size: 10px;color: #757575;line-height: 20px;text-align: left\" >17 December 2014<\/div><\/div><div class=\"vc_custom_heading vc_gitem-post-data vc_gitem-post-data-source-post_excerpt\" ><p style=\"text-align: left\" >The main crane at the SAMT Ocean Indien facility is being completely dismantelled and overhauled [\u2026]<\/p><\/div><div class=\"vc_btn3-container vc_btn3-left\"><a class=\"vc_general vc_btn3 vc_btn3-size-md vc_btn3-shape-square vc_btn3-style-flat vc_btn3-color-default\" a href=\"https:\/\/www.samt.fr\/en\/une-grue-qui-fait-peau-neuve-a-la-reunion\/\" title=\"Read more\">Read more<\/a><\/div><\/div><\/div><\/div><\/div><\/div><div class=\"vc_clearfix\"><\/div><\/div><div class=\"vc_grid-item vc_clearfix vc_col-sm-3 vc_grid-item-zone-c-bottom\"><div class=\"vc_grid-item-mini vc_clearfix\"><div class=\"vc_gitem-animated-block\" ><div class=\"vc_gitem-zone vc_gitem-zone-a vc_custom_1643288572048 vc-gitem-zone-height-mode-auto vc-gitem-zone-height-mode-auto-1-1 vc_gitem-is-link\" style=\"background-image: url('https:\/\/www.samt.fr\/wp-content\/uploads\/2021\/10\/dome-rjh-cadarache-resized-400x256-1.jpeg') !important;\"><a href=\"https:\/\/www.samt.fr\/en\/chantier-reacteur-jules-horowitz-cea-cadarache\/\" title=\"The JH nuclear reactor project (CEA Cadarache)\" class=\"vc_gitem-link vc-zone-link\"><\/a><img decoding=\"async\" src=\"https:\/\/www.samt.fr\/wp-content\/uploads\/2021\/10\/dome-rjh-cadarache-resized-400x256-1.jpeg\" class=\"vc_gitem-zone-img\" alt=\"\"><div class=\"vc_gitem-zone-mini\"><\/div><\/div><\/div><div class=\"vc_gitem-zone vc_gitem-zone-c\"><div class=\"vc_gitem-zone-mini\"><div class=\"vc_gitem_row vc_row vc_gitem-row-position-top\"><div class=\"vc_col-sm-12 vc_gitem-col vc_gitem-col-align-\"><div class=\"vc_empty_space\"   style=\"height: 10px\"><span class=\"vc_empty_space_inner\"><\/span><\/div><div class=\"vc_custom_heading vc_gitem-post-data vc_gitem-post-data-source-post_title\" ><h4 style=\"text-align: left\" >The JH nuclear reactor project (CEA Cadarache)<\/h4><\/div><div class=\"vc_custom_heading vc_gitem-post-data vc_gitem-post-data-source-post_date\" ><div style=\"font-size: 10px;color: #757575;line-height: 20px;text-align: left\" >28 November 2014<\/div><\/div><div class=\"vc_custom_heading vc_gitem-post-data vc_gitem-post-data-source-post_excerpt\" ><p style=\"text-align: left\" ><p>We have just completed fixing the reinforcement with the tubing for the post-tensionning [\u2026]<\/p>\n<\/p><\/div><div class=\"vc_btn3-container vc_btn3-left\"><a class=\"vc_general vc_btn3 vc_btn3-size-md vc_btn3-shape-square vc_btn3-style-flat vc_btn3-color-default\" a href=\"https:\/\/www.samt.fr\/en\/chantier-reacteur-jules-horowitz-cea-cadarache\/\" title=\"Read more\">Read more<\/a><\/div><\/div><\/div><\/div><\/div><\/div><div class=\"vc_clearfix\"><\/div><\/div><div class=\"vc_grid-item vc_clearfix vc_col-sm-3 vc_grid-item-zone-c-bottom\"><div class=\"vc_grid-item-mini vc_clearfix\"><div class=\"vc_gitem-animated-block\" ><div class=\"vc_gitem-zone vc_gitem-zone-a vc_custom_1643288572048 vc-gitem-zone-height-mode-auto vc-gitem-zone-height-mode-auto-1-1 vc_gitem-is-link\" style=\"background-image: url('https:\/\/www.samt.fr\/wp-content\/uploads\/2021\/10\/3-ecrans-samt-nouveau-site-resized-400x256-1.jpeg') !important;\"><a href=\"https:\/\/www.samt.fr\/en\/samt-vous-invite-a-decouvrir-son-nouveau-site-internet\/\" title=\"SAMT invites you to visit its new internet site\" class=\"vc_gitem-link vc-zone-link\"><\/a><img decoding=\"async\" src=\"https:\/\/www.samt.fr\/wp-content\/uploads\/2021\/10\/3-ecrans-samt-nouveau-site-resized-400x256-1.jpeg\" class=\"vc_gitem-zone-img\" alt=\"\"><div class=\"vc_gitem-zone-mini\"><\/div><\/div><\/div><div class=\"vc_gitem-zone vc_gitem-zone-c\"><div class=\"vc_gitem-zone-mini\"><div class=\"vc_gitem_row vc_row vc_gitem-row-position-top\"><div class=\"vc_col-sm-12 vc_gitem-col vc_gitem-col-align-\"><div class=\"vc_empty_space\"   style=\"height: 10px\"><span class=\"vc_empty_space_inner\"><\/span><\/div><div class=\"vc_custom_heading vc_gitem-post-data vc_gitem-post-data-source-post_title\" ><h4 style=\"text-align: left\" >SAMT invites you to visit its new internet site<\/h4><\/div><div class=\"vc_custom_heading vc_gitem-post-data vc_gitem-post-data-source-post_date\" ><div style=\"font-size: 10px;color: #757575;line-height: 20px;text-align: left\" >5 November 2014<\/div><\/div><div class=\"vc_custom_heading vc_gitem-post-data vc_gitem-post-data-source-post_excerpt\" ><p style=\"text-align: left\" ><p>SAMT has entirely rethought its website ! Full information on the company, [\u2026]<\/p>\n<\/p><\/div><div class=\"vc_btn3-container vc_btn3-left\"><a class=\"vc_general vc_btn3 vc_btn3-size-md vc_btn3-shape-square vc_btn3-style-flat vc_btn3-color-default\" a href=\"https:\/\/www.samt.fr\/en\/samt-vous-invite-a-decouvrir-son-nouveau-site-internet\/\" title=\"Read more\">Read more<\/a><\/div><\/div><\/div><\/div><\/div><\/div><div class=\"vc_clearfix\"><\/div><\/div><div class=\"vc_grid-item vc_clearfix vc_col-sm-3 vc_grid-item-zone-c-bottom\"><div class=\"vc_grid-item-mini vc_clearfix\"><div class=\"vc_gitem-animated-block\" ><div class=\"vc_gitem-zone vc_gitem-zone-a vc_custom_1643288572048 vc-gitem-zone-height-mode-auto vc-gitem-zone-height-mode-auto-1-1 vc_gitem-is-link\" style=\"background-image: url('https:\/\/www.samt.fr\/wp-content\/uploads\/2021\/10\/stade-lyon-mega-poutres-2-4-resized-400x256-1.jpeg') !important;\"><a href=\"https:\/\/www.samt.fr\/en\/grand-stade-lyon-france-5\/\" title=\"Lyon Stadium (France)\" class=\"vc_gitem-link vc-zone-link\"><\/a><img decoding=\"async\" src=\"https:\/\/www.samt.fr\/wp-content\/uploads\/2021\/10\/stade-lyon-mega-poutres-2-4-resized-400x256-1.jpeg\" class=\"vc_gitem-zone-img\" alt=\"\"><div class=\"vc_gitem-zone-mini\"><\/div><\/div><\/div><div class=\"vc_gitem-zone vc_gitem-zone-c\"><div class=\"vc_gitem-zone-mini\"><div class=\"vc_gitem_row vc_row vc_gitem-row-position-top\"><div class=\"vc_col-sm-12 vc_gitem-col vc_gitem-col-align-\"><div class=\"vc_empty_space\"   style=\"height: 10px\"><span class=\"vc_empty_space_inner\"><\/span><\/div><div class=\"vc_custom_heading vc_gitem-post-data vc_gitem-post-data-source-post_title\" ><h4 style=\"text-align: left\" >Lyon Stadium (France)<\/h4><\/div><div class=\"vc_custom_heading vc_gitem-post-data vc_gitem-post-data-source-post_date\" ><div style=\"font-size: 10px;color: #757575;line-height: 20px;text-align: left\" >27 October 2014<\/div><\/div><div class=\"vc_custom_heading vc_gitem-post-data vc_gitem-post-data-source-post_excerpt\" ><p style=\"text-align: left\" >The mega roof support beams for the new Lyon Stadium are being assembled at SAMT's facility [...]<\/p><\/div><div class=\"vc_btn3-container vc_btn3-left\"><a class=\"vc_general vc_btn3 vc_btn3-size-md vc_btn3-shape-square vc_btn3-style-flat vc_btn3-color-default\" a href=\"https:\/\/www.samt.fr\/en\/grand-stade-lyon-france-5\/\" title=\"Read more\">Read more<\/a><\/div><\/div><\/div><\/div><\/div><\/div><div class=\"vc_clearfix\"><\/div><\/div><div class=\"vc_grid-item vc_clearfix vc_col-sm-3 vc_grid-item-zone-c-bottom\"><div class=\"vc_grid-item-mini vc_clearfix\"><div class=\"vc_gitem-animated-block\" ><div class=\"vc_gitem-zone vc_gitem-zone-a vc_custom_1643288572048 vc-gitem-zone-height-mode-auto vc-gitem-zone-height-mode-auto-1-1 vc_gitem-is-link\" style=\"background-image: url('https:\/\/www.samt.fr\/wp-content\/uploads\/2021\/10\/JIR-resized-400x256-1.jpeg') !important;\"><a href=\"https:\/\/www.samt.fr\/en\/samt-larmaturier-qui-tisse-des-toiles-daraignee-en-acier\/\" title=\"SAMT, l&rsquo;armaturier qui tisse des toiles d&rsquo;araign\u00e9e en acier\" class=\"vc_gitem-link vc-zone-link\"><\/a><img decoding=\"async\" src=\"https:\/\/www.samt.fr\/wp-content\/uploads\/2021\/10\/JIR-resized-400x256-1.jpeg\" class=\"vc_gitem-zone-img\" alt=\"\"><div class=\"vc_gitem-zone-mini\"><\/div><\/div><\/div><div class=\"vc_gitem-zone vc_gitem-zone-c\"><div class=\"vc_gitem-zone-mini\"><div class=\"vc_gitem_row vc_row vc_gitem-row-position-top\"><div class=\"vc_col-sm-12 vc_gitem-col vc_gitem-col-align-\"><div class=\"vc_empty_space\"   style=\"height: 10px\"><span class=\"vc_empty_space_inner\"><\/span><\/div><div class=\"vc_custom_heading vc_gitem-post-data vc_gitem-post-data-source-post_title\" ><h4 style=\"text-align: left\" >SAMT the steel reinforcer whose making steel spider's web<\/h4><\/div><div class=\"vc_custom_heading vc_gitem-post-data vc_gitem-post-data-source-post_date\" ><div style=\"font-size: 10px;color: #757575;line-height: 20px;text-align: left\" >18 October 2014<\/div><\/div><div class=\"vc_custom_heading vc_gitem-post-data vc_gitem-post-data-source-post_excerpt\" ><p style=\"text-align: left\" ><p>Well-known for its know-how on major projects, the company based at Le Port is soon starting the new coastal road [...]<\/p>\n<\/p><\/div><div class=\"vc_btn3-container vc_btn3-left\"><a class=\"vc_general vc_btn3 vc_btn3-size-md vc_btn3-shape-square vc_btn3-style-flat vc_btn3-color-default\" a href=\"https:\/\/www.samt.fr\/en\/samt-larmaturier-qui-tisse-des-toiles-daraignee-en-acier\/\" title=\"Read more\">Read more<\/a><\/div><\/div><\/div><\/div><\/div><\/div><div class=\"vc_clearfix\"><\/div><\/div><div class=\"vc_grid-item vc_clearfix vc_col-sm-3 vc_grid-item-zone-c-bottom\"><div class=\"vc_grid-item-mini vc_clearfix\"><div class=\"vc_gitem-animated-block\" ><div class=\"vc_gitem-zone vc_gitem-zone-a vc_custom_1643288572048 vc-gitem-zone-height-mode-auto vc-gitem-zone-height-mode-auto-1-1 vc_gitem-is-link\" style=\"background-image: url('https:\/\/www.samt.fr\/wp-content\/uploads\/2021\/10\/1408-grand-stade-de-lyon-resized-400x256-1.jpeg') !important;\"><a href=\"https:\/\/www.samt.fr\/en\/grand-stade-lyon-france-4\/\" title=\"Lyon Stadium (France)\" class=\"vc_gitem-link vc-zone-link\"><\/a><img decoding=\"async\" src=\"https:\/\/www.samt.fr\/wp-content\/uploads\/2021\/10\/1408-grand-stade-de-lyon-resized-400x256-1.jpeg\" class=\"vc_gitem-zone-img\" alt=\"\"><div class=\"vc_gitem-zone-mini\"><\/div><\/div><\/div><div class=\"vc_gitem-zone vc_gitem-zone-c\"><div class=\"vc_gitem-zone-mini\"><div class=\"vc_gitem_row vc_row vc_gitem-row-position-top\"><div class=\"vc_col-sm-12 vc_gitem-col vc_gitem-col-align-\"><div class=\"vc_empty_space\"   style=\"height: 10px\"><span class=\"vc_empty_space_inner\"><\/span><\/div><div class=\"vc_custom_heading vc_gitem-post-data vc_gitem-post-data-source-post_title\" ><h4 style=\"text-align: left\" >Lyon Stadium (France)<\/h4><\/div><div class=\"vc_custom_heading vc_gitem-post-data vc_gitem-post-data-source-post_date\" ><div style=\"font-size: 10px;color: #757575;line-height: 20px;text-align: left\" >4 August 2014<\/div><\/div><div class=\"vc_custom_heading vc_gitem-post-data vc_gitem-post-data-source-post_excerpt\" ><p style=\"text-align: left\" >Erecting the final level of the stepped beams, [...]<\/p><\/div><div class=\"vc_btn3-container vc_btn3-left\"><a class=\"vc_general vc_btn3 vc_btn3-size-md vc_btn3-shape-square vc_btn3-style-flat vc_btn3-color-default\" a href=\"https:\/\/www.samt.fr\/en\/grand-stade-lyon-france-4\/\" title=\"Read more\">Read more<\/a><\/div><\/div><\/div><\/div><\/div><\/div><div class=\"vc_clearfix\"><\/div><\/div><div class=\"vc_grid-item vc_clearfix vc_col-sm-3 vc_grid-item-zone-c-bottom\"><div class=\"vc_grid-item-mini vc_clearfix\"><div class=\"vc_gitem-animated-block\" ><div class=\"vc_gitem-zone vc_gitem-zone-a vc_custom_1643288572048 vc-gitem-zone-height-mode-auto vc-gitem-zone-height-mode-auto-1-1 vc_gitem-is-link\" style=\"background-image: url('https:\/\/www.samt.fr\/wp-content\/uploads\/2021\/10\/1406-pont-de-l-atlantique-panama-resized-400x256-1.jpeg') !important;\"><a href=\"https:\/\/www.samt.fr\/en\/pont-de-latlantique-panama\/\" title=\"Pont de L&rsquo;Atlantique (Panama)\" class=\"vc_gitem-link vc-zone-link\"><\/a><img decoding=\"async\" src=\"https:\/\/www.samt.fr\/wp-content\/uploads\/2021\/10\/1406-pont-de-l-atlantique-panama-resized-400x256-1.jpeg\" class=\"vc_gitem-zone-img\" alt=\"\"><div class=\"vc_gitem-zone-mini\"><\/div><\/div><\/div><div class=\"vc_gitem-zone vc_gitem-zone-c\"><div class=\"vc_gitem-zone-mini\"><div class=\"vc_gitem_row vc_row vc_gitem-row-position-top\"><div class=\"vc_col-sm-12 vc_gitem-col vc_gitem-col-align-\"><div class=\"vc_empty_space\"   style=\"height: 10px\"><span class=\"vc_empty_space_inner\"><\/span><\/div><div class=\"vc_custom_heading vc_gitem-post-data vc_gitem-post-data-source-post_title\" ><h4 style=\"text-align: left\" >The Atlantic Bridge (Panama)<\/h4><\/div><div class=\"vc_custom_heading vc_gitem-post-data vc_gitem-post-data-source-post_date\" ><div style=\"font-size: 10px;color: #757575;line-height: 20px;text-align: left\" >16 June 2014<\/div><\/div><div class=\"vc_custom_heading vc_gitem-post-data vc_gitem-post-data-source-post_excerpt\" ><p style=\"text-align: left\" ><p>Client: PASA (Vinci)\n \nSAMT Ing\u00e9nierie are participating in the methodology and technical assistance for the implementation [...]<\/p>\n<\/p><\/div><div class=\"vc_btn3-container vc_btn3-left\"><a class=\"vc_general vc_btn3 vc_btn3-size-md vc_btn3-shape-square vc_btn3-style-flat vc_btn3-color-default\" a href=\"https:\/\/www.samt.fr\/en\/pont-de-latlantique-panama\/\" title=\"Read more\">Read more<\/a><\/div><\/div><\/div><\/div><\/div><\/div><div class=\"vc_clearfix\"><\/div><\/div><div class=\"vc_grid-item vc_clearfix vc_col-sm-3 vc_grid-item-zone-c-bottom\"><div class=\"vc_grid-item-mini vc_clearfix\"><div class=\"vc_gitem-animated-block\" ><div class=\"vc_gitem-zone vc_gitem-zone-a vc_custom_1643288572048 vc-gitem-zone-height-mode-auto vc-gitem-zone-height-mode-auto-1-1 vc_gitem-is-link\" style=\"background-image: url('https:\/\/www.samt.fr\/wp-content\/uploads\/2021\/10\/1406-tokamak-iter-resized-400x256-1.jpeg') !important;\"><a href=\"https:\/\/www.samt.fr\/en\/tokamak-iter-cadarache-france\/\" title=\"Tokamak ITER (Cadarache, France)\" class=\"vc_gitem-link vc-zone-link\"><\/a><img decoding=\"async\" src=\"https:\/\/www.samt.fr\/wp-content\/uploads\/2021\/10\/1406-tokamak-iter-resized-400x256-1.jpeg\" class=\"vc_gitem-zone-img\" alt=\"\"><div class=\"vc_gitem-zone-mini\"><\/div><\/div><\/div><div class=\"vc_gitem-zone vc_gitem-zone-c\"><div class=\"vc_gitem-zone-mini\"><div class=\"vc_gitem_row vc_row vc_gitem-row-position-top\"><div class=\"vc_col-sm-12 vc_gitem-col vc_gitem-col-align-\"><div class=\"vc_empty_space\"   style=\"height: 10px\"><span class=\"vc_empty_space_inner\"><\/span><\/div><div class=\"vc_custom_heading vc_gitem-post-data vc_gitem-post-data-source-post_title\" ><h4 style=\"text-align: left\" >Tokamak ITER (Cadarache, France)<\/h4><\/div><div class=\"vc_custom_heading vc_gitem-post-data vc_gitem-post-data-source-post_date\" ><div style=\"font-size: 10px;color: #757575;line-height: 20px;text-align: left\" >2 June 2014<\/div><\/div><div class=\"vc_custom_heading vc_gitem-post-data vc_gitem-post-data-source-post_excerpt\" ><p style=\"text-align: left\" ><p>Client: Groupement Vinci\/Ferrovial\/Razel\nSAMT Pose has just won an important project:  to undertake [...]<\/p>\n<\/p><\/div><div class=\"vc_btn3-container vc_btn3-left\"><a class=\"vc_general vc_btn3 vc_btn3-size-md vc_btn3-shape-square vc_btn3-style-flat vc_btn3-color-default\" a href=\"https:\/\/www.samt.fr\/en\/tokamak-iter-cadarache-france\/\" title=\"Read more\">Read more<\/a><\/div><\/div><\/div><\/div><\/div><\/div><div class=\"vc_clearfix\"><\/div><\/div><div class=\"vc_grid-item vc_clearfix vc_col-sm-3 vc_grid-item-zone-c-bottom\"><div class=\"vc_grid-item-mini vc_clearfix\"><div class=\"vc_gitem-animated-block\" ><div class=\"vc_gitem-zone vc_gitem-zone-a vc_custom_1643288572048 vc-gitem-zone-height-mode-auto vc-gitem-zone-height-mode-auto-1-1 vc_gitem-is-link\" style=\"background-image: url('https:\/\/www.samt.fr\/wp-content\/uploads\/2021\/10\/1405-accropodes-nrl-la-reunion-resized-400x256-1.jpeg') !important;\"><a href=\"https:\/\/www.samt.fr\/en\/usine-de-fabrication-des-acropodes-pour-la-nrl-nouvelle-route-du-littoral-ile-de-la-reunion\/\" title=\"Factory for the production of sea-defense acropodes for the NRL (new coast road) (Reunion island)\" class=\"vc_gitem-link vc-zone-link\"><\/a><img decoding=\"async\" src=\"https:\/\/www.samt.fr\/wp-content\/uploads\/2021\/10\/1405-accropodes-nrl-la-reunion-resized-400x256-1.jpeg\" class=\"vc_gitem-zone-img\" alt=\"\"><div class=\"vc_gitem-zone-mini\"><\/div><\/div><\/div><div class=\"vc_gitem-zone vc_gitem-zone-c\"><div class=\"vc_gitem-zone-mini\"><div class=\"vc_gitem_row vc_row vc_gitem-row-position-top\"><div class=\"vc_col-sm-12 vc_gitem-col vc_gitem-col-align-\"><div class=\"vc_empty_space\"   style=\"height: 10px\"><span class=\"vc_empty_space_inner\"><\/span><\/div><div class=\"vc_custom_heading vc_gitem-post-data vc_gitem-post-data-source-post_title\" ><h4 style=\"text-align: left\" >Factory for the production of sea-defense acropodes for the NRL (new coast road) (Reunion island)<\/h4><\/div><div class=\"vc_custom_heading vc_gitem-post-data vc_gitem-post-data-source-post_date\" ><div style=\"font-size: 10px;color: #757575;line-height: 20px;text-align: left\" >4 May 2014<\/div><\/div><div class=\"vc_custom_heading vc_gitem-post-data vc_gitem-post-data-source-post_excerpt\" ><p style=\"text-align: left\" ><p>Client: GTOI\n Korail Armatures is proud to supply the first concrete reinforcement for the new [...]<\/p>\n<\/p><\/div><div class=\"vc_btn3-container vc_btn3-left\"><a class=\"vc_general vc_btn3 vc_btn3-size-md vc_btn3-shape-square vc_btn3-style-flat vc_btn3-color-default\" a href=\"https:\/\/www.samt.fr\/en\/usine-de-fabrication-des-acropodes-pour-la-nrl-nouvelle-route-du-littoral-ile-de-la-reunion\/\" title=\"Read more\">Read more<\/a><\/div><\/div><\/div><\/div><\/div><\/div><div class=\"vc_clearfix\"><\/div><\/div><div class=\"vc_grid-item vc_clearfix vc_col-sm-3 vc_grid-item-zone-c-bottom\"><div class=\"vc_grid-item-mini vc_clearfix\"><div class=\"vc_gitem-animated-block\" ><div class=\"vc_gitem-zone vc_gitem-zone-a vc_custom_1643288572048 vc-gitem-zone-height-mode-auto vc-gitem-zone-height-mode-auto-1-1 vc_gitem-is-link\" style=\"background-image: url('https:\/\/www.samt.fr\/wp-content\/uploads\/2021\/10\/1404-reacteur-jules-horowitz-resized-400x256-1.jpeg') !important;\"><a href=\"https:\/\/www.samt.fr\/en\/reacteur-jules-horowitz-cea-cadarache\/\" title=\"Jules Horowitz reactor - CEA (Cadarache, France)\" class=\"vc_gitem-link vc-zone-link\"><\/a><img decoding=\"async\" src=\"https:\/\/www.samt.fr\/wp-content\/uploads\/2021\/10\/1404-reacteur-jules-horowitz-resized-400x256-1.jpeg\" class=\"vc_gitem-zone-img\" alt=\"\"><div class=\"vc_gitem-zone-mini\"><\/div><\/div><\/div><div class=\"vc_gitem-zone vc_gitem-zone-c\"><div class=\"vc_gitem-zone-mini\"><div class=\"vc_gitem_row vc_row vc_gitem-row-position-top\"><div class=\"vc_col-sm-12 vc_gitem-col vc_gitem-col-align-\"><div class=\"vc_empty_space\"   style=\"height: 10px\"><span class=\"vc_empty_space_inner\"><\/span><\/div><div class=\"vc_custom_heading vc_gitem-post-data vc_gitem-post-data-source-post_title\" ><h4 style=\"text-align: left\" >Jules Horowitz reactor - CEA (Cadarache, France)<\/h4><\/div><div class=\"vc_custom_heading vc_gitem-post-data vc_gitem-post-data-source-post_date\" ><div style=\"font-size: 10px;color: #757575;line-height: 20px;text-align: left\" >1 April 2014<\/div><\/div><div class=\"vc_custom_heading vc_gitem-post-data vc_gitem-post-data-source-post_excerpt\" ><p style=\"text-align: left\" ><p>Client: Razel-Bec\n Following the positioning of the steel liner which serves as formwork for the reactor building dome [...]<\/p>\n<\/p><\/div><div class=\"vc_btn3-container vc_btn3-left\"><a class=\"vc_general vc_btn3 vc_btn3-size-md vc_btn3-shape-square vc_btn3-style-flat vc_btn3-color-default\" a href=\"https:\/\/www.samt.fr\/en\/reacteur-jules-horowitz-cea-cadarache\/\" title=\"Read more\">Read more<\/a><\/div><\/div><\/div><\/div><\/div><\/div><div class=\"vc_clearfix\"><\/div><\/div><div class=\"vc_grid-item vc_clearfix vc_col-sm-3 vc_grid-item-zone-c-bottom\"><div class=\"vc_grid-item-mini vc_clearfix\"><div class=\"vc_gitem-animated-block\" ><div class=\"vc_gitem-zone vc_gitem-zone-a vc_custom_1643288572048 vc-gitem-zone-height-mode-auto vc-gitem-zone-height-mode-auto-1-1 vc_gitem-is-link\" style=\"background-image: url('https:\/\/www.samt.fr\/wp-content\/uploads\/2021\/10\/1403-grand-stade-de-lyon-resized-400x256-1.jpeg') !important;\"><a href=\"https:\/\/www.samt.fr\/en\/grand-stade-lyon-france-3\/\" title=\"Lyon Stadium (France)\" class=\"vc_gitem-link vc-zone-link\"><\/a><img decoding=\"async\" src=\"https:\/\/www.samt.fr\/wp-content\/uploads\/2021\/10\/1403-grand-stade-de-lyon-resized-400x256-1.jpeg\" class=\"vc_gitem-zone-img\" alt=\"\"><div class=\"vc_gitem-zone-mini\"><\/div><\/div><\/div><div class=\"vc_gitem-zone vc_gitem-zone-c\"><div class=\"vc_gitem-zone-mini\"><div class=\"vc_gitem_row vc_row vc_gitem-row-position-top\"><div class=\"vc_col-sm-12 vc_gitem-col vc_gitem-col-align-\"><div class=\"vc_empty_space\"   style=\"height: 10px\"><span class=\"vc_empty_space_inner\"><\/span><\/div><div class=\"vc_custom_heading vc_gitem-post-data vc_gitem-post-data-source-post_title\" ><h4 style=\"text-align: left\" >Lyon Stadium (France)<\/h4><\/div><div class=\"vc_custom_heading vc_gitem-post-data vc_gitem-post-data-source-post_date\" ><div style=\"font-size: 10px;color: #757575;line-height: 20px;text-align: left\" >3 March 2014<\/div><\/div><div class=\"vc_custom_heading vc_gitem-post-data vc_gitem-post-data-source-post_excerpt\" ><p style=\"text-align: left\" >Client: Stade de Lyon Construction (Vinci)\n The first stepped beams to support the terraced stands [...]<\/p><\/div><div class=\"vc_btn3-container vc_btn3-left\"><a class=\"vc_general vc_btn3 vc_btn3-size-md vc_btn3-shape-square vc_btn3-style-flat vc_btn3-color-default\" a href=\"https:\/\/www.samt.fr\/en\/grand-stade-lyon-france-3\/\" title=\"Read more\">Read more<\/a><\/div><\/div><\/div><\/div><\/div><\/div><div class=\"vc_clearfix\"><\/div><\/div><div class=\"vc_grid-item vc_clearfix vc_col-sm-3 vc_grid-item-zone-c-bottom\"><div class=\"vc_grid-item-mini vc_clearfix\"><div class=\"vc_gitem-animated-block\" ><div class=\"vc_gitem-zone vc_gitem-zone-a vc_custom_1643288572048 vc-gitem-zone-height-mode-auto vc-gitem-zone-height-mode-auto-1-1 vc_gitem-is-link\" style=\"background-image: url('https:\/\/www.samt.fr\/wp-content\/uploads\/2021\/10\/1402-grand-stade-de-lyon-resized-400x256-1.jpeg') !important;\"><a href=\"https:\/\/www.samt.fr\/en\/grand-stade-lyon-france-2\/\" title=\"Lyon Stadium (France)\" class=\"vc_gitem-link vc-zone-link\"><\/a><img decoding=\"async\" src=\"https:\/\/www.samt.fr\/wp-content\/uploads\/2021\/10\/1402-grand-stade-de-lyon-resized-400x256-1.jpeg\" class=\"vc_gitem-zone-img\" alt=\"\"><div class=\"vc_gitem-zone-mini\"><\/div><\/div><\/div><div class=\"vc_gitem-zone vc_gitem-zone-c\"><div class=\"vc_gitem-zone-mini\"><div class=\"vc_gitem_row vc_row vc_gitem-row-position-top\"><div class=\"vc_col-sm-12 vc_gitem-col vc_gitem-col-align-\"><div class=\"vc_empty_space\"   style=\"height: 10px\"><span class=\"vc_empty_space_inner\"><\/span><\/div><div class=\"vc_custom_heading vc_gitem-post-data vc_gitem-post-data-source-post_title\" ><h4 style=\"text-align: left\" >Lyon Stadium (France)<\/h4><\/div><div class=\"vc_custom_heading vc_gitem-post-data vc_gitem-post-data-source-post_date\" ><div style=\"font-size: 10px;color: #757575;line-height: 20px;text-align: left\" >1 February 2014<\/div><\/div><div class=\"vc_custom_heading vc_gitem-post-data vc_gitem-post-data-source-post_excerpt\" ><p style=\"text-align: left\" ><p>Client: Stade de Lyon Construction (Vinci)\n Having started the foundations in october 2013, the first [...]<\/p>\n<\/p><\/div><div class=\"vc_btn3-container vc_btn3-left\"><a class=\"vc_general vc_btn3 vc_btn3-size-md vc_btn3-shape-square vc_btn3-style-flat vc_btn3-color-default\" a href=\"https:\/\/www.samt.fr\/en\/grand-stade-lyon-france-2\/\" title=\"Read more\">Read more<\/a><\/div><\/div><\/div><\/div><\/div><\/div><div class=\"vc_clearfix\"><\/div><\/div><div class=\"vc_grid-item vc_clearfix vc_col-sm-3 vc_grid-item-zone-c-bottom\"><div class=\"vc_grid-item-mini vc_clearfix\"><div class=\"vc_gitem-animated-block\" ><div class=\"vc_gitem-zone vc_gitem-zone-a vc_custom_1643288572048 vc-gitem-zone-height-mode-auto vc-gitem-zone-height-mode-auto-1-1 vc_gitem-is-link\" style=\"background-image: url('https:\/\/www.samt.fr\/wp-content\/uploads\/2021\/10\/lgv-bretagne-201310-resized-400x256-1.jpeg') !important;\"><a href=\"https:\/\/www.samt.fr\/en\/lgv-bretagne-pays-de-loire-france\/\" title=\"High-speed train line Brittany-Loire (France)\" class=\"vc_gitem-link vc-zone-link\"><\/a><img decoding=\"async\" src=\"https:\/\/www.samt.fr\/wp-content\/uploads\/2021\/10\/lgv-bretagne-201310-resized-400x256-1.jpeg\" class=\"vc_gitem-zone-img\" alt=\"\"><div class=\"vc_gitem-zone-mini\"><\/div><\/div><\/div><div class=\"vc_gitem-zone vc_gitem-zone-c\"><div class=\"vc_gitem-zone-mini\"><div class=\"vc_gitem_row vc_row vc_gitem-row-position-top\"><div class=\"vc_col-sm-12 vc_gitem-col vc_gitem-col-align-\"><div class=\"vc_empty_space\"   style=\"height: 10px\"><span class=\"vc_empty_space_inner\"><\/span><\/div><div class=\"vc_custom_heading vc_gitem-post-data vc_gitem-post-data-source-post_title\" ><h4 style=\"text-align: left\" >High-speed train line Brittany-Loire (France)<\/h4><\/div><div class=\"vc_custom_heading vc_gitem-post-data vc_gitem-post-data-source-post_date\" ><div style=\"font-size: 10px;color: #757575;line-height: 20px;text-align: left\" >1 October 2013<\/div><\/div><div class=\"vc_custom_heading vc_gitem-post-data vc_gitem-post-data-source-post_excerpt\" ><p style=\"text-align: left\" ><p>Client: Eiffage TP\nAfter 10 months work on the F &amp; G sections, [...]<\/p>\n<\/p><\/div><div class=\"vc_btn3-container vc_btn3-left\"><a class=\"vc_general vc_btn3 vc_btn3-size-md vc_btn3-shape-square vc_btn3-style-flat vc_btn3-color-default\" a href=\"https:\/\/www.samt.fr\/en\/lgv-bretagne-pays-de-loire-france\/\" title=\"Read more\">Read more<\/a><\/div><\/div><\/div><\/div><\/div><\/div><div class=\"vc_clearfix\"><\/div><\/div><div class=\"vc_grid-item vc_clearfix vc_col-sm-3 vc_grid-item-zone-c-bottom\"><div class=\"vc_grid-item-mini vc_clearfix\"><div class=\"vc_gitem-animated-block\" ><div class=\"vc_gitem-zone vc_gitem-zone-a vc_custom_1643288572048 vc-gitem-zone-height-mode-auto vc-gitem-zone-height-mode-auto-1-1 vc_gitem-is-link\" style=\"background-image: url('https:\/\/www.samt.fr\/wp-content\/uploads\/2021\/10\/article-sans-un-armaturier-201309-resized-400x256-1.jpeg') !important;\"><a href=\"https:\/\/www.samt.fr\/en\/article-la-provence-9-septembre-2013\/\" title=\"An article from the newspaper La Provence 9 september 2013\" class=\"vc_gitem-link vc-zone-link\"><\/a><img decoding=\"async\" src=\"https:\/\/www.samt.fr\/wp-content\/uploads\/2021\/10\/article-sans-un-armaturier-201309-resized-400x256-1.jpeg\" class=\"vc_gitem-zone-img\" alt=\"\"><div class=\"vc_gitem-zone-mini\"><\/div><\/div><\/div><div class=\"vc_gitem-zone vc_gitem-zone-c\"><div class=\"vc_gitem-zone-mini\"><div class=\"vc_gitem_row vc_row vc_gitem-row-position-top\"><div class=\"vc_col-sm-12 vc_gitem-col vc_gitem-col-align-\"><div class=\"vc_empty_space\"   style=\"height: 10px\"><span class=\"vc_empty_space_inner\"><\/span><\/div><div class=\"vc_custom_heading vc_gitem-post-data vc_gitem-post-data-source-post_title\" ><h4 style=\"text-align: left\" >An article from the newspaper La Provence 9 september 2013<\/h4><\/div><div class=\"vc_custom_heading vc_gitem-post-data vc_gitem-post-data-source-post_date\" ><div style=\"font-size: 10px;color: #757575;line-height: 20px;text-align: left\" >9 September 2013<\/div><\/div><div class=\"vc_custom_heading vc_gitem-post-data vc_gitem-post-data-source-post_excerpt\" ><p style=\"text-align: left\" ><p>Armaturier (steel reinforcement specialist. A name which at first means nothing to you, yet it [...]<\/p>\n<\/p><\/div><div class=\"vc_btn3-container vc_btn3-left\"><a class=\"vc_general vc_btn3 vc_btn3-size-md vc_btn3-shape-square vc_btn3-style-flat vc_btn3-color-default\" a href=\"https:\/\/www.samt.fr\/en\/article-la-provence-9-septembre-2013\/\" title=\"Read more\">Read more<\/a><\/div><\/div><\/div><\/div><\/div><\/div><div class=\"vc_clearfix\"><\/div><\/div><div class=\"vc_grid-item vc_clearfix vc_col-sm-3 vc_grid-item-zone-c-bottom\"><div class=\"vc_grid-item-mini vc_clearfix\"><div class=\"vc_gitem-animated-block\" ><div class=\"vc_gitem-zone vc_gitem-zone-a vc_custom_1643288572048 vc-gitem-zone-height-mode-auto vc-gitem-zone-height-mode-auto-1-1 vc_gitem-is-link\" style=\"background-image: url('https:\/\/www.samt.fr\/wp-content\/uploads\/2021\/10\/cp-pont-riviere-saint-etienne-resized-400x256-1.jpeg') !important;\"><a href=\"https:\/\/www.samt.fr\/en\/inauguration-du-pont-de-la-riviere-saint-etienne-ile-de-la-reunion\/\" title=\"Bridge over the river Saint-\u00c9tienne (Reunion island)\" class=\"vc_gitem-link vc-zone-link\"><\/a><img decoding=\"async\" src=\"https:\/\/www.samt.fr\/wp-content\/uploads\/2021\/10\/cp-pont-riviere-saint-etienne-resized-400x256-1.jpeg\" class=\"vc_gitem-zone-img\" alt=\"\"><div class=\"vc_gitem-zone-mini\"><\/div><\/div><\/div><div class=\"vc_gitem-zone vc_gitem-zone-c\"><div class=\"vc_gitem-zone-mini\"><div class=\"vc_gitem_row vc_row vc_gitem-row-position-top\"><div class=\"vc_col-sm-12 vc_gitem-col vc_gitem-col-align-\"><div class=\"vc_empty_space\"   style=\"height: 10px\"><span class=\"vc_empty_space_inner\"><\/span><\/div><div class=\"vc_custom_heading vc_gitem-post-data vc_gitem-post-data-source-post_title\" ><h4 style=\"text-align: left\" >Bridge over the river Saint-\u00c9tienne (Reunion island)<\/h4><\/div><div class=\"vc_custom_heading vc_gitem-post-data vc_gitem-post-data-source-post_date\" ><div style=\"font-size: 10px;color: #757575;line-height: 20px;text-align: left\" >10 June 2013<\/div><\/div><div class=\"vc_custom_heading vc_gitem-post-data vc_gitem-post-data-source-post_excerpt\" ><p style=\"text-align: left\" ><p>The Armaturiers (reinforcement specialists) in Reunion Island signed off a beautiful structure on the island, by [...]<\/p>\n<\/p><\/div><div class=\"vc_btn3-container vc_btn3-left\"><a class=\"vc_general vc_btn3 vc_btn3-size-md vc_btn3-shape-square vc_btn3-style-flat vc_btn3-color-default\" a href=\"https:\/\/www.samt.fr\/en\/inauguration-du-pont-de-la-riviere-saint-etienne-ile-de-la-reunion\/\" title=\"Read more\">Read more<\/a><\/div><\/div><\/div><\/div><\/div><\/div><div class=\"vc_clearfix\"><\/div><\/div><div class=\"vc_grid-item vc_clearfix vc_col-sm-3 vc_grid-item-zone-c-bottom\"><div class=\"vc_grid-item-mini vc_clearfix\"><div class=\"vc_gitem-animated-block\" ><div class=\"vc_gitem-zone vc_gitem-zone-a vc_custom_1643288572048 vc-gitem-zone-height-mode-auto vc-gitem-zone-height-mode-auto-1-1 vc_gitem-is-link\" style=\"background-image: url('https:\/\/www.samt.fr\/wp-content\/uploads\/2021\/10\/jace-gouzous-201309-resized-400x256-1.jpeg') !important;\"><a href=\"https:\/\/www.samt.fr\/en\/gouzous-sur-le-pont-de-la-riviere-saint-etienne-ile-de-la-reunion\/\" title=\"\u201cGouzous\u201d on the bridge over the river Saint-\u00c9tienne (Reunion island)\" class=\"vc_gitem-link vc-zone-link\"><\/a><img decoding=\"async\" src=\"https:\/\/www.samt.fr\/wp-content\/uploads\/2021\/10\/jace-gouzous-201309-resized-400x256-1.jpeg\" class=\"vc_gitem-zone-img\" alt=\"\"><div class=\"vc_gitem-zone-mini\"><\/div><\/div><\/div><div class=\"vc_gitem-zone vc_gitem-zone-c\"><div class=\"vc_gitem-zone-mini\"><div class=\"vc_gitem_row vc_row vc_gitem-row-position-top\"><div class=\"vc_col-sm-12 vc_gitem-col vc_gitem-col-align-\"><div class=\"vc_empty_space\"   style=\"height: 10px\"><span class=\"vc_empty_space_inner\"><\/span><\/div><div class=\"vc_custom_heading vc_gitem-post-data vc_gitem-post-data-source-post_title\" ><h4 style=\"text-align: left\" >\u201cGouzous\u201d on the bridge over the river Saint-\u00c9tienne (Reunion island)<\/h4><\/div><div class=\"vc_custom_heading vc_gitem-post-data vc_gitem-post-data-source-post_date\" ><div style=\"font-size: 10px;color: #757575;line-height: 20px;text-align: left\" >1 June 2013<\/div><\/div><div class=\"vc_custom_heading vc_gitem-post-data vc_gitem-post-data-source-post_excerpt\" ><p style=\"text-align: left\" ><p>A small blink from the street-artist and tagger Jace, on the trial upright of the bridge over the river [\u2026]<\/p>\n<\/p><\/div><div class=\"vc_btn3-container vc_btn3-left\"><a class=\"vc_general vc_btn3 vc_btn3-size-md vc_btn3-shape-square vc_btn3-style-flat vc_btn3-color-default\" a href=\"https:\/\/www.samt.fr\/en\/gouzous-sur-le-pont-de-la-riviere-saint-etienne-ile-de-la-reunion\/\" title=\"Read more\">Read more<\/a><\/div><\/div><\/div><\/div><\/div><\/div><div class=\"vc_clearfix\"><\/div><\/div><div class=\"vc_grid-item vc_clearfix vc_col-sm-3 vc_grid-item-zone-c-bottom\"><div class=\"vc_grid-item-mini vc_clearfix\"><div class=\"vc_gitem-animated-block\" ><div class=\"vc_gitem-zone vc_gitem-zone-a vc_custom_1643288572048 vc-gitem-zone-height-mode-auto vc-gitem-zone-height-mode-auto-1-1 vc_gitem-is-link\" style=\"background-image: url('https:\/\/www.samt.fr\/wp-content\/uploads\/2021\/10\/logos-armaturiers-partenaire-201309-resized-400x256-1.jpeg') !important;\"><a href=\"https:\/\/www.samt.fr\/en\/grand-stade-lyon-france\/\" title=\"Lyon Stadium (France)\" class=\"vc_gitem-link vc-zone-link\"><\/a><img decoding=\"async\" src=\"https:\/\/www.samt.fr\/wp-content\/uploads\/2021\/10\/logos-armaturiers-partenaire-201309-resized-400x256-1.jpeg\" class=\"vc_gitem-zone-img\" alt=\"\"><div class=\"vc_gitem-zone-mini\"><\/div><\/div><\/div><div class=\"vc_gitem-zone vc_gitem-zone-c\"><div class=\"vc_gitem-zone-mini\"><div class=\"vc_gitem_row vc_row vc_gitem-row-position-top\"><div class=\"vc_col-sm-12 vc_gitem-col vc_gitem-col-align-\"><div class=\"vc_empty_space\"   style=\"height: 10px\"><span class=\"vc_empty_space_inner\"><\/span><\/div><div class=\"vc_custom_heading vc_gitem-post-data vc_gitem-post-data-source-post_title\" ><h4 style=\"text-align: left\" >Lyon Stadium (France)<\/h4><\/div><div class=\"vc_custom_heading vc_gitem-post-data vc_gitem-post-data-source-post_date\" ><div style=\"font-size: 10px;color: #757575;line-height: 20px;text-align: left\" >1 June 2013<\/div><\/div><div class=\"vc_custom_heading vc_gitem-post-data vc_gitem-post-data-source-post_excerpt\" ><p style=\"text-align: left\" ><p>Client: Stade de Lyon Construction (Vinci)\nAs the lead supplier of the steel reinforcement pool of companies Presider, Fornace [\u2026]<\/p>\n<\/p><\/div><div class=\"vc_btn3-container vc_btn3-left\"><a class=\"vc_general vc_btn3 vc_btn3-size-md vc_btn3-shape-square vc_btn3-style-flat vc_btn3-color-default\" a href=\"https:\/\/www.samt.fr\/en\/grand-stade-lyon-france\/\" title=\"Read more\">Read more<\/a><\/div><\/div><\/div><\/div><\/div><\/div><div class=\"vc_clearfix\"><\/div><\/div><div class=\"vc_grid-item vc_clearfix vc_col-sm-3 vc_grid-item-zone-c-bottom\"><div class=\"vc_grid-item-mini vc_clearfix\"><div class=\"vc_gitem-animated-block\" ><div class=\"vc_gitem-zone vc_gitem-zone-a vc_custom_1643288572048 vc-gitem-zone-height-mode-auto vc-gitem-zone-height-mode-auto-1-1 vc_gitem-is-link\" style=\"background-image: url('https:\/\/www.samt.fr\/wp-content\/uploads\/2021\/10\/depot-total-201307-resized-400x256-1.jpeg') !important;\"><a href=\"https:\/\/www.samt.fr\/en\/depot-petrolier-total-portes-les-valence-france-2\/\" title=\"Oil-distribution depot for Total (Portes-les-Valence, France)\" class=\"vc_gitem-link vc-zone-link\"><\/a><img decoding=\"async\" src=\"https:\/\/www.samt.fr\/wp-content\/uploads\/2021\/10\/depot-total-201307-resized-400x256-1.jpeg\" class=\"vc_gitem-zone-img\" alt=\"\"><div class=\"vc_gitem-zone-mini\"><\/div><\/div><\/div><div class=\"vc_gitem-zone vc_gitem-zone-c\"><div class=\"vc_gitem-zone-mini\"><div class=\"vc_gitem_row vc_row vc_gitem-row-position-top\"><div class=\"vc_col-sm-12 vc_gitem-col vc_gitem-col-align-\"><div class=\"vc_empty_space\"   style=\"height: 10px\"><span class=\"vc_empty_space_inner\"><\/span><\/div><div class=\"vc_custom_heading vc_gitem-post-data vc_gitem-post-data-source-post_title\" ><h4 style=\"text-align: left\" >Oil-distribution depot for Total (Portes-les-Valence, France)<\/h4><\/div><div class=\"vc_custom_heading vc_gitem-post-data vc_gitem-post-data-source-post_date\" ><div style=\"font-size: 10px;color: #757575;line-height: 20px;text-align: left\" >1 April 2013<\/div><\/div><div class=\"vc_custom_heading vc_gitem-post-data vc_gitem-post-data-source-post_excerpt\" ><p style=\"text-align: left\" ><p>Client : Razel-Bec\nAfter concreting the base-slab, fixing of the first sections of the containment wall with some walls [\u2026]<\/p>\n<\/p><\/div><div class=\"vc_btn3-container vc_btn3-left\"><a class=\"vc_general vc_btn3 vc_btn3-size-md vc_btn3-shape-square vc_btn3-style-flat vc_btn3-color-default\" a href=\"https:\/\/www.samt.fr\/en\/depot-petrolier-total-portes-les-valence-france-2\/\" title=\"Read more\">Read more<\/a><\/div><\/div><\/div><\/div><\/div><\/div><div class=\"vc_clearfix\"><\/div><\/div><div class=\"vc_grid-item vc_clearfix vc_col-sm-3 vc_grid-item-zone-c-bottom\"><div class=\"vc_grid-item-mini vc_clearfix\"><div class=\"vc_gitem-animated-block\" ><div class=\"vc_gitem-zone vc_gitem-zone-a vc_custom_1643288572048 vc-gitem-zone-height-mode-auto vc-gitem-zone-height-mode-auto-1-1 vc_gitem-is-link\" style=\"background-image: url('https:\/\/www.samt.fr\/wp-content\/uploads\/2021\/10\/lgv-tours-bordeaux-201306-resized-400x256-1.jpeg') !important;\"><a href=\"https:\/\/www.samt.fr\/en\/ligne-grande-vitesse-sud-europe-atlantique-tours-bordeaux-france-4\/\" title=\"Ligne Grande Vitesse Sud Europe Atlantique &#8211; Tours-Bordeaux (France)\" class=\"vc_gitem-link vc-zone-link\"><\/a><img decoding=\"async\" src=\"https:\/\/www.samt.fr\/wp-content\/uploads\/2021\/10\/lgv-tours-bordeaux-201306-resized-400x256-1.jpeg\" class=\"vc_gitem-zone-img\" alt=\"\"><div class=\"vc_gitem-zone-mini\"><\/div><\/div><\/div><div class=\"vc_gitem-zone vc_gitem-zone-c\"><div class=\"vc_gitem-zone-mini\"><div class=\"vc_gitem_row vc_row vc_gitem-row-position-top\"><div class=\"vc_col-sm-12 vc_gitem-col vc_gitem-col-align-\"><div class=\"vc_empty_space\"   style=\"height: 10px\"><span class=\"vc_empty_space_inner\"><\/span><\/div><div class=\"vc_custom_heading vc_gitem-post-data vc_gitem-post-data-source-post_title\" ><h4 style=\"text-align: left\" >High-speed train line South Europe Atlantic - Tours-Bordeaux section (France)<\/h4><\/div><div class=\"vc_custom_heading vc_gitem-post-data vc_gitem-post-data-source-post_date\" ><div style=\"font-size: 10px;color: #757575;line-height: 20px;text-align: left\" >1 March 2013<\/div><\/div><div class=\"vc_custom_heading vc_gitem-post-data vc_gitem-post-data-source-post_excerpt\" ><p style=\"text-align: left\" ><p>Client: Cosea\nThe reinforcement of the structures on our sites of the LGV SEA south [\u2026]<\/p>\n<\/p><\/div><div class=\"vc_btn3-container vc_btn3-left\"><a class=\"vc_general vc_btn3 vc_btn3-size-md vc_btn3-shape-square vc_btn3-style-flat vc_btn3-color-default\" a href=\"https:\/\/www.samt.fr\/en\/ligne-grande-vitesse-sud-europe-atlantique-tours-bordeaux-france-4\/\" title=\"Read more\">Read more<\/a><\/div><\/div><\/div><\/div><\/div><\/div><div class=\"vc_clearfix\"><\/div><\/div><div class=\"vc_grid-item vc_clearfix vc_col-sm-3 vc_grid-item-zone-c-bottom\"><div class=\"vc_grid-item-mini vc_clearfix\"><div class=\"vc_gitem-animated-block\" ><div class=\"vc_gitem-zone vc_gitem-zone-a vc_custom_1643288572048 vc-gitem-zone-height-mode-auto vc-gitem-zone-height-mode-auto-1-1 vc_gitem-is-link\" style=\"background-image: url('https:\/\/www.samt.fr\/wp-content\/uploads\/2021\/10\/antenne-2-reunion-201306-resized-400x256-1.jpeg') !important;\"><a href=\"https:\/\/www.samt.fr\/en\/antenne-2-du-basculement-des-eaux-ile-de-la-reunion-2\/\" title=\"Water reservoirs lots 2 (Reunion island)\" class=\"vc_gitem-link vc-zone-link\"><\/a><img decoding=\"async\" src=\"https:\/\/www.samt.fr\/wp-content\/uploads\/2021\/10\/antenne-2-reunion-201306-resized-400x256-1.jpeg\" class=\"vc_gitem-zone-img\" alt=\"\"><div class=\"vc_gitem-zone-mini\"><\/div><\/div><\/div><div class=\"vc_gitem-zone vc_gitem-zone-c\"><div class=\"vc_gitem-zone-mini\"><div class=\"vc_gitem_row vc_row vc_gitem-row-position-top\"><div class=\"vc_col-sm-12 vc_gitem-col vc_gitem-col-align-\"><div class=\"vc_empty_space\"   style=\"height: 10px\"><span class=\"vc_empty_space_inner\"><\/span><\/div><div class=\"vc_custom_heading vc_gitem-post-data vc_gitem-post-data-source-post_title\" ><h4 style=\"text-align: left\" >Water reservoirs lots 2 (Reunion island)<\/h4><\/div><div class=\"vc_custom_heading vc_gitem-post-data vc_gitem-post-data-source-post_date\" ><div style=\"font-size: 10px;color: #757575;line-height: 20px;text-align: left\" >1 February 2013<\/div><\/div><div class=\"vc_custom_heading vc_gitem-post-data vc_gitem-post-data-source-post_excerpt\" ><p style=\"text-align: left\" ><p>Client: GTOI\nHaving completed the 3 circular reservoirs, our local team has just completed the reinforcement of the base-slab [\u2026]<\/p>\n<\/p><\/div><div class=\"vc_btn3-container vc_btn3-left\"><a class=\"vc_general vc_btn3 vc_btn3-size-md vc_btn3-shape-square vc_btn3-style-flat vc_btn3-color-default\" a href=\"https:\/\/www.samt.fr\/en\/antenne-2-du-basculement-des-eaux-ile-de-la-reunion-2\/\" title=\"Read more\">Read more<\/a><\/div><\/div><\/div><\/div><\/div><\/div><div class=\"vc_clearfix\"><\/div><\/div><div class=\"vc_grid-item vc_clearfix vc_col-sm-3 vc_grid-item-zone-c-bottom\"><div class=\"vc_grid-item-mini vc_clearfix\"><div class=\"vc_gitem-animated-block\" ><div class=\"vc_gitem-zone vc_gitem-zone-a vc_custom_1643288572048 vc-gitem-zone-height-mode-auto vc-gitem-zone-height-mode-auto-1-1 vc_gitem-is-link\" style=\"background-image: url('https:\/\/www.samt.fr\/wp-content\/uploads\/2021\/10\/radier-total-201306-resized-400x256-1.jpeg') !important;\"><a href=\"https:\/\/www.samt.fr\/en\/depot-petrolier-total-portes-les-valence-france\/\" title=\"Oil-distribution depot for Total (Portes-les-Valence, France)\" class=\"vc_gitem-link vc-zone-link\"><\/a><img decoding=\"async\" src=\"https:\/\/www.samt.fr\/wp-content\/uploads\/2021\/10\/radier-total-201306-resized-400x256-1.jpeg\" class=\"vc_gitem-zone-img\" alt=\"\"><div class=\"vc_gitem-zone-mini\"><\/div><\/div><\/div><div class=\"vc_gitem-zone vc_gitem-zone-c\"><div class=\"vc_gitem-zone-mini\"><div class=\"vc_gitem_row vc_row vc_gitem-row-position-top\"><div class=\"vc_col-sm-12 vc_gitem-col vc_gitem-col-align-\"><div class=\"vc_empty_space\"   style=\"height: 10px\"><span class=\"vc_empty_space_inner\"><\/span><\/div><div class=\"vc_custom_heading vc_gitem-post-data vc_gitem-post-data-source-post_title\" ><h4 style=\"text-align: left\" >Oil-distribution depot for Total (Portes-les-Valence, France)<\/h4><\/div><div class=\"vc_custom_heading vc_gitem-post-data vc_gitem-post-data-source-post_date\" ><div style=\"font-size: 10px;color: #757575;line-height: 20px;text-align: left\" >1 January 2013<\/div><\/div><div class=\"vc_custom_heading vc_gitem-post-data vc_gitem-post-data-source-post_excerpt\" ><p style=\"text-align: left\" ><p>Client : Razel-Bec\nReinforcement of the base-slab for a reservoir on the petrochemical site (Portes-les-Valence) with approximately 100 [\u2026]<\/p>\n<\/p><\/div><div class=\"vc_btn3-container vc_btn3-left\"><a class=\"vc_general vc_btn3 vc_btn3-size-md vc_btn3-shape-square vc_btn3-style-flat vc_btn3-color-default\" a href=\"https:\/\/www.samt.fr\/en\/depot-petrolier-total-portes-les-valence-france\/\" title=\"Read more\">Read more<\/a><\/div><\/div><\/div><\/div><\/div><\/div><div class=\"vc_clearfix\"><\/div><\/div><div class=\"vc_grid-item vc_clearfix vc_col-sm-3 vc_grid-item-zone-c-bottom\"><div class=\"vc_grid-item-mini vc_clearfix\"><div class=\"vc_gitem-animated-block\" ><div class=\"vc_gitem-zone vc_gitem-zone-a vc_custom_1643288572048 vc-gitem-zone-height-mode-auto vc-gitem-zone-height-mode-auto-1-1 vc_gitem-is-link\" style=\"background-image: url('https:\/\/www.samt.fr\/wp-content\/uploads\/2021\/10\/salazie-201303-resized-400x256-1.jpeg') !important;\"><a href=\"https:\/\/www.samt.fr\/en\/basculement-des-eaux-galerie-salazie-ile-de-la-reunion\/\" title=\"Water distribution, the Salazie tunnel (Reunion island)\" class=\"vc_gitem-link vc-zone-link\"><\/a><img decoding=\"async\" src=\"https:\/\/www.samt.fr\/wp-content\/uploads\/2021\/10\/salazie-201303-resized-400x256-1.jpeg\" class=\"vc_gitem-zone-img\" alt=\"\"><div class=\"vc_gitem-zone-mini\"><\/div><\/div><\/div><div class=\"vc_gitem-zone vc_gitem-zone-c\"><div class=\"vc_gitem-zone-mini\"><div class=\"vc_gitem_row vc_row vc_gitem-row-position-top\"><div class=\"vc_col-sm-12 vc_gitem-col vc_gitem-col-align-\"><div class=\"vc_empty_space\"   style=\"height: 10px\"><span class=\"vc_empty_space_inner\"><\/span><\/div><div class=\"vc_custom_heading vc_gitem-post-data vc_gitem-post-data-source-post_title\" ><h4 style=\"text-align: left\" >Water distribution, the Salazie tunnel (Reunion island)<\/h4><\/div><div class=\"vc_custom_heading vc_gitem-post-data vc_gitem-post-data-source-post_date\" ><div style=\"font-size: 10px;color: #757575;line-height: 20px;text-align: left\" >28 November 2012<\/div><\/div><div class=\"vc_custom_heading vc_gitem-post-data vc_gitem-post-data-source-post_excerpt\" ><p style=\"text-align: left\" ><p>Client: GIE Riviere des pluies\nAfter some \u201cextra-ordinary\u201d transports to reach the heart [\u2026]<\/p>\n<\/p><\/div><div class=\"vc_btn3-container vc_btn3-left\"><a class=\"vc_general vc_btn3 vc_btn3-size-md vc_btn3-shape-square vc_btn3-style-flat vc_btn3-color-default\" a href=\"https:\/\/www.samt.fr\/en\/basculement-des-eaux-galerie-salazie-ile-de-la-reunion\/\" title=\"Read more\">Read more<\/a><\/div><\/div><\/div><\/div><\/div><\/div><div class=\"vc_clearfix\"><\/div><\/div><div class=\"vc_grid-item vc_clearfix vc_col-sm-3 vc_grid-item-zone-c-bottom\"><div class=\"vc_grid-item-mini vc_clearfix\"><div class=\"vc_gitem-animated-block\" ><div class=\"vc_gitem-zone vc_gitem-zone-a vc_custom_1643288572048 vc-gitem-zone-height-mode-auto vc-gitem-zone-height-mode-auto-1-1 vc_gitem-is-link\" style=\"background-image: url('https:\/\/www.samt.fr\/wp-content\/uploads\/2021\/10\/nuvia-201302-resized-400x256-1.jpeg') !important;\"><a href=\"https:\/\/www.samt.fr\/en\/maquette-dessai-sur-enceinte-nucleaire\/\" title=\"Maquette d&rsquo;essai sur enceinte nucl\u00e9aire\" class=\"vc_gitem-link vc-zone-link\"><\/a><img decoding=\"async\" src=\"https:\/\/www.samt.fr\/wp-content\/uploads\/2021\/10\/nuvia-201302-resized-400x256-1.jpeg\" class=\"vc_gitem-zone-img\" alt=\"\"><div class=\"vc_gitem-zone-mini\"><\/div><\/div><\/div><div class=\"vc_gitem-zone vc_gitem-zone-c\"><div class=\"vc_gitem-zone-mini\"><div class=\"vc_gitem_row vc_row vc_gitem-row-position-top\"><div class=\"vc_col-sm-12 vc_gitem-col vc_gitem-col-align-\"><div class=\"vc_empty_space\"   style=\"height: 10px\"><span class=\"vc_empty_space_inner\"><\/span><\/div><div class=\"vc_custom_heading vc_gitem-post-data vc_gitem-post-data-source-post_title\" ><h4 style=\"text-align: left\" >Research model for the nuclear containment<\/h4><\/div><div class=\"vc_custom_heading vc_gitem-post-data vc_gitem-post-data-source-post_date\" ><div style=\"font-size: 10px;color: #757575;line-height: 20px;text-align: left\" >2 October 2012<\/div><\/div><div class=\"vc_custom_heading vc_gitem-post-data vc_gitem-post-data-source-post_excerpt\" ><p style=\"text-align: left\" ><p>Client: Nuvia Travaux sp\u00e9ciaux\n In collaboration with Nuvia Travaux speciaux, SAMT Ingenierie takes part on the [\u2026]<\/p>\n<\/p><\/div><div class=\"vc_btn3-container vc_btn3-left\"><a class=\"vc_general vc_btn3 vc_btn3-size-md vc_btn3-shape-square vc_btn3-style-flat vc_btn3-color-default\" a href=\"https:\/\/www.samt.fr\/en\/maquette-dessai-sur-enceinte-nucleaire\/\" title=\"Read more\">Read more<\/a><\/div><\/div><\/div><\/div><\/div><\/div><div class=\"vc_clearfix\"><\/div><\/div><div class=\"vc_grid-item vc_clearfix vc_col-sm-3 vc_grid-item-zone-c-bottom\"><div class=\"vc_grid-item-mini vc_clearfix\"><div class=\"vc_gitem-animated-block\" ><div class=\"vc_gitem-zone vc_gitem-zone-a vc_custom_1643288572048 vc-gitem-zone-height-mode-auto vc-gitem-zone-height-mode-auto-1-1 vc_gitem-is-link\" style=\"background-image: url('https:\/\/www.samt.fr\/wp-content\/uploads\/2021\/10\/lgv-lot-12-201212-resized-400x256-1.jpeg') !important;\"><a href=\"https:\/\/www.samt.fr\/en\/ligne-grande-vitesse-sud-europe-atlantique-tours-bordeaux-france-3\/\" title=\"Ligne Grande Vitesse Sud Europe Atlantique &#8211; Tours-Bordeaux (France)\" class=\"vc_gitem-link vc-zone-link\"><\/a><img decoding=\"async\" src=\"https:\/\/www.samt.fr\/wp-content\/uploads\/2021\/10\/lgv-lot-12-201212-resized-400x256-1.jpeg\" class=\"vc_gitem-zone-img\" alt=\"\"><div class=\"vc_gitem-zone-mini\"><\/div><\/div><\/div><div class=\"vc_gitem-zone vc_gitem-zone-c\"><div class=\"vc_gitem-zone-mini\"><div class=\"vc_gitem_row vc_row vc_gitem-row-position-top\"><div class=\"vc_col-sm-12 vc_gitem-col vc_gitem-col-align-\"><div class=\"vc_empty_space\"   style=\"height: 10px\"><span class=\"vc_empty_space_inner\"><\/span><\/div><div class=\"vc_custom_heading vc_gitem-post-data vc_gitem-post-data-source-post_title\" ><h4 style=\"text-align: left\" >High-speed train line South Europe Atlantic - Tours-Bordeaux section (France)<\/h4><\/div><div class=\"vc_custom_heading vc_gitem-post-data vc_gitem-post-data-source-post_date\" ><div style=\"font-size: 10px;color: #757575;line-height: 20px;text-align: left\" >18 September 2012<\/div><\/div><div class=\"vc_custom_heading vc_gitem-post-data vc_gitem-post-data-source-post_excerpt\" ><p style=\"text-align: left\" ><p>Client : Cosea\nThe first uprights for the Agriere viaduct appear above ground. [\u2026]<\/p>\n<\/p><\/div><div class=\"vc_btn3-container vc_btn3-left\"><a class=\"vc_general vc_btn3 vc_btn3-size-md vc_btn3-shape-square vc_btn3-style-flat vc_btn3-color-default\" a href=\"https:\/\/www.samt.fr\/en\/ligne-grande-vitesse-sud-europe-atlantique-tours-bordeaux-france-3\/\" title=\"Read more\">Read more<\/a><\/div><\/div><\/div><\/div><\/div><\/div><div class=\"vc_clearfix\"><\/div><\/div><div class=\"vc_grid-item vc_clearfix vc_col-sm-3 vc_grid-item-zone-c-bottom\"><div class=\"vc_grid-item-mini vc_clearfix\"><div class=\"vc_gitem-animated-block\" ><div class=\"vc_gitem-zone vc_gitem-zone-a vc_custom_1643288572048 vc-gitem-zone-height-mode-auto vc-gitem-zone-height-mode-auto-1-1 vc_gitem-is-link\" style=\"background-image: url('https:\/\/www.samt.fr\/wp-content\/uploads\/2021\/10\/lgv-lot-14-201212-resized-400x256-1.jpeg') !important;\"><a href=\"https:\/\/www.samt.fr\/en\/ligne-grande-vitesse-sud-europe-atlantique-tours-bordeaux-france-2\/\" title=\"Ligne Grande Vitesse Sud Europe Atlantique &#8211; Tours-Bordeaux (France)\" class=\"vc_gitem-link vc-zone-link\"><\/a><img decoding=\"async\" src=\"https:\/\/www.samt.fr\/wp-content\/uploads\/2021\/10\/lgv-lot-14-201212-resized-400x256-1.jpeg\" class=\"vc_gitem-zone-img\" alt=\"\"><div class=\"vc_gitem-zone-mini\"><\/div><\/div><\/div><div class=\"vc_gitem-zone vc_gitem-zone-c\"><div class=\"vc_gitem-zone-mini\"><div class=\"vc_gitem_row vc_row vc_gitem-row-position-top\"><div class=\"vc_col-sm-12 vc_gitem-col vc_gitem-col-align-\"><div class=\"vc_empty_space\"   style=\"height: 10px\"><span class=\"vc_empty_space_inner\"><\/span><\/div><div class=\"vc_custom_heading vc_gitem-post-data vc_gitem-post-data-source-post_title\" ><h4 style=\"text-align: left\" >High-speed train line South Europe Atlantic - Tours-Bordeaux section (France)<\/h4><\/div><div class=\"vc_custom_heading vc_gitem-post-data vc_gitem-post-data-source-post_date\" ><div style=\"font-size: 10px;color: #757575;line-height: 20px;text-align: left\" >21 August 2012<\/div><\/div><div class=\"vc_custom_heading vc_gitem-post-data vc_gitem-post-data-source-post_excerpt\" ><p style=\"text-align: left\" ><p>Client: Cosea\nFix the first infill cages of the combination structures of lot 14 [\u2026]<\/p>\n<\/p><\/div><div class=\"vc_btn3-container vc_btn3-left\"><a class=\"vc_general vc_btn3 vc_btn3-size-md vc_btn3-shape-square vc_btn3-style-flat vc_btn3-color-default\" a href=\"https:\/\/www.samt.fr\/en\/ligne-grande-vitesse-sud-europe-atlantique-tours-bordeaux-france-2\/\" title=\"Read more\">Read more<\/a><\/div><\/div><\/div><\/div><\/div><\/div><div class=\"vc_clearfix\"><\/div><\/div><div class=\"vc_grid-item vc_clearfix vc_col-sm-3 vc_grid-item-zone-c-bottom\"><div class=\"vc_grid-item-mini vc_clearfix\"><div class=\"vc_gitem-animated-block\" ><div class=\"vc_gitem-zone vc_gitem-zone-a vc_custom_1643288572048 vc-gitem-zone-height-mode-auto vc-gitem-zone-height-mode-auto-1-1 vc_gitem-is-link\" style=\"background-image: url('https:\/\/www.samt.fr\/wp-content\/uploads\/2021\/10\/jpo-201304-resized-400x256-1.jpeg') !important;\"><a href=\"https:\/\/www.samt.fr\/en\/journee-portes-ouvertes-le-5-avril-2013-le-port-ile-de-la-reunion\/\" title=\"Open-day SAMT Oc\u00e9an Indien, 5th of April 2013 (Le Port, Reunion island)\" class=\"vc_gitem-link vc-zone-link\"><\/a><img decoding=\"async\" src=\"https:\/\/www.samt.fr\/wp-content\/uploads\/2021\/10\/jpo-201304-resized-400x256-1.jpeg\" class=\"vc_gitem-zone-img\" alt=\"\"><div class=\"vc_gitem-zone-mini\"><\/div><\/div><\/div><div class=\"vc_gitem-zone vc_gitem-zone-c\"><div class=\"vc_gitem-zone-mini\"><div class=\"vc_gitem_row vc_row vc_gitem-row-position-top\"><div class=\"vc_col-sm-12 vc_gitem-col vc_gitem-col-align-\"><div class=\"vc_empty_space\"   style=\"height: 10px\"><span class=\"vc_empty_space_inner\"><\/span><\/div><div class=\"vc_custom_heading vc_gitem-post-data vc_gitem-post-data-source-post_title\" ><h4 style=\"text-align: left\" >Open-day SAMT Oc\u00e9an Indien, 5th of April 2013 (Le Port, Reunion island)<\/h4><\/div><div class=\"vc_custom_heading vc_gitem-post-data vc_gitem-post-data-source-post_date\" ><div style=\"font-size: 10px;color: #757575;line-height: 20px;text-align: left\" >1 May 2012<\/div><\/div><div class=\"vc_custom_heading vc_gitem-post-data vc_gitem-post-data-source-post_excerpt\" ><p style=\"text-align: left\" ><p>We have so much to tell you about our craft, our challenges, our pride, our work [\u2026]<\/p>\n<\/p><\/div><div class=\"vc_btn3-container vc_btn3-left\"><a class=\"vc_general vc_btn3 vc_btn3-size-md vc_btn3-shape-square vc_btn3-style-flat vc_btn3-color-default\" a href=\"https:\/\/www.samt.fr\/en\/journee-portes-ouvertes-le-5-avril-2013-le-port-ile-de-la-reunion\/\" title=\"Read more\">Read more<\/a><\/div><\/div><\/div><\/div><\/div><\/div><div class=\"vc_clearfix\"><\/div><\/div><div class=\"vc_grid-item vc_clearfix vc_col-sm-3 vc_grid-item-zone-c-bottom\"><div class=\"vc_grid-item-mini vc_clearfix\"><div class=\"vc_gitem-animated-block\" ><div class=\"vc_gitem-zone vc_gitem-zone-a vc_custom_1643288572048 vc-gitem-zone-height-mode-auto vc-gitem-zone-height-mode-auto-1-1 vc_gitem-is-link\" style=\"background-image: url('https:\/\/www.samt.fr\/wp-content\/uploads\/2021\/10\/cosea-201306-resized-400x256-1.jpeg') !important;\"><a href=\"https:\/\/www.samt.fr\/en\/ligne-grande-vitesse-sud-europe-atlantique-tours-bordeaux-france\/\" title=\"Ligne Grande Vitesse Sud Europe Atlantique &#8211; Tours-Bordeaux (France)\" class=\"vc_gitem-link vc-zone-link\"><\/a><img decoding=\"async\" src=\"https:\/\/www.samt.fr\/wp-content\/uploads\/2021\/10\/cosea-201306-resized-400x256-1.jpeg\" class=\"vc_gitem-zone-img\" alt=\"\"><div class=\"vc_gitem-zone-mini\"><\/div><\/div><\/div><div class=\"vc_gitem-zone vc_gitem-zone-c\"><div class=\"vc_gitem-zone-mini\"><div class=\"vc_gitem_row vc_row vc_gitem-row-position-top\"><div class=\"vc_col-sm-12 vc_gitem-col vc_gitem-col-align-\"><div class=\"vc_empty_space\"   style=\"height: 10px\"><span class=\"vc_empty_space_inner\"><\/span><\/div><div class=\"vc_custom_heading vc_gitem-post-data vc_gitem-post-data-source-post_title\" ><h4 style=\"text-align: left\" >High-speed train line South Europe Atlantic - Tours-Bordeaux section (France)<\/h4><\/div><div class=\"vc_custom_heading vc_gitem-post-data vc_gitem-post-data-source-post_date\" ><div style=\"font-size: 10px;color: #757575;line-height: 20px;text-align: left\" >1 May 2012<\/div><\/div><div class=\"vc_custom_heading vc_gitem-post-data vc_gitem-post-data-source-post_excerpt\" ><p style=\"text-align: left\" ><p>Client: Cosea\nThe reinforcement of the structures on our sites of the LGV SEA south section are fixed [\u2026]<\/p>\n<\/p><\/div><div class=\"vc_btn3-container vc_btn3-left\"><a class=\"vc_general vc_btn3 vc_btn3-size-md vc_btn3-shape-square vc_btn3-style-flat vc_btn3-color-default\" a href=\"https:\/\/www.samt.fr\/en\/ligne-grande-vitesse-sud-europe-atlantique-tours-bordeaux-france\/\" title=\"Read more\">Read more<\/a><\/div><\/div><\/div><\/div><\/div><\/div><div class=\"vc_clearfix\"><\/div><\/div><div class=\"vc_grid-item vc_clearfix vc_col-sm-3 vc_grid-item-zone-c-bottom\"><div class=\"vc_grid-item-mini vc_clearfix\"><div class=\"vc_gitem-animated-block\" ><div class=\"vc_gitem-zone vc_gitem-zone-a vc_custom_1643288572048 vc-gitem-zone-height-mode-auto vc-gitem-zone-height-mode-auto-1-1 vc_gitem-is-link\" style=\"background-image: url('https:\/\/www.samt.fr\/wp-content\/uploads\/2021\/10\/nentilla-201212-resized-400x256-1.jpeg') !important;\"><a href=\"https:\/\/www.samt.fr\/en\/conduite-forcee-de-lusine-edf-nentilla-france\/\" title=\"Conduite forc\u00e9e de l&rsquo;usine EDF (Nentilla, France)\" class=\"vc_gitem-link vc-zone-link\"><\/a><img decoding=\"async\" src=\"https:\/\/www.samt.fr\/wp-content\/uploads\/2021\/10\/nentilla-201212-resized-400x256-1.jpeg\" class=\"vc_gitem-zone-img\" alt=\"\"><div class=\"vc_gitem-zone-mini\"><\/div><\/div><\/div><div class=\"vc_gitem-zone vc_gitem-zone-c\"><div class=\"vc_gitem-zone-mini\"><div class=\"vc_gitem_row vc_row vc_gitem-row-position-top\"><div class=\"vc_col-sm-12 vc_gitem-col vc_gitem-col-align-\"><div class=\"vc_empty_space\"   style=\"height: 10px\"><span class=\"vc_empty_space_inner\"><\/span><\/div><div class=\"vc_custom_heading vc_gitem-post-data vc_gitem-post-data-source-post_title\" ><h4 style=\"text-align: left\" >Feed-water pipe, EDF hydro-electric power station (Nentilla, France)<\/h4><\/div><div class=\"vc_custom_heading vc_gitem-post-data vc_gitem-post-data-source-post_date\" ><div style=\"font-size: 10px;color: #757575;line-height: 20px;text-align: left\" >19 April 2012<\/div><\/div><div class=\"vc_custom_heading vc_gitem-post-data vc_gitem-post-data-source-post_excerpt\" ><p style=\"text-align: left\" ><p>Client : Spie Batignolles\nWe have undertaken the reinforcement for 5 solid concrete supports for the feed-water pipe [\u2026]<\/p>\n<\/p><\/div><div class=\"vc_btn3-container vc_btn3-left\"><a class=\"vc_general vc_btn3 vc_btn3-size-md vc_btn3-shape-square vc_btn3-style-flat vc_btn3-color-default\" a href=\"https:\/\/www.samt.fr\/en\/conduite-forcee-de-lusine-edf-nentilla-france\/\" title=\"Read more\">Read more<\/a><\/div><\/div><\/div><\/div><\/div><\/div><div class=\"vc_clearfix\"><\/div><\/div><div class=\"vc_grid-item vc_clearfix vc_col-sm-3 vc_grid-item-zone-c-bottom\"><div class=\"vc_grid-item-mini vc_clearfix\"><div class=\"vc_gitem-animated-block\" ><div class=\"vc_gitem-zone vc_gitem-zone-a vc_custom_1643288572048 vc-gitem-zone-height-mode-auto vc-gitem-zone-height-mode-auto-1-1 vc_gitem-is-link\" style=\"background-image: url('https:\/\/www.samt.fr\/wp-content\/uploads\/2021\/10\/Antenne-2-201211-resized-400x256-1.jpeg') !important;\"><a href=\"https:\/\/www.samt.fr\/en\/antenne-2-du-basculement-des-eaux-ile-de-la-reunion\/\" title=\"Water reservoirs lots 2 (Reunion island)\" class=\"vc_gitem-link vc-zone-link\"><\/a><img decoding=\"async\" src=\"https:\/\/www.samt.fr\/wp-content\/uploads\/2021\/10\/Antenne-2-201211-resized-400x256-1.jpeg\" class=\"vc_gitem-zone-img\" alt=\"\"><div class=\"vc_gitem-zone-mini\"><\/div><\/div><\/div><div class=\"vc_gitem-zone vc_gitem-zone-c\"><div class=\"vc_gitem-zone-mini\"><div class=\"vc_gitem_row vc_row vc_gitem-row-position-top\"><div class=\"vc_col-sm-12 vc_gitem-col vc_gitem-col-align-\"><div class=\"vc_empty_space\"   style=\"height: 10px\"><span class=\"vc_empty_space_inner\"><\/span><\/div><div class=\"vc_custom_heading vc_gitem-post-data vc_gitem-post-data-source-post_title\" ><h4 style=\"text-align: left\" >Water reservoirs lots 2 (Reunion island)<\/h4><\/div><div class=\"vc_custom_heading vc_gitem-post-data vc_gitem-post-data-source-post_date\" ><div style=\"font-size: 10px;color: #757575;line-height: 20px;text-align: left\" >2 March 2012<\/div><\/div><div class=\"vc_custom_heading vc_gitem-post-data vc_gitem-post-data-source-post_excerpt\" ><p style=\"text-align: left\" ><p>Client : GTOI\nWe start the project \"Antenne 2\" for the transfer of fresh water in La Reunion [\u2026]<\/p>\n<\/p><\/div><div class=\"vc_btn3-container vc_btn3-left\"><a class=\"vc_general vc_btn3 vc_btn3-size-md vc_btn3-shape-square vc_btn3-style-flat vc_btn3-color-default\" a href=\"https:\/\/www.samt.fr\/en\/antenne-2-du-basculement-des-eaux-ile-de-la-reunion\/\" title=\"Read more\">Read more<\/a><\/div><\/div><\/div><\/div><\/div><\/div><div class=\"vc_clearfix\"><\/div><\/div><div class=\"vc_grid-item vc_clearfix vc_col-sm-3 vc_grid-item-zone-c-bottom\"><div class=\"vc_grid-item-mini vc_clearfix\"><div class=\"vc_gitem-animated-block\" ><div class=\"vc_gitem-zone vc_gitem-zone-a vc_custom_1643288572048 vc-gitem-zone-height-mode-auto vc-gitem-zone-height-mode-auto-1-1 vc_gitem-is-link\" style=\"background-image: url('https:\/\/www.samt.fr\/wp-content\/uploads\/2012\/02\/Barrage-du-Rizzanese-201211-resized-400x256-1.jpeg') !important;\"><a href=\"https:\/\/www.samt.fr\/en\/barrage-du-rizzanese-corse\/\" title=\"The Rizzanese dam (Corsica)\" class=\"vc_gitem-link vc-zone-link\"><\/a><img decoding=\"async\" src=\"https:\/\/www.samt.fr\/wp-content\/uploads\/2012\/02\/Barrage-du-Rizzanese-201211-resized-400x256-1.jpeg\" class=\"vc_gitem-zone-img\" alt=\"\"><div class=\"vc_gitem-zone-mini\"><\/div><\/div><\/div><div class=\"vc_gitem-zone vc_gitem-zone-c\"><div class=\"vc_gitem-zone-mini\"><div class=\"vc_gitem_row vc_row vc_gitem-row-position-top\"><div class=\"vc_col-sm-12 vc_gitem-col vc_gitem-col-align-\"><div class=\"vc_empty_space\"   style=\"height: 10px\"><span class=\"vc_empty_space_inner\"><\/span><\/div><div class=\"vc_custom_heading vc_gitem-post-data vc_gitem-post-data-source-post_title\" ><h4 style=\"text-align: left\" >The Rizzanese dam (Corsica)<\/h4><\/div><div class=\"vc_custom_heading vc_gitem-post-data vc_gitem-post-data-source-post_date\" ><div style=\"font-size: 10px;color: #757575;line-height: 20px;text-align: left\" >20 February 2012<\/div><\/div><div class=\"vc_custom_heading vc_gitem-post-data vc_gitem-post-data-source-post_excerpt\" ><p style=\"text-align: left\" ><p>Client : GTM\/Razel-Bec\nAfter several years of work, the Rizzanese dam in Corsica is being [\u2026]<\/p>\n<\/p><\/div><div class=\"vc_btn3-container vc_btn3-left\"><a class=\"vc_general vc_btn3 vc_btn3-size-md vc_btn3-shape-square vc_btn3-style-flat vc_btn3-color-default\" a href=\"https:\/\/www.samt.fr\/en\/barrage-du-rizzanese-corse\/\" title=\"Read more\">Read more<\/a><\/div><\/div><\/div><\/div><\/div><\/div><div class=\"vc_clearfix\"><\/div><\/div><div class=\"vc_grid-item vc_clearfix vc_col-sm-3 vc_grid-item-zone-c-bottom\"><div class=\"vc_grid-item-mini vc_clearfix\"><div class=\"vc_gitem-animated-block\" ><div class=\"vc_gitem-zone vc_gitem-zone-a vc_custom_1643288572048 vc-gitem-zone-height-mode-auto vc-gitem-zone-height-mode-auto-1-1 vc_gitem-is-link\" style=\"background-image: url('https:\/\/www.samt.fr\/wp-content\/uploads\/2021\/10\/Reacteur-Jules-Horowitz-201211-resized-400x256-1.jpeg') !important;\"><a href=\"https:\/\/www.samt.fr\/en\/reacteur-jules-horowitz-cea-cadarache-france\/\" title=\"R\u00e9acteur Jules Horowitz &#8211; CEA (Cadarache, France)\" class=\"vc_gitem-link vc-zone-link\"><\/a><img decoding=\"async\" src=\"https:\/\/www.samt.fr\/wp-content\/uploads\/2021\/10\/Reacteur-Jules-Horowitz-201211-resized-400x256-1.jpeg\" class=\"vc_gitem-zone-img\" alt=\"\"><div class=\"vc_gitem-zone-mini\"><\/div><\/div><\/div><div class=\"vc_gitem-zone vc_gitem-zone-c\"><div class=\"vc_gitem-zone-mini\"><div class=\"vc_gitem_row vc_row vc_gitem-row-position-top\"><div class=\"vc_col-sm-12 vc_gitem-col vc_gitem-col-align-\"><div class=\"vc_empty_space\"   style=\"height: 10px\"><span class=\"vc_empty_space_inner\"><\/span><\/div><div class=\"vc_custom_heading vc_gitem-post-data vc_gitem-post-data-source-post_title\" ><h4 style=\"text-align: left\" >Jules Horowitz reactor - CEA (Cadarache, France)<\/h4><\/div><div class=\"vc_custom_heading vc_gitem-post-data vc_gitem-post-data-source-post_date\" ><div style=\"font-size: 10px;color: #757575;line-height: 20px;text-align: left\" >1 January 2011<\/div><\/div><div class=\"vc_custom_heading vc_gitem-post-data vc_gitem-post-data-source-post_excerpt\" ><p style=\"text-align: left\" ><p>Client : Razel-Bec\nWe are completing the reinforcement of the last layer of the RER pool which [\u2026]<\/p>\n<\/p><\/div><div class=\"vc_btn3-container vc_btn3-left\"><a class=\"vc_general vc_btn3 vc_btn3-size-md vc_btn3-shape-square vc_btn3-style-flat vc_btn3-color-default\" a href=\"https:\/\/www.samt.fr\/en\/reacteur-jules-horowitz-cea-cadarache-france\/\" title=\"Read more\">Read more<\/a><\/div><\/div><\/div><\/div><\/div><\/div><div class=\"vc_clearfix\"><\/div><\/div><\/div><\/div>\n\t<\/div>\n<\/div><\/div><\/div><\/div><\/div>"},"excerpt":{"rendered":"Actualit\u00e9s Chantier : Delta Junction \u2013 HS2 Birmingham, Royaume-Uni6 March 2026Le dernier des 2 744 voussoirs [...]","protected":false},"author":1,"featured_media":0,"parent":0,"menu_order":0,"comment_status":"closed","ping_status":"closed","template":"","meta":{"footnotes":""},"class_list":["post-519","page","type-page","status-publish","hentry"],"yoast_head":"<!-- This site is optimized with the Yoast SEO plugin v18.0 - https:\/\/yoast.com\/wordpress\/plugins\/seo\/ -->\n<meta name=\"robots\" content=\"index, follow, max-snippet:-1, max-image-preview:large, max-video-preview:-1\" \/>\n<link rel=\"canonical\" href=\"https:\/\/www.samt.fr\/en\/actualites\/\" \/>\n<meta property=\"og:locale\" content=\"en_GB\" \/>\n<meta property=\"og:type\" content=\"article\" \/>\n<meta property=\"og:title\" content=\"Actualit\u00e9s - SAMT\" \/>\n<meta property=\"og:url\" content=\"https:\/\/www.samt.fr\/en\/actualites\/\" \/>\n<meta property=\"og:site_name\" content=\"SAMT\" \/>\n<meta property=\"article:modified_time\" content=\"2022-01-27T17:57:07+00:00\" \/>\n<meta name=\"twitter:card\" content=\"summary_large_image\" \/>\n<!-- \/ Yoast SEO plugin. -->","yoast_head_json":{"robots":{"index":"index","follow":"follow","max-snippet":"max-snippet:-1","max-image-preview":"max-image-preview:large","max-video-preview":"max-video-preview:-1"},"canonical":"https:\/\/www.samt.fr\/en\/actualites\/","og_locale":"en_GB","og_type":"article","og_title":"Actualit\u00e9s - SAMT","og_url":"https:\/\/www.samt.fr\/en\/actualites\/","og_site_name":"SAMT","article_modified_time":"2022-01-27T17:57:07+00:00","twitter_card":"summary_large_image","schema":{"@context":"https:\/\/schema.org","@graph":[{"@type":"WebSite","@id":"https:\/\/www.samt.fr\/#website","url":"https:\/\/www.samt.fr\/","name":"SAMT","description":"Les armaturiers qui r\u00eavent de b\u00e9ton transparent","inLanguage":"en-GB"},{"@type":"WebPage","@id":"https:\/\/www.samt.fr\/actualites\/#webpage","url":"https:\/\/www.samt.fr\/actualites\/","name":"Actualit\u00e9s - SAMT","isPartOf":{"@id":"https:\/\/www.samt.fr\/#website"},"datePublished":"2022-01-27T13:01:48+00:00","dateModified":"2022-01-27T17:57:07+00:00","breadcrumb":{"@id":"https:\/\/www.samt.fr\/actualites\/#breadcrumb"},"inLanguage":"en-GB","potentialAction":[{"@type":"ReadAction","target":["https:\/\/www.samt.fr\/actualites\/"]}]},{"@type":"BreadcrumbList","@id":"https:\/\/www.samt.fr\/actualites\/#breadcrumb","itemListElement":[{"@type":"ListItem","position":1,"name":"Accueil","item":"https:\/\/www.samt.fr\/"},{"@type":"ListItem","position":2,"name":"Actualit\u00e9s"}]}]}},"_links":{"self":[{"href":"https:\/\/www.samt.fr\/en\/wp-json\/wp\/v2\/pages\/519","targetHints":{"allow":["GET"]}}],"collection":[{"href":"https:\/\/www.samt.fr\/en\/wp-json\/wp\/v2\/pages"}],"about":[{"href":"https:\/\/www.samt.fr\/en\/wp-json\/wp\/v2\/types\/page"}],"author":[{"embeddable":true,"href":"https:\/\/www.samt.fr\/en\/wp-json\/wp\/v2\/users\/1"}],"replies":[{"embeddable":true,"href":"https:\/\/www.samt.fr\/en\/wp-json\/wp\/v2\/comments?post=519"}],"version-history":[{"count":5,"href":"https:\/\/www.samt.fr\/en\/wp-json\/wp\/v2\/pages\/519\/revisions"}],"predecessor-version":[{"id":653,"href":"https:\/\/www.samt.fr\/en\/wp-json\/wp\/v2\/pages\/519\/revisions\/653"}],"wp:attachment":[{"href":"https:\/\/www.samt.fr\/en\/wp-json\/wp\/v2\/media?parent=519"}],"curies":[{"name":"wp","href":"https:\/\/api.w.org\/{rel}","templated":true}]}}